{"id":26486,"date":"2022-04-27T13:57:46","date_gmt":"2022-04-27T11:57:46","guid":{"rendered":"https:\/\/www.emmentaler.ch\/rezept\/broetchen-mit-rote-bete-hummus-und-emmentaler-aop"},"modified":"2022-08-16T10:49:14","modified_gmt":"2022-08-16T08:49:14","slug":"broetchen-mit-rote-bete-hummus-und-emmentaler-aop","status":"publish","type":"recipes","link":"https:\/\/www.emmentaler.ch\/de\/rezept\/broetchen-mit-rote-bete-hummus-und-emmentaler-aop","title":{"rendered":"Br\u00f6tchen mit Rote-Bete-Hummus und Emmentaler AOP"},"author":2,"featured_media":26502,"menu_order":0,"template":"","meta":{"inline_featured_image":false},"tags":[],"recipe_categories":[86],"et_countries":[],"recipe_main_ingredient":[123],"recipe_difficulty":[126],"recipe_preparation_time":[151],"recipe_diet_type":[132],"recipe_saison":[140],"acf":{"recipe_preparation_time":151,"recipe_categories":86,"recipe_time_txt":"","recipe_type":5208,"recipe_difficulty":126,"recipe_diet_type":[132],"recipe_main_ingredient":[123],"recipe_saison":[140],"recipe_count_portions":4,"recipe_ingedients":[{"recipe_ingedients_amount":"","recipe_ingedients_unit":"g","recipe_ingedients_product":""}],"temporare_zutaten":"16 d\u00fcnne Scheiben Emmentaler AOP\r\n8 Milchbr\u00f6tchen\r\n50 g Pfl\u00fccksalat oder anderer Salat\r\nJe 2 EL schwarzer, gr\u00fcner und weisser Sesam\r\n50 g Tahin (Sesammus)\r\n400 g vorgegarte Rote Beete\r\n240 g vorgegarte Kichererbsen\r\n1 Zitrone\r\nSalz\r\n1 TL Kuminpulver\r\nNatives Oliven\u00f6l extra","recipe_preparation":"F\u00fcr das Hummus die kleingeschnittene Rote Bete, die Kichererbsen, den Zitronensaft, 2\u00a0EL Tahin, das Kumin und 1\u00a0EL Oliven\u00f6l im Mixer zu einer homogenen, cremigen Masse p\u00fcrieren und bei Bedarf mit Salz abschmecken.\r\n\r\nDie Br\u00f6tchen halbieren, mit Hummus bestreichen und die untere H\u00e4lfte mit Salat und ein paar d\u00fcnnen Scheiben Emmentaler\u00a0AOP belegen; mit den bunten Sesamsamen bestreuen und mit der oberen Br\u00f6tchenh\u00e4lfte abdecken.\r\n\r\nVerbleibendes Hummus k\u00f6nnen Sie mit Sesamsamen garnieren und mit Crackern und K\u00e4sesticks aus Emmentaler\u00a0AOP servieren: ein aussergew\u00f6hnlicher Genuss.","recipe_images":[26502]},"_links":{"self":[{"href":"https:\/\/www.emmentaler.ch\/de\/wp-json\/wp\/v2\/recipes\/26486"}],"collection":[{"href":"https:\/\/www.emmentaler.ch\/de\/wp-json\/wp\/v2\/recipes"}],"about":[{"href":"https:\/\/www.emmentaler.ch\/de\/wp-json\/wp\/v2\/types\/recipes"}],"author":[{"embeddable":true,"href":"https:\/\/www.emmentaler.ch\/de\/wp-json\/wp\/v2\/users\/2"}],"version-history":[{"count":1,"href":"https:\/\/www.emmentaler.ch\/de\/wp-json\/wp\/v2\/recipes\/26486\/revisions"}],"predecessor-version":[{"id":137875,"href":"https:\/\/www.emmentaler.ch\/de\/wp-json\/wp\/v2\/recipes\/26486\/revisions\/137875"}],"acf:attachment":[{"embeddable":true,"href":"https:\/\/www.emmentaler.ch\/de\/wp-json\/wp\/v2\/media\/26502"}],"acf:term":[{"embeddable":true,"taxonomy":"recipe_saison","href":"https:\/\/www.emmentaler.ch\/de\/wp-json\/wp\/v2\/recipe_saison\/140"},{"embeddable":true,"taxonomy":"recipe_main_ingredient","href":"https:\/\/www.emmentaler.ch\/de\/wp-json\/wp\/v2\/recipe_main_ingredient\/123"},{"embeddable":true,"taxonomy":"recipe_diet_type","href":"https:\/\/www.emmentaler.ch\/de\/wp-json\/wp\/v2\/recipe_diet_type\/132"},{"embeddable":true,"taxonomy":"recipe_difficulty","href":"https:\/\/www.emmentaler.ch\/de\/wp-json\/wp\/v2\/recipe_difficulty\/126"},{"embeddable":true,"taxonomy":"recipe_categories","href":"https:\/\/www.emmentaler.ch\/de\/wp-json\/wp\/v2\/recipe_categories\/86"},{"embeddable":true,"taxonomy":"recipe_preparation_time","href":"https:\/\/www.emmentaler.ch\/de\/wp-json\/wp\/v2\/recipe_preparation_time\/151"}],"acf:post":[{"embeddable":true,"href":"https:\/\/www.emmentaler.ch\/de\/wp-json\/wp\/v2\/pages\/5208"}],"wp:featuredmedia":[{"embeddable":true,"href":"https:\/\/www.emmentaler.ch\/de\/wp-json\/wp\/v2\/media\/26502"}],"wp:attachment":[{"href":"https:\/\/www.emmentaler.ch\/de\/wp-json\/wp\/v2\/media?parent=26486"}],"wp:term":[{"taxonomy":"post_tag","embeddable":true,"href":"https:\/\/www.emmentaler.ch\/de\/wp-json\/wp\/v2\/tags?post=26486"},{"taxonomy":"recipe_categories","embeddable":true,"href":"https:\/\/www.emmentaler.ch\/de\/wp-json\/wp\/v2\/recipe_categories?post=26486"},{"taxonomy":"et_countries","embeddable":true,"href":"https:\/\/www.emmentaler.ch\/de\/wp-json\/wp\/v2\/et_countries?post=26486"},{"taxonomy":"recipe_main_ingredient","embeddable":true,"href":"https:\/\/www.emmentaler.ch\/de\/wp-json\/wp\/v2\/recipe_main_ingredient?post=26486"},{"taxonomy":"recipe_difficulty","embeddable":true,"href":"https:\/\/www.emmentaler.ch\/de\/wp-json\/wp\/v2\/recipe_difficulty?post=26486"},{"taxonomy":"recipe_preparation_time","embeddable":true,"href":"https:\/\/www.emmentaler.ch\/de\/wp-json\/wp\/v2\/recipe_preparation_time?post=26486"},{"taxonomy":"recipe_diet_type","embeddable":true,"href":"https:\/\/www.emmentaler.ch\/de\/wp-json\/wp\/v2\/recipe_diet_type?post=26486"},{"taxonomy":"recipe_saison","embeddable":true,"href":"https:\/\/www.emmentaler.ch\/de\/wp-json\/wp\/v2\/recipe_saison?post=26486"}],"curies":[{"name":"wp","href":"https:\/\/api.w.org\/{rel}","templated":true}]}}