{"id":26765,"date":"2022-04-27T14:00:02","date_gmt":"2022-04-27T12:00:02","guid":{"rendered":"https:\/\/www.emmentaler.ch\/rezept\/broetchen-mit-kraeuter-frittata-und-emmentaler-aop"},"modified":"2024-07-24T13:28:11","modified_gmt":"2024-07-24T11:28:11","slug":"broetchen-mit-kraeuter-frittata","status":"publish","type":"recipes","link":"https:\/\/www.emmentaler.ch\/de\/rezept\/broetchen-mit-kraeuter-frittata","title":{"rendered":"Br\u00f6tchen mit Kr\u00e4uter-Frittata"},"author":2,"featured_media":26781,"menu_order":0,"template":"","meta":{"inline_featured_image":false},"tags":[],"recipe_categories":[149],"et_countries":[],"recipe_main_ingredient":[123],"recipe_difficulty":[125],"recipe_preparation_time":[156],"recipe_diet_type":[132],"recipe_saison":[143],"acf":{"recipe_preparation_time":156,"recipe_categories":149,"recipe_time_txt":"","recipe_type":5195,"recipe_difficulty":125,"recipe_diet_type":[132],"recipe_main_ingredient":[123],"recipe_saison":[143],"recipe_count_portions":4,"recipe_ingedients":[{"recipe_ingedients_amount":"","recipe_ingedients_unit":"g","recipe_ingedients_product":""}],"temporare_zutaten":"250 g Emmentaler AOP, in Scheiben\r\n4 Eier\r\nGemischte Kr\u00e4uter: Petersilie, Thymian, Majoran\r\n15 g Zwiebel\r\n4 Fleischtomaten\r\n4 grosse Bl\u00e4tter Kopf- oder Bataviasalat\r\n70 g Mayonnaise\r\n1 Essl\u00f6ffel Ketchup\r\n1 kleine Gurke\r\n2 Essl\u00f6ffel Extravergine-Oliven\u00f6l\r\nSalz","recipe_preparation":"Die Eier in einer Sch\u00fcssel aufschlagen, eine Prise Salz und etwas Pfeffer beigeben und mit einer Gabel leicht schlagen.\r\nDie Kr\u00e4uter hacken und zu den Eiern geben.\r\nIn einer Pfanne mit Antihaftbeschichtung das Oliven\u00f6l erhitzen, die fein gehackte Zwiebel and\u00e4mpfen, danach die Eimasse beigeben und auf niedrigem Feuer zugedeckt braten, bis sie gestockt ist. Einmal wenden.\r\nDie Frittata in vier St\u00fccke schneiden.\r\nDie Br\u00f6tchen halbieren und sofort mit der Frittata belegen. Br\u00f6tchen schliessen und kurz ruhen lassen. So nimmt das Brot den Geschmack der warmen Frittata auf.\r\nUnterdessen die H\u00e4lfte der Mayonnaise mit der in ganz kleine W\u00fcrfel geschnittenen Gurke mischen und die andere H\u00e4lfte mit einem Essl\u00f6ffel Ketchup verr\u00fchren.\r\nDie Br\u00f6tchen wieder \u00f6ffnen, den unteren Teil mit einem Essl\u00f6ffel roter Sauce bestreichen und mit den restlichen Zutaten belegen: ein Salatblatt, die Frittata, die Tomate und die Scheiben Emmentaler AOP. Den oberen Teil des Br\u00f6tchens mit der Gurken-Mayonnaise bestreichen und das Br\u00f6tchen schliessen.","recipe_images":[26781]},"_links":{"self":[{"href":"https:\/\/www.emmentaler.ch\/de\/wp-json\/wp\/v2\/recipes\/26765"}],"collection":[{"href":"https:\/\/www.emmentaler.ch\/de\/wp-json\/wp\/v2\/recipes"}],"about":[{"href":"https:\/\/www.emmentaler.ch\/de\/wp-json\/wp\/v2\/types\/recipes"}],"author":[{"embeddable":true,"href":"https:\/\/www.emmentaler.ch\/de\/wp-json\/wp\/v2\/users\/2"}],"version-history":[{"count":1,"href":"https:\/\/www.emmentaler.ch\/de\/wp-json\/wp\/v2\/recipes\/26765\/revisions"}],"predecessor-version":[{"id":137785,"href":"https:\/\/www.emmentaler.ch\/de\/wp-json\/wp\/v2\/recipes\/26765\/revisions\/137785"}],"acf:attachment":[{"embeddable":true,"href":"https:\/\/www.emmentaler.ch\/de\/wp-json\/wp\/v2\/media\/26781"}],"acf:term":[{"embeddable":true,"taxonomy":"recipe_saison","href":"https:\/\/www.emmentaler.ch\/de\/wp-json\/wp\/v2\/recipe_saison\/143"},{"embeddable":true,"taxonomy":"recipe_main_ingredient","href":"https:\/\/www.emmentaler.ch\/de\/wp-json\/wp\/v2\/recipe_main_ingredient\/123"},{"embeddable":true,"taxonomy":"recipe_diet_type","href":"https:\/\/www.emmentaler.ch\/de\/wp-json\/wp\/v2\/recipe_diet_type\/132"},{"embeddable":true,"taxonomy":"recipe_difficulty","href":"https:\/\/www.emmentaler.ch\/de\/wp-json\/wp\/v2\/recipe_difficulty\/125"},{"embeddable":true,"taxonomy":"recipe_categories","href":"https:\/\/www.emmentaler.ch\/de\/wp-json\/wp\/v2\/recipe_categories\/149"},{"embeddable":true,"taxonomy":"recipe_preparation_time","href":"https:\/\/www.emmentaler.ch\/de\/wp-json\/wp\/v2\/recipe_preparation_time\/156"}],"acf:post":[{"embeddable":true,"href":"https:\/\/www.emmentaler.ch\/de\/wp-json\/wp\/v2\/pages\/5195"}],"wp:featuredmedia":[{"embeddable":true,"href":"https:\/\/www.emmentaler.ch\/de\/wp-json\/wp\/v2\/media\/26781"}],"wp:attachment":[{"href":"https:\/\/www.emmentaler.ch\/de\/wp-json\/wp\/v2\/media?parent=26765"}],"wp:term":[{"taxonomy":"post_tag","embeddable":true,"href":"https:\/\/www.emmentaler.ch\/de\/wp-json\/wp\/v2\/tags?post=26765"},{"taxonomy":"recipe_categories","embeddable":true,"href":"https:\/\/www.emmentaler.ch\/de\/wp-json\/wp\/v2\/recipe_categories?post=26765"},{"taxonomy":"et_countries","embeddable":true,"href":"https:\/\/www.emmentaler.ch\/de\/wp-json\/wp\/v2\/et_countries?post=26765"},{"taxonomy":"recipe_main_ingredient","embeddable":true,"href":"https:\/\/www.emmentaler.ch\/de\/wp-json\/wp\/v2\/recipe_main_ingredient?post=26765"},{"taxonomy":"recipe_difficulty","embeddable":true,"href":"https:\/\/www.emmentaler.ch\/de\/wp-json\/wp\/v2\/recipe_difficulty?post=26765"},{"taxonomy":"recipe_preparation_time","embeddable":true,"href":"https:\/\/www.emmentaler.ch\/de\/wp-json\/wp\/v2\/recipe_preparation_time?post=26765"},{"taxonomy":"recipe_diet_type","embeddable":true,"href":"https:\/\/www.emmentaler.ch\/de\/wp-json\/wp\/v2\/recipe_diet_type?post=26765"},{"taxonomy":"recipe_saison","embeddable":true,"href":"https:\/\/www.emmentaler.ch\/de\/wp-json\/wp\/v2\/recipe_saison?post=26765"}],"curies":[{"name":"wp","href":"https:\/\/api.w.org\/{rel}","templated":true}]}}