{"id":26858,"date":"2022-04-27T14:00:02","date_gmt":"2022-04-27T12:00:02","guid":{"rendered":"https:\/\/www.emmentaler.ch\/rezept\/roter-radicchio-salat-mit-feigen-emmentaler-urtyp-und-baumnuessen"},"modified":"2024-07-24T13:13:11","modified_gmt":"2024-07-24T11:13:11","slug":"roter-radicchio-salat-mit-feigen-emmentaler-urtyp-und-baumnuessen","status":"publish","type":"recipes","link":"https:\/\/www.emmentaler.ch\/de\/rezept\/roter-radicchio-salat-mit-feigen-emmentaler-urtyp-und-baumnuessen","title":{"rendered":"Roter Radicchio-Salat mit Feigen, Emmentaler AOP und Baumn\u00fcssen"},"author":2,"featured_media":26874,"menu_order":0,"template":"","meta":{"inline_featured_image":false},"tags":[788],"recipe_categories":[429],"et_countries":[],"recipe_main_ingredient":[123],"recipe_difficulty":[125],"recipe_preparation_time":[151],"recipe_diet_type":[134,132],"recipe_saison":[],"acf":{"recipe_preparation_time":151,"recipe_categories":429,"recipe_time_txt":"","recipe_type":216,"recipe_difficulty":125,"recipe_diet_type":[134,132],"recipe_main_ingredient":[123],"recipe_saison":false,"recipe_count_portions":4,"recipe_ingedients":[{"recipe_ingedients_amount":"0.25","recipe_ingedients_unit":"St\u00fcck","recipe_ingedients_product":"Radicchio-Kopf, in mundgerechte St\u00fccke geschnitten"},{"recipe_ingedients_amount":"1.5","recipe_ingedients_unit":"St\u00fcck","recipe_ingedients_product":"frische Feigen, halbiert"},{"recipe_ingedients_amount":"15","recipe_ingedients_unit":"g","recipe_ingedients_product":"Baumn\u00fcsse"},{"recipe_ingedients_amount":"20","recipe_ingedients_unit":"g","recipe_ingedients_product":"Emmentaler AOP URTYP\u00ae"},{"recipe_ingedients_amount":"0.75","recipe_ingedients_unit":"El","recipe_ingedients_product":"brauner Zucker"},{"recipe_ingedients_amount":"1","recipe_ingedients_unit":"El","recipe_ingedients_product":"Oliven\u00f6l"},{"recipe_ingedients_amount":"0.75","recipe_ingedients_unit":"El","recipe_ingedients_product":"weisser Balsamico oder heller Essig"},{"recipe_ingedients_amount":".25","recipe_ingedients_unit":"Tl","recipe_ingedients_product":"Honig"},{"recipe_ingedients_amount":"0.25","recipe_ingedients_unit":"Tl","recipe_ingedients_product":"grobk\u00f6rniger Senf"},{"recipe_ingedients_amount":"","recipe_ingedients_unit":"Bedarf","recipe_ingedients_product":"Nach Bedarf: Salz & Pfeffer zum Abschmecken"}],"temporare_zutaten":"1 Radicchio-Kopf\r\nin mundgerechte St\u00fccke geschnitten\r\n6 frische Feigen\r\nhalbiert\r\n60g Baumn\u00fcsse\r\n80g Emmentaler URTYP\u00ae\r\n3 EL brauner Zucker\r\n4 EL Oliven\u00f6l\r\n3 EL weisser Balsamico oder heller Essig\r\n1 TL Honig\r\n1 TL grobk\u00f6rniger Senf\r\nSalz &amp; Pfeffer zum abschmecken","recipe_preparation":"Baumn\u00fcsse in einer Pfanne ohne \u00d6l anr\u00f6sten und beiseitestellen.\r\n\r\n\u00d6l, Essig, Honig und Senf zu einer Salatsauce mischen und mit Salz und Pfeffer abschmecken. \r\n\r\nDie Feigen mit der Schnittfl\u00e4che in den Zucker dr\u00fccken und anschliessend diese genauso in eine beschichtete Pfanne legen. Bei mittlerer Hitze ein paar Minuten karamellisieren lassen. Die Feigen leicht ausk\u00fchlen lassen und danach nochmals halbieren.\r\n\r\nSalat, Feigen und Baumn\u00fcsse auf dem Teller anrichten und den Emmentaler mit einem Sparsch\u00e4ler fein dar\u00fcber raspeln. Die Salatsauce dar\u00fcber verteilen.","recipe_images":[26869,26874]},"_links":{"self":[{"href":"https:\/\/www.emmentaler.ch\/de\/wp-json\/wp\/v2\/recipes\/26858"}],"collection":[{"href":"https:\/\/www.emmentaler.ch\/de\/wp-json\/wp\/v2\/recipes"}],"about":[{"href":"https:\/\/www.emmentaler.ch\/de\/wp-json\/wp\/v2\/types\/recipes"}],"author":[{"embeddable":true,"href":"https:\/\/www.emmentaler.ch\/de\/wp-json\/wp\/v2\/users\/2"}],"version-history":[{"count":1,"href":"https:\/\/www.emmentaler.ch\/de\/wp-json\/wp\/v2\/recipes\/26858\/revisions"}],"predecessor-version":[{"id":137787,"href":"https:\/\/www.emmentaler.ch\/de\/wp-json\/wp\/v2\/recipes\/26858\/revisions\/137787"}],"acf:attachment":[{"embeddable":true,"href":"https:\/\/www.emmentaler.ch\/de\/wp-json\/wp\/v2\/media\/26874"},{"embeddable":true,"href":"https:\/\/www.emmentaler.ch\/de\/wp-json\/wp\/v2\/media\/26869"}],"acf:term":[{"embeddable":true,"taxonomy":"recipe_main_ingredient","href":"https:\/\/www.emmentaler.ch\/de\/wp-json\/wp\/v2\/recipe_main_ingredient\/123"},{"embeddable":true,"taxonomy":"recipe_diet_type","href":"https:\/\/www.emmentaler.ch\/de\/wp-json\/wp\/v2\/recipe_diet_type\/132"},{"embeddable":true,"taxonomy":"recipe_diet_type","href":"https:\/\/www.emmentaler.ch\/de\/wp-json\/wp\/v2\/recipe_diet_type\/134"},{"embeddable":true,"taxonomy":"recipe_difficulty","href":"https:\/\/www.emmentaler.ch\/de\/wp-json\/wp\/v2\/recipe_difficulty\/125"},{"embeddable":true,"taxonomy":"recipe_categories","href":"https:\/\/www.emmentaler.ch\/de\/wp-json\/wp\/v2\/recipe_categories\/429"},{"embeddable":true,"taxonomy":"recipe_preparation_time","href":"https:\/\/www.emmentaler.ch\/de\/wp-json\/wp\/v2\/recipe_preparation_time\/151"}],"acf:post":[{"embeddable":true,"href":"https:\/\/www.emmentaler.ch\/de\/wp-json\/wp\/v2\/pages\/216"}],"wp:featuredmedia":[{"embeddable":true,"href":"https:\/\/www.emmentaler.ch\/de\/wp-json\/wp\/v2\/media\/26874"}],"wp:attachment":[{"href":"https:\/\/www.emmentaler.ch\/de\/wp-json\/wp\/v2\/media?parent=26858"}],"wp:term":[{"taxonomy":"post_tag","embeddable":true,"href":"https:\/\/www.emmentaler.ch\/de\/wp-json\/wp\/v2\/tags?post=26858"},{"taxonomy":"recipe_categories","embeddable":true,"href":"https:\/\/www.emmentaler.ch\/de\/wp-json\/wp\/v2\/recipe_categories?post=26858"},{"taxonomy":"et_countries","embeddable":true,"href":"https:\/\/www.emmentaler.ch\/de\/wp-json\/wp\/v2\/et_countries?post=26858"},{"taxonomy":"recipe_main_ingredient","embeddable":true,"href":"https:\/\/www.emmentaler.ch\/de\/wp-json\/wp\/v2\/recipe_main_ingredient?post=26858"},{"taxonomy":"recipe_difficulty","embeddable":true,"href":"https:\/\/www.emmentaler.ch\/de\/wp-json\/wp\/v2\/recipe_difficulty?post=26858"},{"taxonomy":"recipe_preparation_time","embeddable":true,"href":"https:\/\/www.emmentaler.ch\/de\/wp-json\/wp\/v2\/recipe_preparation_time?post=26858"},{"taxonomy":"recipe_diet_type","embeddable":true,"href":"https:\/\/www.emmentaler.ch\/de\/wp-json\/wp\/v2\/recipe_diet_type?post=26858"},{"taxonomy":"recipe_saison","embeddable":true,"href":"https:\/\/www.emmentaler.ch\/de\/wp-json\/wp\/v2\/recipe_saison?post=26858"}],"curies":[{"name":"wp","href":"https:\/\/api.w.org\/{rel}","templated":true}]}}