{"id":26982,"date":"2022-04-27T14:00:02","date_gmt":"2022-04-27T12:00:02","guid":{"rendered":"https:\/\/www.emmentaler.ch\/rezept\/zwiebelconfit"},"modified":"2022-06-23T14:47:56","modified_gmt":"2022-06-23T12:47:56","slug":"zwiebelconfit","status":"publish","type":"recipes","link":"https:\/\/www.emmentaler.ch\/de\/rezept\/zwiebelconfit","title":{"rendered":"Zwiebelconfit"},"author":2,"featured_media":26998,"menu_order":0,"template":"","meta":{"inline_featured_image":false},"tags":[],"recipe_categories":[152],"et_countries":[],"recipe_main_ingredient":[123],"recipe_difficulty":[126],"recipe_preparation_time":[153],"recipe_diet_type":[132],"recipe_saison":[143],"acf":{"recipe_preparation_time":153,"recipe_categories":152,"recipe_time_txt":"","recipe_type":5226,"recipe_difficulty":126,"recipe_diet_type":[132],"recipe_main_ingredient":[123],"recipe_saison":[143],"recipe_count_portions":4,"recipe_ingedients":[{"recipe_ingedients_amount":"","recipe_ingedients_unit":"g","recipe_ingedients_product":""}],"temporare_zutaten":"500g rote Zwiebeln\r\nin feine Streifen geschnitten\r\n1-2 Knoblauchzehen\r\nin feine Streifen geschnitten\r\n120g getrocknete Feigen\r\nin Streifen geschnitten\r\n1 EL frischer Thymian\r\ngezupft\r\n4 EL Oliven\u00f6l\r\n4 dl Portwein\r\n1 dl Balsamico\r\nSalz zum Abschmecken","recipe_preparation":"Zwiebeln und Knoblauch in einem Topf mit dem Oliven\u00f6l anschwitzen bis sie zusammenfallen.\r\n\r\nFeigen und Thymian unterheben und mit dem Portwein abl\u00f6schen. \r\n\r\nDas Zwiebelconfit auf mittlerer Hitze auf die H\u00e4lfte reduzieren lassen. Dann den Balsamico dazugeben und ca. weitere 20 Minuten k\u00f6cheln lassen. Mit Salz abschmecken und ausk\u00fchlen lassen.","recipe_images":[26993,26998]},"_links":{"self":[{"href":"https:\/\/www.emmentaler.ch\/de\/wp-json\/wp\/v2\/recipes\/26982"}],"collection":[{"href":"https:\/\/www.emmentaler.ch\/de\/wp-json\/wp\/v2\/recipes"}],"about":[{"href":"https:\/\/www.emmentaler.ch\/de\/wp-json\/wp\/v2\/types\/recipes"}],"author":[{"embeddable":true,"href":"https:\/\/www.emmentaler.ch\/de\/wp-json\/wp\/v2\/users\/2"}],"version-history":[{"count":1,"href":"https:\/\/www.emmentaler.ch\/de\/wp-json\/wp\/v2\/recipes\/26982\/revisions"}],"predecessor-version":[{"id":134372,"href":"https:\/\/www.emmentaler.ch\/de\/wp-json\/wp\/v2\/recipes\/26982\/revisions\/134372"}],"acf:attachment":[{"embeddable":true,"href":"https:\/\/www.emmentaler.ch\/de\/wp-json\/wp\/v2\/media\/26998"},{"embeddable":true,"href":"https:\/\/www.emmentaler.ch\/de\/wp-json\/wp\/v2\/media\/26993"}],"acf:term":[{"embeddable":true,"taxonomy":"recipe_saison","href":"https:\/\/www.emmentaler.ch\/de\/wp-json\/wp\/v2\/recipe_saison\/143"},{"embeddable":true,"taxonomy":"recipe_main_ingredient","href":"https:\/\/www.emmentaler.ch\/de\/wp-json\/wp\/v2\/recipe_main_ingredient\/123"},{"embeddable":true,"taxonomy":"recipe_diet_type","href":"https:\/\/www.emmentaler.ch\/de\/wp-json\/wp\/v2\/recipe_diet_type\/132"},{"embeddable":true,"taxonomy":"recipe_difficulty","href":"https:\/\/www.emmentaler.ch\/de\/wp-json\/wp\/v2\/recipe_difficulty\/126"},{"embeddable":true,"taxonomy":"recipe_categories","href":"https:\/\/www.emmentaler.ch\/de\/wp-json\/wp\/v2\/recipe_categories\/152"},{"embeddable":true,"taxonomy":"recipe_preparation_time","href":"https:\/\/www.emmentaler.ch\/de\/wp-json\/wp\/v2\/recipe_preparation_time\/153"}],"acf:post":[{"embeddable":true,"href":"https:\/\/www.emmentaler.ch\/de\/wp-json\/wp\/v2\/pages\/5226"}],"wp:featuredmedia":[{"embeddable":true,"href":"https:\/\/www.emmentaler.ch\/de\/wp-json\/wp\/v2\/media\/26998"}],"wp:attachment":[{"href":"https:\/\/www.emmentaler.ch\/de\/wp-json\/wp\/v2\/media?parent=26982"}],"wp:term":[{"taxonomy":"post_tag","embeddable":true,"href":"https:\/\/www.emmentaler.ch\/de\/wp-json\/wp\/v2\/tags?post=26982"},{"taxonomy":"recipe_categories","embeddable":true,"href":"https:\/\/www.emmentaler.ch\/de\/wp-json\/wp\/v2\/recipe_categories?post=26982"},{"taxonomy":"et_countries","embeddable":true,"href":"https:\/\/www.emmentaler.ch\/de\/wp-json\/wp\/v2\/et_countries?post=26982"},{"taxonomy":"recipe_main_ingredient","embeddable":true,"href":"https:\/\/www.emmentaler.ch\/de\/wp-json\/wp\/v2\/recipe_main_ingredient?post=26982"},{"taxonomy":"recipe_difficulty","embeddable":true,"href":"https:\/\/www.emmentaler.ch\/de\/wp-json\/wp\/v2\/recipe_difficulty?post=26982"},{"taxonomy":"recipe_preparation_time","embeddable":true,"href":"https:\/\/www.emmentaler.ch\/de\/wp-json\/wp\/v2\/recipe_preparation_time?post=26982"},{"taxonomy":"recipe_diet_type","embeddable":true,"href":"https:\/\/www.emmentaler.ch\/de\/wp-json\/wp\/v2\/recipe_diet_type?post=26982"},{"taxonomy":"recipe_saison","embeddable":true,"href":"https:\/\/www.emmentaler.ch\/de\/wp-json\/wp\/v2\/recipe_saison?post=26982"}],"curies":[{"name":"wp","href":"https:\/\/api.w.org\/{rel}","templated":true}]}}