{"id":27090,"date":"2022-04-27T14:00:56","date_gmt":"2022-04-27T12:00:56","guid":{"rendered":"https:\/\/www.emmentaler.ch\/rezept\/bergkartoffeln-mit-emmentaler-aop-hoehlengereift-creme-schwarzen-nuessen-und-lattichsalat"},"modified":"2023-06-12T17:07:20","modified_gmt":"2023-06-12T15:07:20","slug":"bergkartoffeln-mit-emmentaler-creme-schwarzen-nuessen-und-lattichsalat","status":"publish","type":"recipes","link":"https:\/\/www.emmentaler.ch\/de\/rezept\/bergkartoffeln-mit-emmentaler-creme-schwarzen-nuessen-und-lattichsalat","title":{"rendered":"Bergkartoffeln mit Emmentaler-Cr\u00e8me, schwarzen N\u00fcssen und Lattichsalat"},"author":2,"featured_media":27106,"menu_order":0,"template":"","meta":{"inline_featured_image":false},"tags":[766],"recipe_categories":[429],"et_countries":[],"recipe_main_ingredient":[123],"recipe_difficulty":[126],"recipe_preparation_time":[156],"recipe_diet_type":[132],"recipe_saison":[143],"acf":{"recipe_preparation_time":156,"recipe_categories":429,"recipe_time_txt":"","recipe_type":5357,"recipe_difficulty":126,"recipe_diet_type":[132],"recipe_main_ingredient":[123],"recipe_saison":[143],"recipe_count_portions":4,"recipe_ingedients":[{"recipe_ingedients_amount":"1","recipe_ingedients_unit":"St\u00fcck","recipe_ingedients_product":"Bergkartoffeln"},{"recipe_ingedients_amount":"50","recipe_ingedients_unit":"ml","recipe_ingedients_product":"Milch"},{"recipe_ingedients_amount":"250","recipe_ingedients_unit":"g","recipe_ingedients_product":"Emmentaler AOP H\u00f6hlengereift, geraffelt"},{"recipe_ingedients_amount":"5","recipe_ingedients_unit":"g","recipe_ingedients_product":"Butter"},{"recipe_ingedients_amount":"0.25","recipe_ingedients_unit":"El","recipe_ingedients_product":"Mehl"},{"recipe_ingedients_amount":"25","recipe_ingedients_unit":"ml","recipe_ingedients_product":"Weisswein"},{"recipe_ingedients_amount":"0.125","recipe_ingedients_unit":"St\u00fcck","recipe_ingedients_product":"Zehe Knoblauch, fein gehackt"},{"recipe_ingedients_amount":"1","recipe_ingedients_unit":"El","recipe_ingedients_product":"Salz"},{"recipe_ingedients_amount":"2.5","recipe_ingedients_unit":"ml","recipe_ingedients_product":"Kirsch"},{"recipe_ingedients_amount":"","recipe_ingedients_unit":"Bedarf","recipe_ingedients_product":"Pfeffer"},{"recipe_ingedients_amount":"","recipe_ingedients_unit":"Bedarf","recipe_ingedients_product":"einige schwarze N\u00fcsse"},{"recipe_ingedients_amount":"","recipe_ingedients_unit":"Bedarf","recipe_ingedients_product":"Lattich (Salat), fein geschnitten"},{"recipe_ingedients_amount":"","recipe_ingedients_unit":"Bedarf","recipe_ingedients_product":"Vinaigrette"},{"recipe_ingedients_amount":"","recipe_ingedients_unit":"Bedarf","recipe_ingedients_product":"Feigen und Trauben, geviertelt"}],"temporare_zutaten":"4 Bergkartoffeln\r\n2 dl Milch\r\n250 g Emmentaler AOP H\u00f6hlengereift, geraffelt\r\n20 g Butter\r\n1 EL Mehl\r\n1 dl Weisswein\r\n1\/2 Zehe Knoblauch, fein gehackt\r\n1 KL Salz\r\nPfeffer\r\n1 cl Kirsch\r\nEinige Schwarze N\u00fcsse\r\nLattich (Salat), fein geschnitten\r\nVinaigrette\r\nFeigen und Trauben, geviertelt","recipe_preparation":"Kartoffeln halbieren, mit Pariser L\u00f6ffel aush\u00f6hlen, in stark gesalzenem Wasser weichkochen, ausdampfen lassen.\r\n\r\nMilch aufkochen und 200 g Emmentaler AOP H\u00f6hlengereift einr\u00fchren, auskalten lassen. Masse durch ein Sieb giessen, den K\u00e4seteig gut ausdr\u00fccken.\r\n\r\nButter sch\u00e4umend aufkochen, Mehl dazugeben und abr\u00fchren. Mit Weisswein abl\u00f6schen, die Emmentalermilch, Knoblauch und Salz dazugeben. Die K\u00e4se-Cr\u00e8me 5 Minuten k\u00f6cheln, mit Pfeffer und Kirsch abschmecken. Heisse Masse in Kartoffeln f\u00fcllen.\r\n\r\n&nbsp;\r\n\r\nAnrichten: Lattichsalat mit einer Vinaigrette (nach eigenem Geschmack) anr\u00fchren, auf Teller geben, gef\u00fcllte Kartoffeln daraufsetzen, mit schwarzen N\u00fcssen, Feigen, Trauben und dem restlichen geraffelten Emmentaler AOP H\u00f6hlengereift garnieren.","recipe_images":[27106]},"_links":{"self":[{"href":"https:\/\/www.emmentaler.ch\/de\/wp-json\/wp\/v2\/recipes\/27090"}],"collection":[{"href":"https:\/\/www.emmentaler.ch\/de\/wp-json\/wp\/v2\/recipes"}],"about":[{"href":"https:\/\/www.emmentaler.ch\/de\/wp-json\/wp\/v2\/types\/recipes"}],"author":[{"embeddable":true,"href":"https:\/\/www.emmentaler.ch\/de\/wp-json\/wp\/v2\/users\/2"}],"version-history":[{"count":0,"href":"https:\/\/www.emmentaler.ch\/de\/wp-json\/wp\/v2\/recipes\/27090\/revisions"}],"acf:attachment":[{"embeddable":true,"href":"https:\/\/www.emmentaler.ch\/de\/wp-json\/wp\/v2\/media\/27106"}],"acf:term":[{"embeddable":true,"taxonomy":"recipe_saison","href":"https:\/\/www.emmentaler.ch\/de\/wp-json\/wp\/v2\/recipe_saison\/143"},{"embeddable":true,"taxonomy":"recipe_main_ingredient","href":"https:\/\/www.emmentaler.ch\/de\/wp-json\/wp\/v2\/recipe_main_ingredient\/123"},{"embeddable":true,"taxonomy":"recipe_diet_type","href":"https:\/\/www.emmentaler.ch\/de\/wp-json\/wp\/v2\/recipe_diet_type\/132"},{"embeddable":true,"taxonomy":"recipe_difficulty","href":"https:\/\/www.emmentaler.ch\/de\/wp-json\/wp\/v2\/recipe_difficulty\/126"},{"embeddable":true,"taxonomy":"recipe_categories","href":"https:\/\/www.emmentaler.ch\/de\/wp-json\/wp\/v2\/recipe_categories\/429"},{"embeddable":true,"taxonomy":"recipe_preparation_time","href":"https:\/\/www.emmentaler.ch\/de\/wp-json\/wp\/v2\/recipe_preparation_time\/156"}],"acf:post":[{"embeddable":true,"href":"https:\/\/www.emmentaler.ch\/de\/wp-json\/wp\/v2\/pages\/5357"}],"wp:featuredmedia":[{"embeddable":true,"href":"https:\/\/www.emmentaler.ch\/de\/wp-json\/wp\/v2\/media\/27106"}],"wp:attachment":[{"href":"https:\/\/www.emmentaler.ch\/de\/wp-json\/wp\/v2\/media?parent=27090"}],"wp:term":[{"taxonomy":"post_tag","embeddable":true,"href":"https:\/\/www.emmentaler.ch\/de\/wp-json\/wp\/v2\/tags?post=27090"},{"taxonomy":"recipe_categories","embeddable":true,"href":"https:\/\/www.emmentaler.ch\/de\/wp-json\/wp\/v2\/recipe_categories?post=27090"},{"taxonomy":"et_countries","embeddable":true,"href":"https:\/\/www.emmentaler.ch\/de\/wp-json\/wp\/v2\/et_countries?post=27090"},{"taxonomy":"recipe_main_ingredient","embeddable":true,"href":"https:\/\/www.emmentaler.ch\/de\/wp-json\/wp\/v2\/recipe_main_ingredient?post=27090"},{"taxonomy":"recipe_difficulty","embeddable":true,"href":"https:\/\/www.emmentaler.ch\/de\/wp-json\/wp\/v2\/recipe_difficulty?post=27090"},{"taxonomy":"recipe_preparation_time","embeddable":true,"href":"https:\/\/www.emmentaler.ch\/de\/wp-json\/wp\/v2\/recipe_preparation_time?post=27090"},{"taxonomy":"recipe_diet_type","embeddable":true,"href":"https:\/\/www.emmentaler.ch\/de\/wp-json\/wp\/v2\/recipe_diet_type?post=27090"},{"taxonomy":"recipe_saison","embeddable":true,"href":"https:\/\/www.emmentaler.ch\/de\/wp-json\/wp\/v2\/recipe_saison?post=27090"}],"curies":[{"name":"wp","href":"https:\/\/api.w.org\/{rel}","templated":true}]}}