{"id":27152,"date":"2022-04-27T14:00:56","date_gmt":"2022-04-27T12:00:56","guid":{"rendered":"https:\/\/www.emmentaler.ch\/rezept\/emmentaler-aop-urtyp-buttermilchschaum-auf-gebratenen-zopffozelschnitten-mit-suesssauern-kuerbiskugeln"},"modified":"2023-06-12T17:06:00","modified_gmt":"2023-06-12T15:06:00","slug":"emmentaler-buttermilchschaum-auf-zopffotzelschnitten-mit-suesssauern-kuerbiskugeln","status":"publish","type":"recipes","link":"https:\/\/www.emmentaler.ch\/de\/rezept\/emmentaler-buttermilchschaum-auf-zopffotzelschnitten-mit-suesssauern-kuerbiskugeln","title":{"rendered":"Emmentaler-Buttermilchschaum auf Zopffotzelschnitten mit s\u00fcsssauern K\u00fcrbiskugeln"},"author":2,"featured_media":27168,"menu_order":0,"template":"","meta":{"inline_featured_image":false},"tags":[710,766],"recipe_categories":[89],"et_countries":[],"recipe_main_ingredient":[123],"recipe_difficulty":[126],"recipe_preparation_time":[130],"recipe_diet_type":[132],"recipe_saison":[143],"acf":{"recipe_preparation_time":130,"recipe_categories":89,"recipe_time_txt":"Schaum: ca. 1h (plus 5 Stunden k\u00fchl stellen)","recipe_type":216,"recipe_difficulty":126,"recipe_diet_type":[132],"recipe_main_ingredient":[123],"recipe_saison":[143],"recipe_count_portions":4,"recipe_ingedients":[{"recipe_ingedients_amount":"0.25","recipe_ingedients_unit":"El","recipe_ingedients_product":"Zucker"},{"recipe_ingedients_amount":"50","recipe_ingedients_unit":"ml","recipe_ingedients_product":"Vollrahm"},{"recipe_ingedients_amount":"0.25","recipe_ingedients_unit":"El","recipe_ingedients_product":"Salz"},{"recipe_ingedients_amount":"200","recipe_ingedients_unit":"g","recipe_ingedients_product":"Emmentaler AOP URTYP\u00ae, geraffelt"},{"recipe_ingedients_amount":"0.5","recipe_ingedients_unit":"St\u00fcck","recipe_ingedients_product":"Gelatine, eingeweicht"},{"recipe_ingedients_amount":"50","recipe_ingedients_unit":"ml","recipe_ingedients_product":"Buttermilch, kalt"},{"recipe_ingedients_amount":"25","recipe_ingedients_unit":"g","recipe_ingedients_product":"Muskatk\u00fcrbis, gesch\u00e4lt"},{"recipe_ingedients_amount":"50","recipe_ingedients_unit":"ml","recipe_ingedients_product":"Wasser"},{"recipe_ingedients_amount":"0.75","recipe_ingedients_unit":"El","recipe_ingedients_product":"Zucker"},{"recipe_ingedients_amount":"0.25","recipe_ingedients_unit":"El","recipe_ingedients_product":"Salz"},{"recipe_ingedients_amount":"25","recipe_ingedients_unit":"ml","recipe_ingedients_product":"Aceto Balsamico, weiss"},{"recipe_ingedients_amount":"0.25","recipe_ingedients_unit":"St\u00fcck","recipe_ingedients_product":"Chili"},{"recipe_ingedients_amount":"0.25","recipe_ingedients_unit":"St\u00fcck","recipe_ingedients_product":"Orangen, Saft, wenig Abrieb"},{"recipe_ingedients_amount":"0.25","recipe_ingedients_unit":"St\u00fcck","recipe_ingedients_product":"Zitronen, Saft, wenig Abrieb"},{"recipe_ingedients_amount":"0.125","recipe_ingedients_unit":"St\u00fcck","recipe_ingedients_product":"Zimtstange"},{"recipe_ingedients_amount":"0.25","recipe_ingedients_unit":"St\u00fcck","recipe_ingedients_product":"Ei"},{"recipe_ingedients_amount":"25","recipe_ingedients_unit":"ml","recipe_ingedients_product":"Milch"},{"recipe_ingedients_amount":"0.25","recipe_ingedients_unit":"Msp.","recipe_ingedients_product":"Salz"},{"recipe_ingedients_amount":"0.25","recipe_ingedients_unit":"Msp.","recipe_ingedients_product":"Zucker"},{"recipe_ingedients_amount":"1","recipe_ingedients_unit":"St\u00fcck","recipe_ingedients_product":"Butterzopf"},{"recipe_ingedients_amount":"0.5","recipe_ingedients_unit":"El","recipe_ingedients_product":"Butter"},{"recipe_ingedients_amount":"","recipe_ingedients_unit":"Bedarf","recipe_ingedients_product":"K\u00fcrbiskerne, karamellisiert"},{"recipe_ingedients_amount":"","recipe_ingedients_unit":"Bedarf","recipe_ingedients_product":"K\u00fcrbiskern\u00f6l"},{"recipe_ingedients_amount":"","recipe_ingedients_unit":"Bedarf","recipe_ingedients_product":"Safranf\u00e4den"}],"temporare_zutaten":"1 EL Zucker\r\n2 dl Vollrahm\r\n1 KL Salz\r\n200 g Emmentaler AOP URTYP, geraffelt\r\n2 Blatt Gelatine, eingeweicht\r\n2 dl Buttermilch, kalt\r\n100 g Muskatk\u00fcrbis, gesch\u00e4lt\r\n2 dl Wasser\r\n3 EL Zucker\r\n1 KL Salz\r\n1 dl Aceto Balsamico, weiss\r\n1 Chili\r\n1 Orangen, Saft, wenig Abrieb\r\n1 Zitrone, Saft, wenig Abrieb\r\n1\/2 Zimtstange\r\n1 Ei\r\n1 dl Milch\r\n1 Prise Salz\r\n1 Prise Zucker\r\n4 Tranchen Butterzopf\r\n2 EL Butter\r\nK\u00fcrbiskerne, karamellisiert\r\nK\u00fcrbiskern\u00f6l\r\nSafranf\u00e4den","recipe_preparation":"<u>Emmentaler AOP URTYP-Schaum\r\n<\/u>Zucker karamellisieren, mit Rahm abl\u00f6schen, salzen und aufkochen. Vom Herd ziehen, Emmentaler AOP URTYP einr\u00fchren, ausk\u00fchlen lassen. Durch ein feines Sieb dr\u00fccken, den K\u00e4seteig gut ausdr\u00fccken. Eingeweichte Gelatine mit wenig Wasser erw\u00e4rmen, dazugeben. Buttermilch dazugeben und kurz mixen. Nochmals durch feines Sieb passieren, in Rahmbl\u00e4ser abf\u00fcllen und begasen. 4 Stunden im K\u00fchlschrank kaltstellen.\r\n\r\n<u>K\u00fcrbiskugeln\r\n<\/u>Alles von 100 g Muskatk\u00fcrbis bis 1\/2 Zimtstange \u2013 ausser dem K\u00fcrbis \u2013 miteinander aufkochen. Aus dem K\u00fcrbis mit Pariser L\u00f6ffel kleine Kugeln ausstechen, in den Fond geben und nochmals aufkochen. Danach alles in ein sterilisiertes Einmachglas geben, verschliessen und ausk\u00fchlen lassen.\r\n\r\n<u>Butterzopffozelschnitte und Deko\r\n<\/u>Ei, Milch, Salz und Zucker in einer Gratinform verr\u00fchren. Zopfscheiben tunken, beidseitig ca. 5 Min. ziehen lassen. Zopfscheiben in W\u00fcrfel schneiden. Butter in einer Bratpfanne erhitzen, Hitze reduzieren, Zopfw\u00fcrfel portionenweise auf allen Seiten goldbraun backen.\r\n\r\nAnrichten: Die warmen Zopfw\u00fcrfel mit den K\u00fcrbiskugeln in ein sch\u00f6nes Glas geben. Schaum dar\u00fcber geben. Mit karamellisierten K\u00fcrbiskernen, K\u00fcrbiskern\u00f6l, Safranf\u00e4den und feinem Abrieb vom Emmentaler AOP URTYP garnieren.\r\n\r\n&nbsp;","recipe_images":[27168]},"_links":{"self":[{"href":"https:\/\/www.emmentaler.ch\/de\/wp-json\/wp\/v2\/recipes\/27152"}],"collection":[{"href":"https:\/\/www.emmentaler.ch\/de\/wp-json\/wp\/v2\/recipes"}],"about":[{"href":"https:\/\/www.emmentaler.ch\/de\/wp-json\/wp\/v2\/types\/recipes"}],"author":[{"embeddable":true,"href":"https:\/\/www.emmentaler.ch\/de\/wp-json\/wp\/v2\/users\/2"}],"version-history":[{"count":0,"href":"https:\/\/www.emmentaler.ch\/de\/wp-json\/wp\/v2\/recipes\/27152\/revisions"}],"acf:attachment":[{"embeddable":true,"href":"https:\/\/www.emmentaler.ch\/de\/wp-json\/wp\/v2\/media\/27168"}],"acf:term":[{"embeddable":true,"taxonomy":"recipe_saison","href":"https:\/\/www.emmentaler.ch\/de\/wp-json\/wp\/v2\/recipe_saison\/143"},{"embeddable":true,"taxonomy":"recipe_main_ingredient","href":"https:\/\/www.emmentaler.ch\/de\/wp-json\/wp\/v2\/recipe_main_ingredient\/123"},{"embeddable":true,"taxonomy":"recipe_diet_type","href":"https:\/\/www.emmentaler.ch\/de\/wp-json\/wp\/v2\/recipe_diet_type\/132"},{"embeddable":true,"taxonomy":"recipe_difficulty","href":"https:\/\/www.emmentaler.ch\/de\/wp-json\/wp\/v2\/recipe_difficulty\/126"},{"embeddable":true,"taxonomy":"recipe_categories","href":"https:\/\/www.emmentaler.ch\/de\/wp-json\/wp\/v2\/recipe_categories\/89"},{"embeddable":true,"taxonomy":"recipe_preparation_time","href":"https:\/\/www.emmentaler.ch\/de\/wp-json\/wp\/v2\/recipe_preparation_time\/130"}],"acf:post":[{"embeddable":true,"href":"https:\/\/www.emmentaler.ch\/de\/wp-json\/wp\/v2\/pages\/216"}],"wp:featuredmedia":[{"embeddable":true,"href":"https:\/\/www.emmentaler.ch\/de\/wp-json\/wp\/v2\/media\/27168"}],"wp:attachment":[{"href":"https:\/\/www.emmentaler.ch\/de\/wp-json\/wp\/v2\/media?parent=27152"}],"wp:term":[{"taxonomy":"post_tag","embeddable":true,"href":"https:\/\/www.emmentaler.ch\/de\/wp-json\/wp\/v2\/tags?post=27152"},{"taxonomy":"recipe_categories","embeddable":true,"href":"https:\/\/www.emmentaler.ch\/de\/wp-json\/wp\/v2\/recipe_categories?post=27152"},{"taxonomy":"et_countries","embeddable":true,"href":"https:\/\/www.emmentaler.ch\/de\/wp-json\/wp\/v2\/et_countries?post=27152"},{"taxonomy":"recipe_main_ingredient","embeddable":true,"href":"https:\/\/www.emmentaler.ch\/de\/wp-json\/wp\/v2\/recipe_main_ingredient?post=27152"},{"taxonomy":"recipe_difficulty","embeddable":true,"href":"https:\/\/www.emmentaler.ch\/de\/wp-json\/wp\/v2\/recipe_difficulty?post=27152"},{"taxonomy":"recipe_preparation_time","embeddable":true,"href":"https:\/\/www.emmentaler.ch\/de\/wp-json\/wp\/v2\/recipe_preparation_time?post=27152"},{"taxonomy":"recipe_diet_type","embeddable":true,"href":"https:\/\/www.emmentaler.ch\/de\/wp-json\/wp\/v2\/recipe_diet_type?post=27152"},{"taxonomy":"recipe_saison","embeddable":true,"href":"https:\/\/www.emmentaler.ch\/de\/wp-json\/wp\/v2\/recipe_saison?post=27152"}],"curies":[{"name":"wp","href":"https:\/\/api.w.org\/{rel}","templated":true}]}}