{"id":48723,"date":"2022-04-27T13:45:45","date_gmt":"2022-04-27T11:45:45","guid":{"rendered":"https:\/\/www.emmentaler.ch\/rezept\/ensalada-de-esparragos-y-nueces-con-queso-emmentaler-aop"},"modified":"2024-07-25T17:25:30","modified_gmt":"2024-07-25T15:25:30","slug":"ensalada-de-esparragos-y-nueces-con-queso-emmentaler-aop","status":"publish","type":"recipes","link":"https:\/\/www.emmentaler.ch\/es\/recetas\/ensalada-de-esparragos-y-nueces-con-queso-emmentaler-aop","title":{"rendered":"Ensalada de esp\u00e1rragos y nueces con queso Emmentaler AOP"},"author":2,"featured_media":48764,"menu_order":0,"template":"","meta":{"inline_featured_image":false},"tags":[843],"recipe_categories":[619],"et_countries":[],"recipe_main_ingredient":[602],"recipe_difficulty":[577],"recipe_preparation_time":[380],"recipe_diet_type":[562,569,570],"recipe_saison":[530],"acf":{"recipe_preparation_time":380,"recipe_categories":619,"recipe_time_txt":"","recipe_type":65967,"recipe_difficulty":577,"recipe_diet_type":[562,569,570],"recipe_main_ingredient":[602],"recipe_saison":[530],"recipe_count_portions":4,"recipe_ingedients":[{"recipe_ingedients_amount":"","recipe_ingedients_unit":"g","recipe_ingedients_product":""}],"temporare_zutaten":"1 kg de esp\u00e1rragos verdes\r\nsal\r\n2 cucharadas de aceite para fre\u00edr\r\n1 lim\u00f3n ecol\u00f3gico\r\n2 cucharadas de aceite de nueces\r\n3 cucharadas de aceite de colza\r\n2 cucharadas de condimento Bianco (vinagre de bals\u00e1mico blanco)\r\npimienta\r\n75 g de nueces\r\n100 g de queso Emmentaler AOP (D.O.P.) arom\u00e1tico\r\n100 g de hojas de ensalada tierna","recipe_preparation":"Comienza por cortar las puntas secas de los esp\u00e1rragos y despu\u00e9s los cortas de forma transversal en trozos de unos 5 cm de largo. Calienta el aceite en una sart\u00e9n grande y a\u00f1ade los esp\u00e1rragos, echa una pizca de sal. Fr\u00ede los esp\u00e1rragos unos 10 minutos a fuego medio, removi\u00e9ndolos de vez en cuando.\r\n\r\nDespu\u00e9s ralla la c\u00e1scara del lim\u00f3n ecol\u00f3gico y exprime 2 cucharadas de zumo de lim\u00f3n. Mezcla la c\u00e1scara de lim\u00f3n rallada, el zumo de lim\u00f3n y el aceite de colza con el condimento Bianco, la sal y la pimenta hasta que obtengas una salsa homog\u00e9nea.\r\n\r\nSeguidamente, mezcla los esp\u00e1rragos calientes con la salsa y tuesta las nueces picadas en una sart\u00e9n. Corta el queso Emmentaler AOP (D.O.P.) en virutas con el pelador.\r\n\r\nEn cuanto los esp\u00e1rragos se hayan enfriado un poco, a\u00f1ade la ensalada de hojas tiernas y las nueces y roc\u00edalo con el queso rallado antes de servir.","recipe_images":[25785,25795,25800]},"_links":{"self":[{"href":"https:\/\/www.emmentaler.ch\/es\/wp-json\/wp\/v2\/recipes\/48723"}],"collection":[{"href":"https:\/\/www.emmentaler.ch\/es\/wp-json\/wp\/v2\/recipes"}],"about":[{"href":"https:\/\/www.emmentaler.ch\/es\/wp-json\/wp\/v2\/types\/recipes"}],"author":[{"embeddable":true,"href":"https:\/\/www.emmentaler.ch\/es\/wp-json\/wp\/v2\/users\/2"}],"version-history":[{"count":1,"href":"https:\/\/www.emmentaler.ch\/es\/wp-json\/wp\/v2\/recipes\/48723\/revisions"}],"predecessor-version":[{"id":137890,"href":"https:\/\/www.emmentaler.ch\/es\/wp-json\/wp\/v2\/recipes\/48723\/revisions\/137890"}],"acf:attachment":[{"embeddable":true,"href":"https:\/\/www.emmentaler.ch\/es\/wp-json\/wp\/v2\/media\/25800"},{"embeddable":true,"href":"https:\/\/www.emmentaler.ch\/es\/wp-json\/wp\/v2\/media\/25795"},{"embeddable":true,"href":"https:\/\/www.emmentaler.ch\/es\/wp-json\/wp\/v2\/media\/25785"}],"acf:term":[{"embeddable":true,"taxonomy":"recipe_saison","href":"https:\/\/www.emmentaler.ch\/es\/wp-json\/wp\/v2\/recipe_saison\/530"},{"embeddable":true,"taxonomy":"recipe_main_ingredient","href":"https:\/\/www.emmentaler.ch\/es\/wp-json\/wp\/v2\/recipe_main_ingredient\/602"},{"embeddable":true,"taxonomy":"recipe_diet_type","href":"https:\/\/www.emmentaler.ch\/es\/wp-json\/wp\/v2\/recipe_diet_type\/570"},{"embeddable":true,"taxonomy":"recipe_diet_type","href":"https:\/\/www.emmentaler.ch\/es\/wp-json\/wp\/v2\/recipe_diet_type\/569"},{"embeddable":true,"taxonomy":"recipe_diet_type","href":"https:\/\/www.emmentaler.ch\/es\/wp-json\/wp\/v2\/recipe_diet_type\/562"},{"embeddable":true,"taxonomy":"recipe_difficulty","href":"https:\/\/www.emmentaler.ch\/es\/wp-json\/wp\/v2\/recipe_difficulty\/577"},{"embeddable":true,"taxonomy":"recipe_categories","href":"https:\/\/www.emmentaler.ch\/es\/wp-json\/wp\/v2\/recipe_categories\/619"},{"embeddable":true,"taxonomy":"recipe_preparation_time","href":"https:\/\/www.emmentaler.ch\/es\/wp-json\/wp\/v2\/recipe_preparation_time\/380"}],"acf:post":[{"embeddable":true,"href":"https:\/\/www.emmentaler.ch\/es\/wp-json\/wp\/v2\/pages\/65967"}],"wp:featuredmedia":[{"embeddable":true,"href":"https:\/\/www.emmentaler.ch\/es\/wp-json\/wp\/v2\/media\/48764"}],"wp:attachment":[{"href":"https:\/\/www.emmentaler.ch\/es\/wp-json\/wp\/v2\/media?parent=48723"}],"wp:term":[{"taxonomy":"post_tag","embeddable":true,"href":"https:\/\/www.emmentaler.ch\/es\/wp-json\/wp\/v2\/tags?post=48723"},{"taxonomy":"recipe_categories","embeddable":true,"href":"https:\/\/www.emmentaler.ch\/es\/wp-json\/wp\/v2\/recipe_categories?post=48723"},{"taxonomy":"et_countries","embeddable":true,"href":"https:\/\/www.emmentaler.ch\/es\/wp-json\/wp\/v2\/et_countries?post=48723"},{"taxonomy":"recipe_main_ingredient","embeddable":true,"href":"https:\/\/www.emmentaler.ch\/es\/wp-json\/wp\/v2\/recipe_main_ingredient?post=48723"},{"taxonomy":"recipe_difficulty","embeddable":true,"href":"https:\/\/www.emmentaler.ch\/es\/wp-json\/wp\/v2\/recipe_difficulty?post=48723"},{"taxonomy":"recipe_preparation_time","embeddable":true,"href":"https:\/\/www.emmentaler.ch\/es\/wp-json\/wp\/v2\/recipe_preparation_time?post=48723"},{"taxonomy":"recipe_diet_type","embeddable":true,"href":"https:\/\/www.emmentaler.ch\/es\/wp-json\/wp\/v2\/recipe_diet_type?post=48723"},{"taxonomy":"recipe_saison","embeddable":true,"href":"https:\/\/www.emmentaler.ch\/es\/wp-json\/wp\/v2\/recipe_saison?post=48723"}],"curies":[{"name":"wp","href":"https:\/\/api.w.org\/{rel}","templated":true}]}}