{"id":48937,"date":"2022-04-27T13:34:07","date_gmt":"2022-04-27T11:34:07","guid":{"rendered":"https:\/\/www.emmentaler.ch\/rezept\/sopa-con-huevo-al-nido"},"modified":"2022-08-16T11:58:54","modified_gmt":"2022-08-16T09:58:54","slug":"sopa-con-huevo-al-nido","status":"publish","type":"recipes","link":"https:\/\/www.emmentaler.ch\/es\/recetas\/sopa-con-huevo-al-nido","title":{"rendered":"Sopa con huevo al nido"},"author":2,"featured_media":20471,"menu_order":0,"template":"","meta":{"inline_featured_image":false},"tags":[838],"recipe_categories":[619],"et_countries":[],"recipe_main_ingredient":[593],"recipe_difficulty":[585,577],"recipe_preparation_time":[388,382],"recipe_diet_type":[],"recipe_saison":[561],"acf":{"recipe_preparation_time":382,"recipe_categories":619,"recipe_time_txt":"","recipe_type":65932,"recipe_difficulty":577,"recipe_diet_type":false,"recipe_main_ingredient":[593],"recipe_saison":[561],"recipe_count_portions":4,"recipe_ingedients":[{"recipe_ingedients_amount":"31.25","recipe_ingedients_unit":"g","recipe_ingedients_product":"de fideos chinos o fideos finos"},{"recipe_ingedients_amount":"25","recipe_ingedients_unit":"g","recipe_ingedients_product":"de queso Emmentaler DOP"},{"recipe_ingedients_amount":"1","recipe_ingedients_unit":"St\u00fcck","recipe_ingedients_product":"huevos peque\u00f1os a temperatura ambiente"},{"recipe_ingedients_amount":"1.5","recipe_ingedients_unit":"St\u00fcck","recipe_ingedients_product":"cebolletas"},{"recipe_ingedients_amount":"12.5","recipe_ingedients_unit":"g","recipe_ingedients_product":"de jam\u00f3n crudo"},{"recipe_ingedients_amount":".25","recipe_ingedients_unit":"El","recipe_ingedients_product":"de mantequilla"},{"recipe_ingedients_amount":"250","recipe_ingedients_unit":"ml","recipe_ingedients_product":"de caldo de verdura"},{"recipe_ingedients_amount":"","recipe_ingedients_unit":"Bedarf","recipe_ingedients_product":"sal y pimienta"}],"temporare_zutaten":"125 g de fideos chinos o fideos finos\r\n100 g de queso Emmentaler DOP\r\n4 huevos peque\u00f1os a temperatura ambiente\r\nsal y pimienta\r\n6 cebolletas\r\n50 g de jam\u00f3n crudo\r\n1 cucharada de mantequilla\r\n1 litro de caldo de verdura","recipe_preparation":"Primero, cuece los fideos en una olla de agua con un poco de sal. Una vez que est\u00e9n cocidos al dente cu\u00e9lalos, p\u00e1salos por agua fr\u00eda y esc\u00farrelos bien. Despu\u00e9s, raya el queso Emmentaler DOP con un rallador fino y m\u00e9zclalo con los fideos.\r\n\r\nCalienta el horno a 220 grados (en horno cl\u00e1sico o 200 grados en horno de convecci\u00f3n).\r\n\r\nA continuaci\u00f3n, prepara una bandeja con papel sulfurizado, moldea cuadro niditos con la masa de los fideos y hazles un peque\u00f1o cr\u00e1ter en el centro, col\u00f3calos sobre la bandeja. Ahora, bate los huevos uno por uno en una taza y desl\u00edzalos sobre los niditos de fideos, echa una pizca de sal y pimienta. Mete los niditos a nivel medio del horno durante 12-15 minutos, hasta que la clara de huevo se monte a punto de nieve.\r\n\r\nMientras tanto, puedes picar las cebolletas en forma de anillos verdes. Despu\u00e9s corta el jam\u00f3n de tiras finas y fr\u00edelas unos minutos en mantequilla caliente. A\u00f1ade las cebolletas y estofa unos minutos; agrega el caldo y deja cocer a fuego lento 5 minutos m\u00e1s.\r\n\r\nEcha un poco de sopa en platos soperos, coloca los niditos y llena el plato con el resto de caldo de sopa.","recipe_images":[20481,20476,20471]},"_links":{"self":[{"href":"https:\/\/www.emmentaler.ch\/es\/wp-json\/wp\/v2\/recipes\/48937"}],"collection":[{"href":"https:\/\/www.emmentaler.ch\/es\/wp-json\/wp\/v2\/recipes"}],"about":[{"href":"https:\/\/www.emmentaler.ch\/es\/wp-json\/wp\/v2\/types\/recipes"}],"author":[{"embeddable":true,"href":"https:\/\/www.emmentaler.ch\/es\/wp-json\/wp\/v2\/users\/2"}],"version-history":[{"count":0,"href":"https:\/\/www.emmentaler.ch\/es\/wp-json\/wp\/v2\/recipes\/48937\/revisions"}],"acf:attachment":[{"embeddable":true,"href":"https:\/\/www.emmentaler.ch\/es\/wp-json\/wp\/v2\/media\/20471"},{"embeddable":true,"href":"https:\/\/www.emmentaler.ch\/es\/wp-json\/wp\/v2\/media\/20476"},{"embeddable":true,"href":"https:\/\/www.emmentaler.ch\/es\/wp-json\/wp\/v2\/media\/20481"}],"acf:term":[{"embeddable":true,"taxonomy":"recipe_saison","href":"https:\/\/www.emmentaler.ch\/es\/wp-json\/wp\/v2\/recipe_saison\/561"},{"embeddable":true,"taxonomy":"recipe_main_ingredient","href":"https:\/\/www.emmentaler.ch\/es\/wp-json\/wp\/v2\/recipe_main_ingredient\/593"},{"embeddable":true,"taxonomy":"recipe_difficulty","href":"https:\/\/www.emmentaler.ch\/es\/wp-json\/wp\/v2\/recipe_difficulty\/577"},{"embeddable":true,"taxonomy":"recipe_categories","href":"https:\/\/www.emmentaler.ch\/es\/wp-json\/wp\/v2\/recipe_categories\/619"},{"embeddable":true,"taxonomy":"recipe_preparation_time","href":"https:\/\/www.emmentaler.ch\/es\/wp-json\/wp\/v2\/recipe_preparation_time\/382"}],"acf:post":[{"embeddable":true,"href":"https:\/\/www.emmentaler.ch\/es\/wp-json\/wp\/v2\/pages\/65932"}],"wp:featuredmedia":[{"embeddable":true,"href":"https:\/\/www.emmentaler.ch\/es\/wp-json\/wp\/v2\/media\/20471"}],"wp:attachment":[{"href":"https:\/\/www.emmentaler.ch\/es\/wp-json\/wp\/v2\/media?parent=48937"}],"wp:term":[{"taxonomy":"post_tag","embeddable":true,"href":"https:\/\/www.emmentaler.ch\/es\/wp-json\/wp\/v2\/tags?post=48937"},{"taxonomy":"recipe_categories","embeddable":true,"href":"https:\/\/www.emmentaler.ch\/es\/wp-json\/wp\/v2\/recipe_categories?post=48937"},{"taxonomy":"et_countries","embeddable":true,"href":"https:\/\/www.emmentaler.ch\/es\/wp-json\/wp\/v2\/et_countries?post=48937"},{"taxonomy":"recipe_main_ingredient","embeddable":true,"href":"https:\/\/www.emmentaler.ch\/es\/wp-json\/wp\/v2\/recipe_main_ingredient?post=48937"},{"taxonomy":"recipe_difficulty","embeddable":true,"href":"https:\/\/www.emmentaler.ch\/es\/wp-json\/wp\/v2\/recipe_difficulty?post=48937"},{"taxonomy":"recipe_preparation_time","embeddable":true,"href":"https:\/\/www.emmentaler.ch\/es\/wp-json\/wp\/v2\/recipe_preparation_time?post=48937"},{"taxonomy":"recipe_diet_type","embeddable":true,"href":"https:\/\/www.emmentaler.ch\/es\/wp-json\/wp\/v2\/recipe_diet_type?post=48937"},{"taxonomy":"recipe_saison","embeddable":true,"href":"https:\/\/www.emmentaler.ch\/es\/wp-json\/wp\/v2\/recipe_saison?post=48937"}],"curies":[{"name":"wp","href":"https:\/\/api.w.org\/{rel}","templated":true}]}}