{"id":49349,"date":"2022-04-27T13:41:56","date_gmt":"2022-04-27T11:41:56","guid":{"rendered":"https:\/\/www.emmentaler.ch\/rezept\/espaguetis-de-calabacin"},"modified":"2022-06-28T11:21:06","modified_gmt":"2022-06-28T09:21:06","slug":"espaguetis-de-calabacin","status":"publish","type":"recipes","link":"https:\/\/www.emmentaler.ch\/es\/recetas\/espaguetis-de-calabacin","title":{"rendered":"Espaguetis de calabac\u00edn"},"author":2,"featured_media":49375,"menu_order":0,"template":"","meta":{"inline_featured_image":false},"tags":[],"recipe_categories":[619],"et_countries":[],"recipe_main_ingredient":[602],"recipe_difficulty":[577],"recipe_preparation_time":[382],"recipe_diet_type":[569,570],"recipe_saison":[538,530,546],"acf":{"recipe_preparation_time":382,"recipe_categories":619,"recipe_time_txt":"","recipe_type":65988,"recipe_difficulty":577,"recipe_diet_type":[569,570],"recipe_main_ingredient":[602],"recipe_saison":[530,538,546],"recipe_count_portions":4,"recipe_ingedients":[{"recipe_ingedients_amount":"","recipe_ingedients_unit":"g","recipe_ingedients_product":""}],"temporare_zutaten":"100 g de queso Emmentaler AOP\r\n300 g de calabacines verdes\r\n300 g decalabacines amarillo\r\n300 g de tomates cherry o cereza\r\n350 g de pasta de espaguetis\r\nsal\r\n4 cucharada de aceite de oliva\r\n1 lim\u00f3n ecol\u00f3gico\r\npimienta\r\n1 ramito de cebollinos\r\n1 ramito de perejil liso","recipe_preparation":"Para empezar, ralla el queso suizo Emmentaler AOP (D.O.P.) con el pelador en forma de virutas. Despu\u00e9s corta los calabacines en tiras largas en forma de espagueti. Puedes utilizar el pelador de espiral o bien un cuchillos. Corta los tomates cherry por la mitad.\r\n\r\nAhora cuece los espaguetis en agua hierviendo con sal, hasta que est\u00e9n al dente. Mientras que se cuecen los espaguetis, calienta un poco de aceite en una sart\u00e9n grande. Incorpora los espaguetis de calabac\u00edn tentro de la sart\u00e9n y reh\u00f3galos unos minutos; a\u00f1ade los tomates cherry y reh\u00f3galos tambi\u00e9n unos minutos. Despu\u00e9s cuela los espaguetis y recoge 1 dl del caldo de cocci\u00f3n, ap\u00e1rtalo para despu\u00e9s. Mezcla los espaguetis con el caldo y los calabacines y \u00e9chales un poco de sal y pimienta.\r\n\r\nPica el perejil y los cebollinos, roc\u00edalos sobre los espaguetis y por \u00faltimo esparce las virutas de queso Emmentaler AOP antes de servir el plato.","recipe_images":[24777,24772,24767]},"_links":{"self":[{"href":"https:\/\/www.emmentaler.ch\/es\/wp-json\/wp\/v2\/recipes\/49349"}],"collection":[{"href":"https:\/\/www.emmentaler.ch\/es\/wp-json\/wp\/v2\/recipes"}],"about":[{"href":"https:\/\/www.emmentaler.ch\/es\/wp-json\/wp\/v2\/types\/recipes"}],"author":[{"embeddable":true,"href":"https:\/\/www.emmentaler.ch\/es\/wp-json\/wp\/v2\/users\/2"}],"version-history":[{"count":0,"href":"https:\/\/www.emmentaler.ch\/es\/wp-json\/wp\/v2\/recipes\/49349\/revisions"}],"acf:attachment":[{"embeddable":true,"href":"https:\/\/www.emmentaler.ch\/es\/wp-json\/wp\/v2\/media\/24767"},{"embeddable":true,"href":"https:\/\/www.emmentaler.ch\/es\/wp-json\/wp\/v2\/media\/24772"},{"embeddable":true,"href":"https:\/\/www.emmentaler.ch\/es\/wp-json\/wp\/v2\/media\/24777"}],"acf:term":[{"embeddable":true,"taxonomy":"recipe_saison","href":"https:\/\/www.emmentaler.ch\/es\/wp-json\/wp\/v2\/recipe_saison\/546"},{"embeddable":true,"taxonomy":"recipe_saison","href":"https:\/\/www.emmentaler.ch\/es\/wp-json\/wp\/v2\/recipe_saison\/538"},{"embeddable":true,"taxonomy":"recipe_saison","href":"https:\/\/www.emmentaler.ch\/es\/wp-json\/wp\/v2\/recipe_saison\/530"},{"embeddable":true,"taxonomy":"recipe_main_ingredient","href":"https:\/\/www.emmentaler.ch\/es\/wp-json\/wp\/v2\/recipe_main_ingredient\/602"},{"embeddable":true,"taxonomy":"recipe_diet_type","href":"https:\/\/www.emmentaler.ch\/es\/wp-json\/wp\/v2\/recipe_diet_type\/570"},{"embeddable":true,"taxonomy":"recipe_diet_type","href":"https:\/\/www.emmentaler.ch\/es\/wp-json\/wp\/v2\/recipe_diet_type\/569"},{"embeddable":true,"taxonomy":"recipe_difficulty","href":"https:\/\/www.emmentaler.ch\/es\/wp-json\/wp\/v2\/recipe_difficulty\/577"},{"embeddable":true,"taxonomy":"recipe_categories","href":"https:\/\/www.emmentaler.ch\/es\/wp-json\/wp\/v2\/recipe_categories\/619"},{"embeddable":true,"taxonomy":"recipe_preparation_time","href":"https:\/\/www.emmentaler.ch\/es\/wp-json\/wp\/v2\/recipe_preparation_time\/382"}],"acf:post":[{"embeddable":true,"href":"https:\/\/www.emmentaler.ch\/es\/wp-json\/wp\/v2\/pages\/65988"}],"wp:featuredmedia":[{"embeddable":true,"href":"https:\/\/www.emmentaler.ch\/es\/wp-json\/wp\/v2\/media\/49375"}],"wp:attachment":[{"href":"https:\/\/www.emmentaler.ch\/es\/wp-json\/wp\/v2\/media?parent=49349"}],"wp:term":[{"taxonomy":"post_tag","embeddable":true,"href":"https:\/\/www.emmentaler.ch\/es\/wp-json\/wp\/v2\/tags?post=49349"},{"taxonomy":"recipe_categories","embeddable":true,"href":"https:\/\/www.emmentaler.ch\/es\/wp-json\/wp\/v2\/recipe_categories?post=49349"},{"taxonomy":"et_countries","embeddable":true,"href":"https:\/\/www.emmentaler.ch\/es\/wp-json\/wp\/v2\/et_countries?post=49349"},{"taxonomy":"recipe_main_ingredient","embeddable":true,"href":"https:\/\/www.emmentaler.ch\/es\/wp-json\/wp\/v2\/recipe_main_ingredient?post=49349"},{"taxonomy":"recipe_difficulty","embeddable":true,"href":"https:\/\/www.emmentaler.ch\/es\/wp-json\/wp\/v2\/recipe_difficulty?post=49349"},{"taxonomy":"recipe_preparation_time","embeddable":true,"href":"https:\/\/www.emmentaler.ch\/es\/wp-json\/wp\/v2\/recipe_preparation_time?post=49349"},{"taxonomy":"recipe_diet_type","embeddable":true,"href":"https:\/\/www.emmentaler.ch\/es\/wp-json\/wp\/v2\/recipe_diet_type?post=49349"},{"taxonomy":"recipe_saison","embeddable":true,"href":"https:\/\/www.emmentaler.ch\/es\/wp-json\/wp\/v2\/recipe_saison?post=49349"}],"curies":[{"name":"wp","href":"https:\/\/api.w.org\/{rel}","templated":true}]}}