{"id":49532,"date":"2022-04-27T13:34:07","date_gmt":"2022-04-27T11:34:07","guid":{"rendered":"https:\/\/www.emmentaler.ch\/rezept\/sol-de-queso-emmentaler-aop-d-o-p-como-aperitivo"},"modified":"2022-08-02T17:44:15","modified_gmt":"2022-08-02T15:44:15","slug":"sol-de-queso-emmentaler-aop-d-o-p-como-aperitivo","status":"publish","type":"recipes","link":"https:\/\/www.emmentaler.ch\/es\/recetas\/sol-de-queso-emmentaler-aop-d-o-p-como-aperitivo","title":{"rendered":"Sol de queso Emmentaler DOP como aperitivo"},"author":2,"featured_media":49568,"menu_order":0,"template":"","meta":{"inline_featured_image":false},"tags":[],"recipe_categories":[608],"et_countries":[],"recipe_main_ingredient":[602],"recipe_difficulty":[578],"recipe_preparation_time":[373,627],"recipe_diet_type":[570],"recipe_saison":[529,553,561],"acf":{"recipe_preparation_time":373,"recipe_categories":608,"recipe_time_txt":"","recipe_type":65967,"recipe_difficulty":578,"recipe_diet_type":[570],"recipe_main_ingredient":[602],"recipe_saison":[529,561,553],"recipe_count_portions":4,"recipe_ingedients":[{"recipe_ingedients_amount":"","recipe_ingedients_unit":"g","recipe_ingedients_product":""}],"temporare_zutaten":"350 g de harina\r\n1 cucharada de sal\r\n\u00bd dado de levadura seca, aprox. 20 g\r\n2 dl de agua templada\r\n2 cucharadas de aceite de oliva\r\no\r\n500 g de masa de pizza ya hecha\r\n75 g de tomates secos en aceite\r\n100 g queso rallado Emmentaler AOP (D.O.P.)\r\n1 cucharada de alcaparras\r\npimienta\r\n\u00bd cucharada de or\u00e9gano seco","recipe_preparation":"Para preparar la masa: mezcla la harina, la sal, los pedacitos de levadura seca, con agua y aceite y am\u00e1salo durante 5-10 minutos hasta que obtengas una masa suave y homog\u00e9nea. Tapa el cuenco con un pa\u00f1o y deja reposar la masa hasta que tenga el doble tama\u00f1o.\r\n\r\nMientras tanto, escurre los tomates y c\u00f3rtalos en tiras, m\u00e9zclalos con el queso Emmentaler AOP (D.O.P.), las alcaparras, or\u00e9gano y pimienta y p\u00e1salo por el triturador o <em>cutter<\/em>.\r\n\r\nDespu\u00e9s divide la masa por la mitad y forma 2 c\u00edrculos finos de unos 30 cm de di\u00e1metro. Coloca uno de los c\u00edrculos de masa de pizza sobre una bandeja con papel sulfurizado. Esparce el pur\u00e9 de tomate y queso sobre la masa y c\u00fabrelo con el segundo c\u00edrculo de masa, apri\u00e9talo ligeramente. Coloca un vaso en el centro del c\u00edrculo. Ahora corta con un cuchillo bien afilado 16 tiras homog\u00e9neas partiendo desde el borde del vaso. Retuerce las tiras de masa 2 o 3 veces y retira el vaso.\r\n\r\nMete el sol de masa de pizza en la mitad del horno (horno cl\u00e1sico), que previamente has calentado a 220 grados, y espera unos 20 minutos.\r\n\r\nPuedes servir el sol como delicioso aperitivo caliente o bien fr\u00edo.","recipe_images":[20604,20599,20594]},"_links":{"self":[{"href":"https:\/\/www.emmentaler.ch\/es\/wp-json\/wp\/v2\/recipes\/49532"}],"collection":[{"href":"https:\/\/www.emmentaler.ch\/es\/wp-json\/wp\/v2\/recipes"}],"about":[{"href":"https:\/\/www.emmentaler.ch\/es\/wp-json\/wp\/v2\/types\/recipes"}],"author":[{"embeddable":true,"href":"https:\/\/www.emmentaler.ch\/es\/wp-json\/wp\/v2\/users\/2"}],"version-history":[{"count":0,"href":"https:\/\/www.emmentaler.ch\/es\/wp-json\/wp\/v2\/recipes\/49532\/revisions"}],"acf:attachment":[{"embeddable":true,"href":"https:\/\/www.emmentaler.ch\/es\/wp-json\/wp\/v2\/media\/20594"},{"embeddable":true,"href":"https:\/\/www.emmentaler.ch\/es\/wp-json\/wp\/v2\/media\/20599"},{"embeddable":true,"href":"https:\/\/www.emmentaler.ch\/es\/wp-json\/wp\/v2\/media\/20604"}],"acf:term":[{"embeddable":true,"taxonomy":"recipe_saison","href":"https:\/\/www.emmentaler.ch\/es\/wp-json\/wp\/v2\/recipe_saison\/553"},{"embeddable":true,"taxonomy":"recipe_saison","href":"https:\/\/www.emmentaler.ch\/es\/wp-json\/wp\/v2\/recipe_saison\/561"},{"embeddable":true,"taxonomy":"recipe_saison","href":"https:\/\/www.emmentaler.ch\/es\/wp-json\/wp\/v2\/recipe_saison\/529"},{"embeddable":true,"taxonomy":"recipe_main_ingredient","href":"https:\/\/www.emmentaler.ch\/es\/wp-json\/wp\/v2\/recipe_main_ingredient\/602"},{"embeddable":true,"taxonomy":"recipe_diet_type","href":"https:\/\/www.emmentaler.ch\/es\/wp-json\/wp\/v2\/recipe_diet_type\/570"},{"embeddable":true,"taxonomy":"recipe_difficulty","href":"https:\/\/www.emmentaler.ch\/es\/wp-json\/wp\/v2\/recipe_difficulty\/578"},{"embeddable":true,"taxonomy":"recipe_categories","href":"https:\/\/www.emmentaler.ch\/es\/wp-json\/wp\/v2\/recipe_categories\/608"},{"embeddable":true,"taxonomy":"recipe_preparation_time","href":"https:\/\/www.emmentaler.ch\/es\/wp-json\/wp\/v2\/recipe_preparation_time\/373"}],"acf:post":[{"embeddable":true,"href":"https:\/\/www.emmentaler.ch\/es\/wp-json\/wp\/v2\/pages\/65967"}],"wp:featuredmedia":[{"embeddable":true,"href":"https:\/\/www.emmentaler.ch\/es\/wp-json\/wp\/v2\/media\/49568"}],"wp:attachment":[{"href":"https:\/\/www.emmentaler.ch\/es\/wp-json\/wp\/v2\/media?parent=49532"}],"wp:term":[{"taxonomy":"post_tag","embeddable":true,"href":"https:\/\/www.emmentaler.ch\/es\/wp-json\/wp\/v2\/tags?post=49532"},{"taxonomy":"recipe_categories","embeddable":true,"href":"https:\/\/www.emmentaler.ch\/es\/wp-json\/wp\/v2\/recipe_categories?post=49532"},{"taxonomy":"et_countries","embeddable":true,"href":"https:\/\/www.emmentaler.ch\/es\/wp-json\/wp\/v2\/et_countries?post=49532"},{"taxonomy":"recipe_main_ingredient","embeddable":true,"href":"https:\/\/www.emmentaler.ch\/es\/wp-json\/wp\/v2\/recipe_main_ingredient?post=49532"},{"taxonomy":"recipe_difficulty","embeddable":true,"href":"https:\/\/www.emmentaler.ch\/es\/wp-json\/wp\/v2\/recipe_difficulty?post=49532"},{"taxonomy":"recipe_preparation_time","embeddable":true,"href":"https:\/\/www.emmentaler.ch\/es\/wp-json\/wp\/v2\/recipe_preparation_time?post=49532"},{"taxonomy":"recipe_diet_type","embeddable":true,"href":"https:\/\/www.emmentaler.ch\/es\/wp-json\/wp\/v2\/recipe_diet_type?post=49532"},{"taxonomy":"recipe_saison","embeddable":true,"href":"https:\/\/www.emmentaler.ch\/es\/wp-json\/wp\/v2\/recipe_saison?post=49532"}],"curies":[{"name":"wp","href":"https:\/\/api.w.org\/{rel}","templated":true}]}}