{"id":52901,"date":"2022-04-27T13:33:36","date_gmt":"2022-04-27T11:33:36","guid":{"rendered":"https:\/\/www.emmentaler.ch\/rezept\/ensalada-multicolor-de-lentejas"},"modified":"2024-07-02T12:03:47","modified_gmt":"2024-07-02T10:03:47","slug":"ensalada-multicolor-de-lentejas","status":"publish","type":"recipes","link":"https:\/\/www.emmentaler.ch\/es\/recetas\/ensalada-multicolor-de-lentejas","title":{"rendered":"Ensalada multicolor de lentejas"},"author":2,"featured_media":52922,"menu_order":0,"template":"","meta":{"inline_featured_image":false},"tags":[],"recipe_categories":[619],"et_countries":[],"recipe_main_ingredient":[594,602],"recipe_difficulty":[577],"recipe_preparation_time":[382],"recipe_diet_type":[562,569,570],"recipe_saison":[537,561],"acf":{"recipe_preparation_time":382,"recipe_categories":619,"recipe_time_txt":"","recipe_type":65947,"recipe_difficulty":577,"recipe_diet_type":[562,569,570],"recipe_main_ingredient":[594,602],"recipe_saison":[561,537],"recipe_count_portions":4,"recipe_ingedients":[{"recipe_ingedients_amount":"37.5","recipe_ingedients_unit":"g","recipe_ingedients_product":"lentejas verdes"},{"recipe_ingedients_amount":".5","recipe_ingedients_unit":"St\u00fcck","recipe_ingedients_product":"hojas de laurel"},{"recipe_ingedients_amount":".5","recipe_ingedients_unit":"El","recipe_ingedients_product":"vinagre de vino tinto"},{"recipe_ingedients_amount":".25","recipe_ingedients_unit":"El","recipe_ingedients_product":"vinagre bals\u00e1mico"},{"recipe_ingedients_amount":".5","recipe_ingedients_unit":"El","recipe_ingedients_product":"caldo"},{"recipe_ingedients_amount":"1","recipe_ingedients_unit":"El","recipe_ingedients_product":"aceite de colza"},{"recipe_ingedients_amount":".5","recipe_ingedients_unit":"Tl","recipe_ingedients_product":"mostaza"},{"recipe_ingedients_amount":".25","recipe_ingedients_unit":"Bd","recipe_ingedients_product":"r\u00e1banos"},{"recipe_ingedients_amount":".25","recipe_ingedients_unit":"St\u00fcck","recipe_ingedients_product":"manzana roja"},{"recipe_ingedients_amount":"43.75","recipe_ingedients_unit":"g","recipe_ingedients_product":"Emmentaler DOP Bio"},{"recipe_ingedients_amount":"25","recipe_ingedients_unit":"g","recipe_ingedients_product":"r\u00facula"},{"recipe_ingedients_amount":"","recipe_ingedients_unit":"Bedarf","recipe_ingedients_product":"seg\u00fan la necesidad: Sal, pimienta"}],"temporare_zutaten":"150 g de lentejas verdes\r\n2 hojas de laurel\r\n2 cucharadas de vinagre de vino tinto\r\n1 cucharadas de vinagre bals\u00e1mico\r\n2 cucharadas de caldo\r\n4 cucharadas de aceite de colza\r\n2 cucharadas de mostaza\r\nSal, pimienta\r\n1 manojo de r\u00e1banos\r\n1 manzana roja\r\n175 g de Emmentaler AOP Bio\r\n100 g de r\u00facula","recipe_preparation":"<span style=\"font-weight: 400;\">Echa las lentejas y las hojas de laurel en agua hasta que rompa a hervir y deja cocer 20-30 minutos a fuego lento. Escurre las lentejas y deja que se sequen. Luego, retira las hojas de laurel.<\/span>\r\n\r\n<span style=\"font-weight: 400;\">A continuaci\u00f3n, mezcla el vinagre, el caldo y el aceite y condimenta con mostaza, sal y pimienta. Mezcla las lentejas calientes con la salsa.<\/span>\r\n\r\n<span style=\"font-weight: 400;\">Corta los r\u00e1banos en rodajitas y la manzana en cuatro trozos, qu\u00edtale las pepitas y c\u00f3rtala en gajos. Corta tambi\u00e9n el Emmentaler AOP Bio en peque\u00f1as rodajitas. Por \u00faltimo, echa todos los ingredientes a las lentejas y m\u00e9zclalos.<\/span>","recipe_images":[20058,20063]},"_links":{"self":[{"href":"https:\/\/www.emmentaler.ch\/es\/wp-json\/wp\/v2\/recipes\/52901"}],"collection":[{"href":"https:\/\/www.emmentaler.ch\/es\/wp-json\/wp\/v2\/recipes"}],"about":[{"href":"https:\/\/www.emmentaler.ch\/es\/wp-json\/wp\/v2\/types\/recipes"}],"author":[{"embeddable":true,"href":"https:\/\/www.emmentaler.ch\/es\/wp-json\/wp\/v2\/users\/2"}],"version-history":[{"count":1,"href":"https:\/\/www.emmentaler.ch\/es\/wp-json\/wp\/v2\/recipes\/52901\/revisions"}],"predecessor-version":[{"id":137538,"href":"https:\/\/www.emmentaler.ch\/es\/wp-json\/wp\/v2\/recipes\/52901\/revisions\/137538"}],"acf:attachment":[{"embeddable":true,"href":"https:\/\/www.emmentaler.ch\/es\/wp-json\/wp\/v2\/media\/20063"},{"embeddable":true,"href":"https:\/\/www.emmentaler.ch\/es\/wp-json\/wp\/v2\/media\/20058"}],"acf:term":[{"embeddable":true,"taxonomy":"recipe_saison","href":"https:\/\/www.emmentaler.ch\/es\/wp-json\/wp\/v2\/recipe_saison\/537"},{"embeddable":true,"taxonomy":"recipe_saison","href":"https:\/\/www.emmentaler.ch\/es\/wp-json\/wp\/v2\/recipe_saison\/561"},{"embeddable":true,"taxonomy":"recipe_main_ingredient","href":"https:\/\/www.emmentaler.ch\/es\/wp-json\/wp\/v2\/recipe_main_ingredient\/602"},{"embeddable":true,"taxonomy":"recipe_main_ingredient","href":"https:\/\/www.emmentaler.ch\/es\/wp-json\/wp\/v2\/recipe_main_ingredient\/594"},{"embeddable":true,"taxonomy":"recipe_diet_type","href":"https:\/\/www.emmentaler.ch\/es\/wp-json\/wp\/v2\/recipe_diet_type\/570"},{"embeddable":true,"taxonomy":"recipe_diet_type","href":"https:\/\/www.emmentaler.ch\/es\/wp-json\/wp\/v2\/recipe_diet_type\/569"},{"embeddable":true,"taxonomy":"recipe_diet_type","href":"https:\/\/www.emmentaler.ch\/es\/wp-json\/wp\/v2\/recipe_diet_type\/562"},{"embeddable":true,"taxonomy":"recipe_difficulty","href":"https:\/\/www.emmentaler.ch\/es\/wp-json\/wp\/v2\/recipe_difficulty\/577"},{"embeddable":true,"taxonomy":"recipe_categories","href":"https:\/\/www.emmentaler.ch\/es\/wp-json\/wp\/v2\/recipe_categories\/619"},{"embeddable":true,"taxonomy":"recipe_preparation_time","href":"https:\/\/www.emmentaler.ch\/es\/wp-json\/wp\/v2\/recipe_preparation_time\/382"}],"acf:post":[{"embeddable":true,"href":"https:\/\/www.emmentaler.ch\/es\/wp-json\/wp\/v2\/pages\/65947"}],"wp:featuredmedia":[{"embeddable":true,"href":"https:\/\/www.emmentaler.ch\/es\/wp-json\/wp\/v2\/media\/52922"}],"wp:attachment":[{"href":"https:\/\/www.emmentaler.ch\/es\/wp-json\/wp\/v2\/media?parent=52901"}],"wp:term":[{"taxonomy":"post_tag","embeddable":true,"href":"https:\/\/www.emmentaler.ch\/es\/wp-json\/wp\/v2\/tags?post=52901"},{"taxonomy":"recipe_categories","embeddable":true,"href":"https:\/\/www.emmentaler.ch\/es\/wp-json\/wp\/v2\/recipe_categories?post=52901"},{"taxonomy":"et_countries","embeddable":true,"href":"https:\/\/www.emmentaler.ch\/es\/wp-json\/wp\/v2\/et_countries?post=52901"},{"taxonomy":"recipe_main_ingredient","embeddable":true,"href":"https:\/\/www.emmentaler.ch\/es\/wp-json\/wp\/v2\/recipe_main_ingredient?post=52901"},{"taxonomy":"recipe_difficulty","embeddable":true,"href":"https:\/\/www.emmentaler.ch\/es\/wp-json\/wp\/v2\/recipe_difficulty?post=52901"},{"taxonomy":"recipe_preparation_time","embeddable":true,"href":"https:\/\/www.emmentaler.ch\/es\/wp-json\/wp\/v2\/recipe_preparation_time?post=52901"},{"taxonomy":"recipe_diet_type","embeddable":true,"href":"https:\/\/www.emmentaler.ch\/es\/wp-json\/wp\/v2\/recipe_diet_type?post=52901"},{"taxonomy":"recipe_saison","embeddable":true,"href":"https:\/\/www.emmentaler.ch\/es\/wp-json\/wp\/v2\/recipe_saison?post=52901"}],"curies":[{"name":"wp","href":"https:\/\/api.w.org\/{rel}","templated":true}]}}