{"id":53335,"date":"2022-04-27T13:39:22","date_gmt":"2022-04-27T11:39:22","guid":{"rendered":"https:\/\/www.emmentaler.ch\/rezept\/sandwich-monte-cristo"},"modified":"2024-07-25T17:51:21","modified_gmt":"2024-07-25T15:51:21","slug":"sandwich-monte-cristo","status":"publish","type":"recipes","link":"https:\/\/www.emmentaler.ch\/es\/recetas\/sandwich-monte-cristo","title":{"rendered":"S\u00e1ndwich Monte Cristo"},"author":2,"featured_media":53356,"menu_order":0,"template":"","meta":{"inline_featured_image":false},"tags":[843],"recipe_categories":[608],"et_countries":[],"recipe_main_ingredient":[593,602],"recipe_difficulty":[577],"recipe_preparation_time":[627],"recipe_diet_type":[],"recipe_saison":[561],"acf":{"recipe_preparation_time":627,"recipe_categories":608,"recipe_time_txt":"","recipe_type":68478,"recipe_difficulty":577,"recipe_diet_type":false,"recipe_main_ingredient":[593,602],"recipe_saison":[561],"recipe_count_portions":4,"recipe_ingedients":[{"recipe_ingedients_amount":"30","recipe_ingedients_unit":"g","recipe_ingedients_product":"de Emmentaler DOP"},{"recipe_ingedients_amount":"2","recipe_ingedients_unit":"Scheibe","recipe_ingedients_product":"de pan tostado"},{"recipe_ingedients_amount":"0.75","recipe_ingedients_unit":"El","recipe_ingedients_product":"de mostaza"},{"recipe_ingedients_amount":"1","recipe_ingedients_unit":"Scheibe","recipe_ingedients_product":"de jam\u00f3n"},{"recipe_ingedients_amount":".5","recipe_ingedients_unit":"St\u00fcck","recipe_ingedients_product":"huevos"},{"recipe_ingedients_amount":"1","recipe_ingedients_unit":"El","recipe_ingedients_product":"de leche"},{"recipe_ingedients_amount":".75","recipe_ingedients_unit":"El","recipe_ingedients_product":"de mantequilla para fre\u00edr"},{"recipe_ingedients_amount":"","recipe_ingedients_unit":"Bedarf","recipe_ingedients_product":"Chile en polvo"},{"recipe_ingedients_amount":"","recipe_ingedients_unit":"Bedarf","recipe_ingedients_product":"Un par de hojas de r\u00facula"},{"recipe_ingedients_amount":"","recipe_ingedients_unit":"Bedarf","recipe_ingedients_product":"Sal"},{"recipe_ingedients_amount":"","recipe_ingedients_unit":"Bedarf","recipe_ingedients_product":"Az\u00facar glas"}],"temporare_zutaten":"120 g de Emmentaler AOC\r\n8 rebanadas de pan tostado\r\n3 cucharadas de mostaza\r\nChile en polvo\r\n4 lonchas de jam\u00f3n\r\nUn par de hojas de r\u00facula\r\n2 huevos\r\n4 cucharadas de leche\r\nSal\r\n3 cucharadas de mantequilla para fre\u00edr\r\nAz\u00facar glas","recipe_preparation":"<span style=\"font-weight: 400;\">Corta el Emmentaler en lonchas finas de unos 2\u00a0mm. Unta las tostadas con mostaza. Coloca la mitad del queso en cuatro de las tostadas y espolvorea el chile en polvo. Luego, pon el jam\u00f3n y la r\u00facula y el resto del queso. Vuelve a espolvorear con un poco de chile en polvo. C\u00fabrelo con las tostadas restantes y presiona.<\/span>\r\n\r\n<span style=\"font-weight: 400;\">Bate el huevo con leche y una pizca de sal. Dale una vuelta al s\u00e1ndwich en el huevo con leche y, luego, p\u00e1salo por la sart\u00e9n con mantequilla caliente por las dos caras durante un par de minutos cada lado, a fuego medio. Espolvorea con az\u00facar glas al gusto.<\/span>","recipe_images":[23002]},"_links":{"self":[{"href":"https:\/\/www.emmentaler.ch\/es\/wp-json\/wp\/v2\/recipes\/53335"}],"collection":[{"href":"https:\/\/www.emmentaler.ch\/es\/wp-json\/wp\/v2\/recipes"}],"about":[{"href":"https:\/\/www.emmentaler.ch\/es\/wp-json\/wp\/v2\/types\/recipes"}],"author":[{"embeddable":true,"href":"https:\/\/www.emmentaler.ch\/es\/wp-json\/wp\/v2\/users\/2"}],"version-history":[{"count":1,"href":"https:\/\/www.emmentaler.ch\/es\/wp-json\/wp\/v2\/recipes\/53335\/revisions"}],"predecessor-version":[{"id":137966,"href":"https:\/\/www.emmentaler.ch\/es\/wp-json\/wp\/v2\/recipes\/53335\/revisions\/137966"}],"acf:attachment":[{"embeddable":true,"href":"https:\/\/www.emmentaler.ch\/es\/wp-json\/wp\/v2\/media\/23002"}],"acf:term":[{"embeddable":true,"taxonomy":"recipe_saison","href":"https:\/\/www.emmentaler.ch\/es\/wp-json\/wp\/v2\/recipe_saison\/561"},{"embeddable":true,"taxonomy":"recipe_main_ingredient","href":"https:\/\/www.emmentaler.ch\/es\/wp-json\/wp\/v2\/recipe_main_ingredient\/602"},{"embeddable":true,"taxonomy":"recipe_main_ingredient","href":"https:\/\/www.emmentaler.ch\/es\/wp-json\/wp\/v2\/recipe_main_ingredient\/593"},{"embeddable":true,"taxonomy":"recipe_difficulty","href":"https:\/\/www.emmentaler.ch\/es\/wp-json\/wp\/v2\/recipe_difficulty\/577"},{"embeddable":true,"taxonomy":"recipe_categories","href":"https:\/\/www.emmentaler.ch\/es\/wp-json\/wp\/v2\/recipe_categories\/608"},{"embeddable":true,"taxonomy":"recipe_preparation_time","href":"https:\/\/www.emmentaler.ch\/es\/wp-json\/wp\/v2\/recipe_preparation_time\/627"}],"acf:post":[{"embeddable":true,"href":"https:\/\/www.emmentaler.ch\/es\/wp-json\/wp\/v2\/pages\/68478"}],"wp:featuredmedia":[{"embeddable":true,"href":"https:\/\/www.emmentaler.ch\/es\/wp-json\/wp\/v2\/media\/53356"}],"wp:attachment":[{"href":"https:\/\/www.emmentaler.ch\/es\/wp-json\/wp\/v2\/media?parent=53335"}],"wp:term":[{"taxonomy":"post_tag","embeddable":true,"href":"https:\/\/www.emmentaler.ch\/es\/wp-json\/wp\/v2\/tags?post=53335"},{"taxonomy":"recipe_categories","embeddable":true,"href":"https:\/\/www.emmentaler.ch\/es\/wp-json\/wp\/v2\/recipe_categories?post=53335"},{"taxonomy":"et_countries","embeddable":true,"href":"https:\/\/www.emmentaler.ch\/es\/wp-json\/wp\/v2\/et_countries?post=53335"},{"taxonomy":"recipe_main_ingredient","embeddable":true,"href":"https:\/\/www.emmentaler.ch\/es\/wp-json\/wp\/v2\/recipe_main_ingredient?post=53335"},{"taxonomy":"recipe_difficulty","embeddable":true,"href":"https:\/\/www.emmentaler.ch\/es\/wp-json\/wp\/v2\/recipe_difficulty?post=53335"},{"taxonomy":"recipe_preparation_time","embeddable":true,"href":"https:\/\/www.emmentaler.ch\/es\/wp-json\/wp\/v2\/recipe_preparation_time?post=53335"},{"taxonomy":"recipe_diet_type","embeddable":true,"href":"https:\/\/www.emmentaler.ch\/es\/wp-json\/wp\/v2\/recipe_diet_type?post=53335"},{"taxonomy":"recipe_saison","embeddable":true,"href":"https:\/\/www.emmentaler.ch\/es\/wp-json\/wp\/v2\/recipe_saison?post=53335"}],"curies":[{"name":"wp","href":"https:\/\/api.w.org\/{rel}","templated":true}]}}