{"id":55469,"date":"2022-04-27T13:57:46","date_gmt":"2022-04-27T11:57:46","guid":{"rendered":"https:\/\/www.emmentaler.ch\/rezept\/patatas-asadas-con-mascarpone-y-emmentaler-aop"},"modified":"2022-08-16T10:42:57","modified_gmt":"2022-08-16T08:42:57","slug":"patatas-asadas-con-mascarpone-y-emmentaler-dop","status":"publish","type":"recipes","link":"https:\/\/www.emmentaler.ch\/es\/recetas\/patatas-asadas-con-mascarpone-y-emmentaler-dop","title":{"rendered":"Patatas asadas con mascarpone y Emmentaler DOP"},"author":2,"featured_media":55485,"menu_order":0,"template":"","meta":{"inline_featured_image":false},"tags":[],"recipe_categories":[619],"et_countries":[],"recipe_main_ingredient":[602],"recipe_difficulty":[577],"recipe_preparation_time":[386],"recipe_diet_type":[562,570],"recipe_saison":[530,561,546],"acf":{"recipe_preparation_time":386,"recipe_categories":619,"recipe_time_txt":"","recipe_type":65952,"recipe_difficulty":577,"recipe_diet_type":[562,570],"recipe_main_ingredient":[602],"recipe_saison":[530,561,546],"recipe_count_portions":4,"recipe_ingedients":[{"recipe_ingedients_amount":"","recipe_ingedients_unit":"g","recipe_ingedients_product":""}],"temporare_zutaten":"200 g de Emmentaler AOP\r\n4 patatas de tama\u00f1o medio a grande\r\n300 g de mascarpone\r\n\u00bd lim\u00f3n\r\n12 nueces enteras\r\n1 manojo de cebollino\r\nSal\r\nPimienta","recipe_preparation":"Lavar bien las patatas, untarlas con un poco de sal y envolver luego cada patata en papel de aluminio sin apretar el papel excesivamente. Perforar el papel de aluminio en diferentes puntos y asar las patatas en el horno a 200 \u00b0C durante unos 50-60 minutos.\r\n\r\nMientras tanto preparar la salda, mezclar para ello el zumo de medio lim\u00f3n con mascarpone y agregar 100 gramos de Emmentaler AOP rallado o troceado, las nueces molidas as\u00ed como cebollino troceado, rectificando de sal.\r\n\r\nCuando las patatas est\u00e1n cocidas, abrir el papel de aluminio, hacer un corte de incisi\u00f3n en la patata y machacar un poco el interior de la patata con un cuchillo. Luego formar una peque\u00f1a taza en la patata y verter una cucharada de salsa en la misma. Las patatas asadas ser\u00e1n perfectas si las prepara muy calientes con el resto del Emmentaler AOP rallado. Luego las sirve con la salsa restante.","recipe_images":[26568]},"_links":{"self":[{"href":"https:\/\/www.emmentaler.ch\/es\/wp-json\/wp\/v2\/recipes\/55469"}],"collection":[{"href":"https:\/\/www.emmentaler.ch\/es\/wp-json\/wp\/v2\/recipes"}],"about":[{"href":"https:\/\/www.emmentaler.ch\/es\/wp-json\/wp\/v2\/types\/recipes"}],"author":[{"embeddable":true,"href":"https:\/\/www.emmentaler.ch\/es\/wp-json\/wp\/v2\/users\/2"}],"version-history":[{"count":0,"href":"https:\/\/www.emmentaler.ch\/es\/wp-json\/wp\/v2\/recipes\/55469\/revisions"}],"acf:attachment":[{"embeddable":true,"href":"https:\/\/www.emmentaler.ch\/es\/wp-json\/wp\/v2\/media\/26568"}],"acf:term":[{"embeddable":true,"taxonomy":"recipe_saison","href":"https:\/\/www.emmentaler.ch\/es\/wp-json\/wp\/v2\/recipe_saison\/546"},{"embeddable":true,"taxonomy":"recipe_saison","href":"https:\/\/www.emmentaler.ch\/es\/wp-json\/wp\/v2\/recipe_saison\/561"},{"embeddable":true,"taxonomy":"recipe_saison","href":"https:\/\/www.emmentaler.ch\/es\/wp-json\/wp\/v2\/recipe_saison\/530"},{"embeddable":true,"taxonomy":"recipe_main_ingredient","href":"https:\/\/www.emmentaler.ch\/es\/wp-json\/wp\/v2\/recipe_main_ingredient\/602"},{"embeddable":true,"taxonomy":"recipe_diet_type","href":"https:\/\/www.emmentaler.ch\/es\/wp-json\/wp\/v2\/recipe_diet_type\/570"},{"embeddable":true,"taxonomy":"recipe_diet_type","href":"https:\/\/www.emmentaler.ch\/es\/wp-json\/wp\/v2\/recipe_diet_type\/562"},{"embeddable":true,"taxonomy":"recipe_difficulty","href":"https:\/\/www.emmentaler.ch\/es\/wp-json\/wp\/v2\/recipe_difficulty\/577"},{"embeddable":true,"taxonomy":"recipe_categories","href":"https:\/\/www.emmentaler.ch\/es\/wp-json\/wp\/v2\/recipe_categories\/619"},{"embeddable":true,"taxonomy":"recipe_preparation_time","href":"https:\/\/www.emmentaler.ch\/es\/wp-json\/wp\/v2\/recipe_preparation_time\/386"}],"acf:post":[{"embeddable":true,"href":"https:\/\/www.emmentaler.ch\/es\/wp-json\/wp\/v2\/pages\/65952"}],"wp:featuredmedia":[{"embeddable":true,"href":"https:\/\/www.emmentaler.ch\/es\/wp-json\/wp\/v2\/media\/55485"}],"wp:attachment":[{"href":"https:\/\/www.emmentaler.ch\/es\/wp-json\/wp\/v2\/media?parent=55469"}],"wp:term":[{"taxonomy":"post_tag","embeddable":true,"href":"https:\/\/www.emmentaler.ch\/es\/wp-json\/wp\/v2\/tags?post=55469"},{"taxonomy":"recipe_categories","embeddable":true,"href":"https:\/\/www.emmentaler.ch\/es\/wp-json\/wp\/v2\/recipe_categories?post=55469"},{"taxonomy":"et_countries","embeddable":true,"href":"https:\/\/www.emmentaler.ch\/es\/wp-json\/wp\/v2\/et_countries?post=55469"},{"taxonomy":"recipe_main_ingredient","embeddable":true,"href":"https:\/\/www.emmentaler.ch\/es\/wp-json\/wp\/v2\/recipe_main_ingredient?post=55469"},{"taxonomy":"recipe_difficulty","embeddable":true,"href":"https:\/\/www.emmentaler.ch\/es\/wp-json\/wp\/v2\/recipe_difficulty?post=55469"},{"taxonomy":"recipe_preparation_time","embeddable":true,"href":"https:\/\/www.emmentaler.ch\/es\/wp-json\/wp\/v2\/recipe_preparation_time?post=55469"},{"taxonomy":"recipe_diet_type","embeddable":true,"href":"https:\/\/www.emmentaler.ch\/es\/wp-json\/wp\/v2\/recipe_diet_type?post=55469"},{"taxonomy":"recipe_saison","embeddable":true,"href":"https:\/\/www.emmentaler.ch\/es\/wp-json\/wp\/v2\/recipe_saison?post=55469"}],"curies":[{"name":"wp","href":"https:\/\/api.w.org\/{rel}","templated":true}]}}