{"id":134721,"date":"2024-02-29T10:33:43","date_gmt":"2024-02-29T09:33:43","guid":{"rendered":"https:\/\/www.emmentaler.ch\/?post_type=recipes&#038;p=134721"},"modified":"2026-04-08T17:10:47","modified_gmt":"2026-04-08T15:10:47","slug":"sables-a-lemmentaler-aop-et-au-romarin","status":"publish","type":"recipes","link":"https:\/\/www.emmentaler.ch\/fr\/recettes\/sables-a-lemmentaler-aop-et-au-romarin","title":{"rendered":"Sabl\u00e9s \u00e0 l\u2019Emmentaler AOP et au romarin"},"author":17,"featured_media":134731,"menu_order":0,"template":"","meta":{"inline_featured_image":false},"tags":[927],"recipe_categories":[606],"et_countries":[],"recipe_main_ingredient":[],"recipe_difficulty":[575],"recipe_preparation_time":[272],"recipe_diet_type":[572],"recipe_saison":[559],"acf":{"recipe_preparation_time":272,"recipe_categories":606,"recipe_time_txt":"Pr\u00e9paration, dur\u00e9e environ 30 minutes (plus 1 heure au r\u00e9frig\u00e9rateur et 10 minutes de cuisson)","recipe_type":64303,"recipe_difficulty":575,"recipe_diet_type":[572],"recipe_main_ingredient":false,"recipe_saison":[559],"recipe_count_portions":4,"recipe_ingedients":[{"recipe_ingedients_amount":"37.5","recipe_ingedients_unit":"g","recipe_ingedients_product":"de beurre, coup\u00e9 en d\u00e9s"},{"recipe_ingedients_amount":"30","recipe_ingedients_unit":"g","recipe_ingedients_product":"d\u2019Emmentaler AOP affin\u00e9, r\u00e2p\u00e9 finement"},{"recipe_ingedients_amount":"62.5","recipe_ingedients_unit":"g","recipe_ingedients_product":"de farine d\u2019\u00e9peautre"},{"recipe_ingedients_amount":"0.25","recipe_ingedients_unit":"St\u00fcck","recipe_ingedients_product":"blanc d\u2019\u0153uf"},{"recipe_ingedients_amount":"0.1875","recipe_ingedients_unit":"Tl","recipe_ingedients_product":"de sel"},{"recipe_ingedients_amount":"0.0625","recipe_ingedients_unit":"Tl","recipe_ingedients_product":"de noix de muscade"},{"recipe_ingedients_amount":"0.375","recipe_ingedients_unit":"El","recipe_ingedients_product":"de romarin frais, hach\u00e9"},{"recipe_ingedients_amount":"","recipe_ingedients_unit":"Bedarf","recipe_ingedients_product":"Un peu de fleur de sel \u00e0 saupoudrer"},{"recipe_ingedients_amount":"","recipe_ingedients_unit":"Bedarf","recipe_ingedients_product":"Une poign\u00e9e d\u2019aiguilles de romarin pour d\u00e9corer"}],"temporare_zutaten":"","recipe_preparation":"Pour environ 24 pi\u00e8ces.\r\n<ol>\r\n \t<li>P\u00e9trir bri\u00e8vement le beurre, l\u2019Emmentaler AOP, la farine d\u2019\u00e9peautre, le blanc d\u2019\u0153uf, le sel, la noix de muscade et le romarin hach\u00e9 jusqu\u2019\u00e0 obtention d\u2019une p\u00e2te homog\u00e8ne.<\/li>\r\n \t<li>Former un rouleau de p\u00e2te de 25 cm et de 5 cm de diam\u00e8tre environ, envelopper dans du film alimentaire et laisser reposer 1 heure au r\u00e9frig\u00e9rateur.<\/li>\r\n \t<li>Pr\u00e9chauffer le four \u00e0 200\u00b0C en position chaleur sol\/vo\u00fbte et garnir deux plaques \u00e0 four de papier cuisson.<\/li>\r\n \t<li>Couper le rouleau de p\u00e2te en rondelles d\u20191 cm d\u2019\u00e9paisseur et disposer les biscuits sur les plaques. Saupoudrer d\u2019un peu de fleur de sel et d\u00e9corer avec les aiguilles de romarin.<\/li>\r\n \t<li>Cuire chaque plaque 10 \u00e0 12 minutes jusqu\u2019\u00e0 ce que les bords des sabl\u00e9s soient dor\u00e9s.<\/li>\r\n \t<li>Laisser refroidir enti\u00e8rement sur une grille.<\/li>\r\n<\/ol>","recipe_images":[134731]},"_links":{"self":[{"href":"https:\/\/www.emmentaler.ch\/fr\/wp-json\/wp\/v2\/recipes\/134721"}],"collection":[{"href":"https:\/\/www.emmentaler.ch\/fr\/wp-json\/wp\/v2\/recipes"}],"about":[{"href":"https:\/\/www.emmentaler.ch\/fr\/wp-json\/wp\/v2\/types\/recipes"}],"author":[{"embeddable":true,"href":"https:\/\/www.emmentaler.ch\/fr\/wp-json\/wp\/v2\/users\/17"}],"version-history":[{"count":2,"href":"https:\/\/www.emmentaler.ch\/fr\/wp-json\/wp\/v2\/recipes\/134721\/revisions"}],"predecessor-version":[{"id":136809,"href":"https:\/\/www.emmentaler.ch\/fr\/wp-json\/wp\/v2\/recipes\/134721\/revisions\/136809"}],"acf:attachment":[{"embeddable":true,"href":"https:\/\/www.emmentaler.ch\/fr\/wp-json\/wp\/v2\/media\/134731"}],"acf:term":[{"embeddable":true,"taxonomy":"recipe_saison","href":"https:\/\/www.emmentaler.ch\/fr\/wp-json\/wp\/v2\/recipe_saison\/559"},{"embeddable":true,"taxonomy":"recipe_diet_type","href":"https:\/\/www.emmentaler.ch\/fr\/wp-json\/wp\/v2\/recipe_diet_type\/572"},{"embeddable":true,"taxonomy":"recipe_difficulty","href":"https:\/\/www.emmentaler.ch\/fr\/wp-json\/wp\/v2\/recipe_difficulty\/575"},{"embeddable":true,"taxonomy":"recipe_categories","href":"https:\/\/www.emmentaler.ch\/fr\/wp-json\/wp\/v2\/recipe_categories\/606"},{"embeddable":true,"taxonomy":"recipe_preparation_time","href":"https:\/\/www.emmentaler.ch\/fr\/wp-json\/wp\/v2\/recipe_preparation_time\/272"}],"acf:post":[{"embeddable":true,"href":"https:\/\/www.emmentaler.ch\/fr\/wp-json\/wp\/v2\/pages\/64303"}],"wp:featuredmedia":[{"embeddable":true,"href":"https:\/\/www.emmentaler.ch\/fr\/wp-json\/wp\/v2\/media\/134731"}],"wp:attachment":[{"href":"https:\/\/www.emmentaler.ch\/fr\/wp-json\/wp\/v2\/media?parent=134721"}],"wp:term":[{"taxonomy":"post_tag","embeddable":true,"href":"https:\/\/www.emmentaler.ch\/fr\/wp-json\/wp\/v2\/tags?post=134721"},{"taxonomy":"recipe_categories","embeddable":true,"href":"https:\/\/www.emmentaler.ch\/fr\/wp-json\/wp\/v2\/recipe_categories?post=134721"},{"taxonomy":"et_countries","embeddable":true,"href":"https:\/\/www.emmentaler.ch\/fr\/wp-json\/wp\/v2\/et_countries?post=134721"},{"taxonomy":"recipe_main_ingredient","embeddable":true,"href":"https:\/\/www.emmentaler.ch\/fr\/wp-json\/wp\/v2\/recipe_main_ingredient?post=134721"},{"taxonomy":"recipe_difficulty","embeddable":true,"href":"https:\/\/www.emmentaler.ch\/fr\/wp-json\/wp\/v2\/recipe_difficulty?post=134721"},{"taxonomy":"recipe_preparation_time","embeddable":true,"href":"https:\/\/www.emmentaler.ch\/fr\/wp-json\/wp\/v2\/recipe_preparation_time?post=134721"},{"taxonomy":"recipe_diet_type","embeddable":true,"href":"https:\/\/www.emmentaler.ch\/fr\/wp-json\/wp\/v2\/recipe_diet_type?post=134721"},{"taxonomy":"recipe_saison","embeddable":true,"href":"https:\/\/www.emmentaler.ch\/fr\/wp-json\/wp\/v2\/recipe_saison?post=134721"}],"curies":[{"name":"wp","href":"https:\/\/api.w.org\/{rel}","templated":true}]}}