{"id":136917,"date":"2024-05-30T08:42:20","date_gmt":"2024-05-30T06:42:20","guid":{"rendered":"https:\/\/www.emmentaler.ch\/rezept\/bouchees-a-lemmentaler-aop-avec-dip"},"modified":"2026-04-08T17:08:14","modified_gmt":"2026-04-08T15:08:14","slug":"bouchees-a-lemmentaler-aop-avec-dip","status":"publish","type":"recipes","link":"https:\/\/www.emmentaler.ch\/fr\/recettes\/bouchees-a-lemmentaler-aop-avec-dip","title":{"rendered":"Bouch\u00e9es \u00e0 l\u2019Emmentaler AOP avec dip"},"author":17,"featured_media":136911,"menu_order":0,"template":"","meta":{"inline_featured_image":false},"tags":[927],"recipe_categories":[606],"et_countries":[],"recipe_main_ingredient":[596],"recipe_difficulty":[580],"recipe_preparation_time":[278],"recipe_diet_type":[572],"recipe_saison":[559],"acf":{"recipe_preparation_time":278,"recipe_categories":606,"recipe_time_txt":"","recipe_type":64303,"recipe_difficulty":580,"recipe_diet_type":[572],"recipe_main_ingredient":[596],"recipe_saison":[559],"recipe_count_portions":4,"recipe_ingedients":[{"recipe_ingedients_amount":"15","recipe_ingedients_unit":"g","recipe_ingedients_product":"de cornettes du lutteur cuites "},{"recipe_ingedients_amount":"7.5","recipe_ingedients_unit":"g","recipe_ingedients_product":"d\u2019oignon hach\u00e9 "},{"recipe_ingedients_amount":"15","recipe_ingedients_unit":"g","recipe_ingedients_product":"Emmentaler AOP "},{"recipe_ingedients_amount":"7.5","recipe_ingedients_unit":"g","recipe_ingedients_product":"de beurre "},{"recipe_ingedients_amount":"6.25","recipe_ingedients_unit":"g","recipe_ingedients_product":"de farine "},{"recipe_ingedients_amount":"15","recipe_ingedients_unit":"g","recipe_ingedients_product":"de vin blanc"},{"recipe_ingedients_amount":"30","recipe_ingedients_unit":"g","recipe_ingedients_product":"de cr\u00e8me enti\u00e8re"},{"recipe_ingedients_amount":"","recipe_ingedients_unit":"Bedarf","recipe_ingedients_product":"Farine, \u0153uf et chapelure "},{"recipe_ingedients_amount":"","recipe_ingedients_unit":"Bedarf","recipe_ingedients_product":"Sel "},{"recipe_ingedients_amount":"2.5","recipe_ingedients_unit":"g","recipe_ingedients_product":"d\u2019oignon "},{"recipe_ingedients_amount":"0.5","recipe_ingedients_unit":"St\u00fcck","recipe_ingedients_product":"pommes "},{"recipe_ingedients_amount":"","recipe_ingedients_unit":"Bedarf","recipe_ingedients_product":"Sel, poivre, poivre de Cayenne "}],"temporare_zutaten":"","recipe_preparation":"<ol>\r\n \t<li>Faire fondre le beurre, ajouter la farine et remuer pour obtenir un roux.<\/li>\r\n \t<li>D\u00e9glacer avec le vin blanc, ajouter la cr\u00e8me enti\u00e8re et porter \u00e0 \u00e9bullition en remuant constamment.<\/li>\r\n \t<li>Faire fondre le fromage dans la pr\u00e9paration chauff\u00e9e et ajouter les cornettes du lutteur pr\u00e9cuites. Bien m\u00e9langer et assaisonner.<\/li>\r\n \t<li>\u00c9taler la pr\u00e9paration pour qu\u2019elle ait environ 2 cm d\u2019\u00e9paisseur et la laisser refroidir. Une fois que la pr\u00e9paration est froide, la couper en rectangles.<\/li>\r\n \t<li>Paner les rectangles et les faire frire \u00e0 170\u00b0 C jusqu\u2019\u00e0 ce qu\u2019ils soient dor\u00e9s.<\/li>\r\n \t<li>Pour le dip, hacher l\u2019oignon et le faire revenir dans un peu d\u2019huile de colza.<\/li>\r\n \t<li>Peler les pommes, les couper en d\u00e9s et les ajouter dans la po\u00eale. Faire cuire l\u2019oignon et les d\u00e9s de pommes jusqu\u2019\u00e0 ce qu\u2019ils soient tendres, puis les mixer finement et assaisonner<\/li>\r\n \t<li>Servir cette pr\u00e9paration comme dip pour les bouch\u00e9es.<\/li>\r\n<\/ol>","recipe_images":[136911]},"_links":{"self":[{"href":"https:\/\/www.emmentaler.ch\/fr\/wp-json\/wp\/v2\/recipes\/136917"}],"collection":[{"href":"https:\/\/www.emmentaler.ch\/fr\/wp-json\/wp\/v2\/recipes"}],"about":[{"href":"https:\/\/www.emmentaler.ch\/fr\/wp-json\/wp\/v2\/types\/recipes"}],"author":[{"embeddable":true,"href":"https:\/\/www.emmentaler.ch\/fr\/wp-json\/wp\/v2\/users\/17"}],"version-history":[{"count":1,"href":"https:\/\/www.emmentaler.ch\/fr\/wp-json\/wp\/v2\/recipes\/136917\/revisions"}],"predecessor-version":[{"id":136918,"href":"https:\/\/www.emmentaler.ch\/fr\/wp-json\/wp\/v2\/recipes\/136917\/revisions\/136918"}],"acf:attachment":[{"embeddable":true,"href":"https:\/\/www.emmentaler.ch\/fr\/wp-json\/wp\/v2\/media\/136911"}],"acf:term":[{"embeddable":true,"taxonomy":"recipe_saison","href":"https:\/\/www.emmentaler.ch\/fr\/wp-json\/wp\/v2\/recipe_saison\/559"},{"embeddable":true,"taxonomy":"recipe_main_ingredient","href":"https:\/\/www.emmentaler.ch\/fr\/wp-json\/wp\/v2\/recipe_main_ingredient\/596"},{"embeddable":true,"taxonomy":"recipe_diet_type","href":"https:\/\/www.emmentaler.ch\/fr\/wp-json\/wp\/v2\/recipe_diet_type\/572"},{"embeddable":true,"taxonomy":"recipe_difficulty","href":"https:\/\/www.emmentaler.ch\/fr\/wp-json\/wp\/v2\/recipe_difficulty\/580"},{"embeddable":true,"taxonomy":"recipe_categories","href":"https:\/\/www.emmentaler.ch\/fr\/wp-json\/wp\/v2\/recipe_categories\/606"},{"embeddable":true,"taxonomy":"recipe_preparation_time","href":"https:\/\/www.emmentaler.ch\/fr\/wp-json\/wp\/v2\/recipe_preparation_time\/278"}],"acf:post":[{"embeddable":true,"href":"https:\/\/www.emmentaler.ch\/fr\/wp-json\/wp\/v2\/pages\/64303"}],"wp:featuredmedia":[{"embeddable":true,"href":"https:\/\/www.emmentaler.ch\/fr\/wp-json\/wp\/v2\/media\/136911"}],"wp:attachment":[{"href":"https:\/\/www.emmentaler.ch\/fr\/wp-json\/wp\/v2\/media?parent=136917"}],"wp:term":[{"taxonomy":"post_tag","embeddable":true,"href":"https:\/\/www.emmentaler.ch\/fr\/wp-json\/wp\/v2\/tags?post=136917"},{"taxonomy":"recipe_categories","embeddable":true,"href":"https:\/\/www.emmentaler.ch\/fr\/wp-json\/wp\/v2\/recipe_categories?post=136917"},{"taxonomy":"et_countries","embeddable":true,"href":"https:\/\/www.emmentaler.ch\/fr\/wp-json\/wp\/v2\/et_countries?post=136917"},{"taxonomy":"recipe_main_ingredient","embeddable":true,"href":"https:\/\/www.emmentaler.ch\/fr\/wp-json\/wp\/v2\/recipe_main_ingredient?post=136917"},{"taxonomy":"recipe_difficulty","embeddable":true,"href":"https:\/\/www.emmentaler.ch\/fr\/wp-json\/wp\/v2\/recipe_difficulty?post=136917"},{"taxonomy":"recipe_preparation_time","embeddable":true,"href":"https:\/\/www.emmentaler.ch\/fr\/wp-json\/wp\/v2\/recipe_preparation_time?post=136917"},{"taxonomy":"recipe_diet_type","embeddable":true,"href":"https:\/\/www.emmentaler.ch\/fr\/wp-json\/wp\/v2\/recipe_diet_type?post=136917"},{"taxonomy":"recipe_saison","embeddable":true,"href":"https:\/\/www.emmentaler.ch\/fr\/wp-json\/wp\/v2\/recipe_saison?post=136917"}],"curies":[{"name":"wp","href":"https:\/\/api.w.org\/{rel}","templated":true}]}}