{"id":139211,"date":"2024-11-26T17:31:12","date_gmt":"2024-11-26T16:31:12","guid":{"rendered":"https:\/\/www.emmentaler.ch\/?post_type=recipes&#038;p=139211"},"modified":"2026-04-08T17:00:23","modified_gmt":"2026-04-08T15:00:23","slug":"zoe-torinesis-sapins-de-noel-a-lemmentaler-aop-et-au-jambon","status":"publish","type":"recipes","link":"https:\/\/www.emmentaler.ch\/fr\/recettes\/zoe-torinesis-sapins-de-noel-a-lemmentaler-aop-et-au-jambon","title":{"rendered":"Zoe Torinesis sapins de No\u00ebl \u00e0 l\u2019Emmentaler AOP et au jambon"},"author":17,"featured_media":139177,"menu_order":0,"template":"","meta":{"inline_featured_image":false},"tags":[927],"recipe_categories":[728],"et_countries":[],"recipe_main_ingredient":[],"recipe_difficulty":[575],"recipe_preparation_time":[270],"recipe_diet_type":[],"recipe_saison":[551],"acf":{"recipe_preparation_time":270,"recipe_categories":728,"recipe_time_txt":"","recipe_type":63911,"recipe_difficulty":575,"recipe_diet_type":false,"recipe_main_ingredient":false,"recipe_saison":[551],"recipe_count_portions":"","recipe_ingedients":[{"recipe_ingedients_amount":"","recipe_ingedients_unit":"g","recipe_ingedients_product":""}],"temporare_zutaten":"<strong>Ingr\u00e9dients pour 10\u00a0sapins environ<\/strong>\r\n<ul>\r\n \t<li>2\u00a0p\u00e2tes feuillet\u00e9es rectangulaires d\u2019env.\u00a025\u00a0x\u00a040\u00a0cm chacune, abaiss\u00e9es<\/li>\r\n \t<li>70\u00a0g de fromage frais<\/li>\r\n \t<li>1,5\u00a0paquet d\u2019Emmentaler\u00a0AOP en fines tranches de 80\u00a0g chacun<\/li>\r\n \t<li>180 \u00e0 200\u00a0g de tranches de jambon cuit (p. ex. jambon de campagne)<\/li>\r\n \t<li>10\u00a0brochettes en bois<\/li>\r\n<\/ul>","recipe_preparation":"<strong>Conseil: <\/strong>Sortir tous les ingr\u00e9dients du r\u00e9frig\u00e9rateur juste avant la pr\u00e9paration, la r\u00e9alisation des petits sapins sera ainsi plus facile.\r\n<ol>\r\n \t<li>Devant soi, disposer une p\u00e2te feuillet\u00e9e horizontalement, de mani\u00e8re \u00e0 ce que le c\u00f4t\u00e9 le plus long soit orient\u00e9 vers le bas.<\/li>\r\n \t<li>Badigeonner la p\u00e2te de fromage frais, garnir de fines tranches d\u2019Emmentaler\u00a0AOP et ajouter une couche de jambon.<\/li>\r\n \t<li>\u00c0 l\u2019aide d\u2019une roulette \u00e0 pizza ou d\u2019un long couteau, d\u00e9couper la p\u00e2te dans le sens de la longueur (c\u2019est-\u00e0-dire horizontalement) en bandes de 2 \u00e0 2,5\u00a0cm de large.<\/li>\r\n \t<li>Couvrir une plaque de papier cuisson et pr\u00e9chauffer le four \u00e0 200\u00a0degr\u00e9s (chaleur sole-vo\u00fbte).<\/li>\r\n \t<li>Plier chaque bande de p\u00e2te sur elle-m\u00eame de mani\u00e8re \u00e0 r\u00e9aliser un sapin (voir photo), en partant d\u2019une base large, pour finir de plus en plus \u00e9troit. Piquer les brochettes en bois de bas en haut.<\/li>\r\n \t<li>Faire cuire env.\u00a020\u00a0minutes jusqu\u2019\u00e0 ce que les sapins soient dor\u00e9s, puis les laisser compl\u00e8tement refroidir sur la plaque.<\/li>\r\n \t<li>On peut aussi d\u00e9couper des \u00e9toiles \u00e0 l\u2019aide d\u2019un emporte-pi\u00e8ce dans une autre p\u00e2te et les faire cuire s\u00e9par\u00e9ment et moins longtemps que les sapins, pour ne pas les br\u00fbler.<\/li>\r\n<\/ol>\r\n<strong>Conseil contre le gaspillage alimentaire:<\/strong> Garnir la p\u00e2te restante avec le reste des ingr\u00e9dients, la rouler sur elle-m\u00eame puis la d\u00e9couper en tranches de mani\u00e8re \u00e0 former des escargots. Pour finir, les cuire \u00e9galement au four.","recipe_images":[null]},"_links":{"self":[{"href":"https:\/\/www.emmentaler.ch\/fr\/wp-json\/wp\/v2\/recipes\/139211"}],"collection":[{"href":"https:\/\/www.emmentaler.ch\/fr\/wp-json\/wp\/v2\/recipes"}],"about":[{"href":"https:\/\/www.emmentaler.ch\/fr\/wp-json\/wp\/v2\/types\/recipes"}],"author":[{"embeddable":true,"href":"https:\/\/www.emmentaler.ch\/fr\/wp-json\/wp\/v2\/users\/17"}],"version-history":[{"count":1,"href":"https:\/\/www.emmentaler.ch\/fr\/wp-json\/wp\/v2\/recipes\/139211\/revisions"}],"predecessor-version":[{"id":139215,"href":"https:\/\/www.emmentaler.ch\/fr\/wp-json\/wp\/v2\/recipes\/139211\/revisions\/139215"}],"acf:attachment":[{"embeddable":true,"href":"https:\/\/www.emmentaler.ch\/fr\/wp-json\/wp\/v2\/media\/"}],"acf:term":[{"embeddable":true,"taxonomy":"recipe_saison","href":"https:\/\/www.emmentaler.ch\/fr\/wp-json\/wp\/v2\/recipe_saison\/551"},{"embeddable":true,"taxonomy":"recipe_difficulty","href":"https:\/\/www.emmentaler.ch\/fr\/wp-json\/wp\/v2\/recipe_difficulty\/575"},{"embeddable":true,"taxonomy":"recipe_categories","href":"https:\/\/www.emmentaler.ch\/fr\/wp-json\/wp\/v2\/recipe_categories\/728"},{"embeddable":true,"taxonomy":"recipe_preparation_time","href":"https:\/\/www.emmentaler.ch\/fr\/wp-json\/wp\/v2\/recipe_preparation_time\/270"}],"acf:post":[{"embeddable":true,"href":"https:\/\/www.emmentaler.ch\/fr\/wp-json\/wp\/v2\/pages\/63911"}],"wp:featuredmedia":[{"embeddable":true,"href":"https:\/\/www.emmentaler.ch\/fr\/wp-json\/wp\/v2\/media\/139177"}],"wp:attachment":[{"href":"https:\/\/www.emmentaler.ch\/fr\/wp-json\/wp\/v2\/media?parent=139211"}],"wp:term":[{"taxonomy":"post_tag","embeddable":true,"href":"https:\/\/www.emmentaler.ch\/fr\/wp-json\/wp\/v2\/tags?post=139211"},{"taxonomy":"recipe_categories","embeddable":true,"href":"https:\/\/www.emmentaler.ch\/fr\/wp-json\/wp\/v2\/recipe_categories?post=139211"},{"taxonomy":"et_countries","embeddable":true,"href":"https:\/\/www.emmentaler.ch\/fr\/wp-json\/wp\/v2\/et_countries?post=139211"},{"taxonomy":"recipe_main_ingredient","embeddable":true,"href":"https:\/\/www.emmentaler.ch\/fr\/wp-json\/wp\/v2\/recipe_main_ingredient?post=139211"},{"taxonomy":"recipe_difficulty","embeddable":true,"href":"https:\/\/www.emmentaler.ch\/fr\/wp-json\/wp\/v2\/recipe_difficulty?post=139211"},{"taxonomy":"recipe_preparation_time","embeddable":true,"href":"https:\/\/www.emmentaler.ch\/fr\/wp-json\/wp\/v2\/recipe_preparation_time?post=139211"},{"taxonomy":"recipe_diet_type","embeddable":true,"href":"https:\/\/www.emmentaler.ch\/fr\/wp-json\/wp\/v2\/recipe_diet_type?post=139211"},{"taxonomy":"recipe_saison","embeddable":true,"href":"https:\/\/www.emmentaler.ch\/fr\/wp-json\/wp\/v2\/recipe_saison?post=139211"}],"curies":[{"name":"wp","href":"https:\/\/api.w.org\/{rel}","templated":true}]}}