{"id":141157,"date":"2025-06-05T14:57:09","date_gmt":"2025-06-05T12:57:09","guid":{"rendered":"https:\/\/www.emmentaler.ch\/rezept\/panzanella-au-emmentaler-aop-fromage-a-griller"},"modified":"2026-04-08T16:57:10","modified_gmt":"2026-04-08T14:57:10","slug":"panzanella-au-emmentaler-aop-fromage-a-griller","status":"publish","type":"recipes","link":"https:\/\/www.emmentaler.ch\/fr\/recettes\/panzanella-au-emmentaler-aop-fromage-a-griller","title":{"rendered":"Panzanella au Emmentaler AOP fromage \u00e0 griller"},"author":17,"featured_media":141118,"menu_order":0,"template":"","meta":{"inline_featured_image":false},"tags":[880,876,879,878,877,881,927],"recipe_categories":[617],"et_countries":[],"recipe_main_ingredient":[],"recipe_difficulty":[575],"recipe_preparation_time":[625],"recipe_diet_type":[],"recipe_saison":[548],"acf":{"recipe_preparation_time":625,"recipe_categories":617,"recipe_time_txt":"","recipe_type":64272,"recipe_difficulty":575,"recipe_diet_type":false,"recipe_main_ingredient":false,"recipe_saison":[548],"recipe_count_portions":4,"recipe_ingedients":[{"recipe_ingedients_amount":"30","recipe_ingedients_unit":"g","recipe_ingedients_product":"Emmentaler AOP fromage \u00e0 griller"},{"recipe_ingedients_amount":"50","recipe_ingedients_unit":"g","recipe_ingedients_product":"de concombre, en gros morceaux"},{"recipe_ingedients_amount":"75","recipe_ingedients_unit":"g","recipe_ingedients_product":"de tomates ou tomates cerises, coup\u00e9es en grosses tranches"},{"recipe_ingedients_amount":"0.25","recipe_ingedients_unit":"St\u00fcck","recipe_ingedients_product":"poivron jaune, coup\u00e9 en gros morceaux"},{"recipe_ingedients_amount":"0.25","recipe_ingedients_unit":"St\u00fcck","recipe_ingedients_product":"petit oignon rouge, en fines lamelles"},{"recipe_ingedients_amount":"25","recipe_ingedients_unit":"g","recipe_ingedients_product":"de pain sec, coup\u00e9 en gros d\u00e9s"},{"recipe_ingedients_amount":"0.125","recipe_ingedients_unit":"Bd","recipe_ingedients_product":"bouquet de basilic frais, hach\u00e9 grossi\u00e8rement"},{"recipe_ingedients_amount":"","recipe_ingedients_unit":"Bedarf","recipe_ingedients_product":"Huile d\u2019olive"},{"recipe_ingedients_amount":"","recipe_ingedients_unit":"Bedarf","recipe_ingedients_product":"Vinaigre balsamique blanc"},{"recipe_ingedients_amount":"","recipe_ingedients_unit":"Bedarf","recipe_ingedients_product":"Sel et poivre du moulin"}],"temporare_zutaten":"","recipe_preparation":"<ol>\r\n \t<li>Faire griller le fromage sur le gril ou dans une po\u00eale sans mati\u00e8re grasse pendant env.\u00a06\u00a0minutes, de mani\u00e8re \u00e0 ce qu\u2019il soit l\u00e9g\u00e8rement croustillant et color\u00e9 \u00e0 l\u2019ext\u00e9rieur. R\u00e9server et laisser refroidir afin que la texture devienne un peu plus ferme.<\/li>\r\n \t<li>Pendant ce temps, placer les l\u00e9gumes, le pain et le basilic dans un saladier. Couper le fromage grill\u00e9 refroidi en rondelles et l\u2019ajouter au reste.<\/li>\r\n \t<li>Assaisonner selon les go\u00fbts avec de l\u2019huile d\u2019olive, du vinaigre balsamique, du sel et du poivre. Go\u00fbter pour ajuster l\u2019assaisonnement si besoin, puis d\u00e9guster.<\/li>\r\n<\/ol>","recipe_images":[141118]},"_links":{"self":[{"href":"https:\/\/www.emmentaler.ch\/fr\/wp-json\/wp\/v2\/recipes\/141157"}],"collection":[{"href":"https:\/\/www.emmentaler.ch\/fr\/wp-json\/wp\/v2\/recipes"}],"about":[{"href":"https:\/\/www.emmentaler.ch\/fr\/wp-json\/wp\/v2\/types\/recipes"}],"author":[{"embeddable":true,"href":"https:\/\/www.emmentaler.ch\/fr\/wp-json\/wp\/v2\/users\/17"}],"version-history":[{"count":1,"href":"https:\/\/www.emmentaler.ch\/fr\/wp-json\/wp\/v2\/recipes\/141157\/revisions"}],"predecessor-version":[{"id":141162,"href":"https:\/\/www.emmentaler.ch\/fr\/wp-json\/wp\/v2\/recipes\/141157\/revisions\/141162"}],"acf:attachment":[{"embeddable":true,"href":"https:\/\/www.emmentaler.ch\/fr\/wp-json\/wp\/v2\/media\/141118"}],"acf:term":[{"embeddable":true,"taxonomy":"recipe_saison","href":"https:\/\/www.emmentaler.ch\/fr\/wp-json\/wp\/v2\/recipe_saison\/548"},{"embeddable":true,"taxonomy":"recipe_difficulty","href":"https:\/\/www.emmentaler.ch\/fr\/wp-json\/wp\/v2\/recipe_difficulty\/575"},{"embeddable":true,"taxonomy":"recipe_categories","href":"https:\/\/www.emmentaler.ch\/fr\/wp-json\/wp\/v2\/recipe_categories\/617"},{"embeddable":true,"taxonomy":"recipe_preparation_time","href":"https:\/\/www.emmentaler.ch\/fr\/wp-json\/wp\/v2\/recipe_preparation_time\/625"}],"acf:post":[{"embeddable":true,"href":"https:\/\/www.emmentaler.ch\/fr\/wp-json\/wp\/v2\/pages\/64272"}],"wp:featuredmedia":[{"embeddable":true,"href":"https:\/\/www.emmentaler.ch\/fr\/wp-json\/wp\/v2\/media\/141118"}],"wp:attachment":[{"href":"https:\/\/www.emmentaler.ch\/fr\/wp-json\/wp\/v2\/media?parent=141157"}],"wp:term":[{"taxonomy":"post_tag","embeddable":true,"href":"https:\/\/www.emmentaler.ch\/fr\/wp-json\/wp\/v2\/tags?post=141157"},{"taxonomy":"recipe_categories","embeddable":true,"href":"https:\/\/www.emmentaler.ch\/fr\/wp-json\/wp\/v2\/recipe_categories?post=141157"},{"taxonomy":"et_countries","embeddable":true,"href":"https:\/\/www.emmentaler.ch\/fr\/wp-json\/wp\/v2\/et_countries?post=141157"},{"taxonomy":"recipe_main_ingredient","embeddable":true,"href":"https:\/\/www.emmentaler.ch\/fr\/wp-json\/wp\/v2\/recipe_main_ingredient?post=141157"},{"taxonomy":"recipe_difficulty","embeddable":true,"href":"https:\/\/www.emmentaler.ch\/fr\/wp-json\/wp\/v2\/recipe_difficulty?post=141157"},{"taxonomy":"recipe_preparation_time","embeddable":true,"href":"https:\/\/www.emmentaler.ch\/fr\/wp-json\/wp\/v2\/recipe_preparation_time?post=141157"},{"taxonomy":"recipe_diet_type","embeddable":true,"href":"https:\/\/www.emmentaler.ch\/fr\/wp-json\/wp\/v2\/recipe_diet_type?post=141157"},{"taxonomy":"recipe_saison","embeddable":true,"href":"https:\/\/www.emmentaler.ch\/fr\/wp-json\/wp\/v2\/recipe_saison?post=141157"}],"curies":[{"name":"wp","href":"https:\/\/api.w.org\/{rel}","templated":true}]}}