{"id":27365,"date":"2022-04-27T13:41:56","date_gmt":"2022-04-27T11:41:56","guid":{"rendered":"https:\/\/www.emmentaler.ch\/rezept\/frittata-aux-courgettes"},"modified":"2022-06-27T14:22:44","modified_gmt":"2022-06-27T12:22:44","slug":"frittata-aux-courgettes","status":"publish","type":"recipes","link":"https:\/\/www.emmentaler.ch\/fr\/recettes\/frittata-aux-courgettes","title":{"rendered":"Frittata aux courgettes"},"author":2,"featured_media":52089,"menu_order":0,"template":"","meta":{"inline_featured_image":false},"tags":[],"recipe_categories":[617],"et_countries":[],"recipe_main_ingredient":[604],"recipe_difficulty":[575],"recipe_preparation_time":[294],"recipe_diet_type":[564,572],"recipe_saison":[540,548,532],"acf":{"recipe_preparation_time":294,"recipe_categories":617,"recipe_time_txt":"30 minutes plus 20 minutes de cuisson","recipe_type":63916,"recipe_difficulty":575,"recipe_diet_type":[564,572],"recipe_main_ingredient":[604],"recipe_saison":[532,540,548],"recipe_count_portions":4,"recipe_ingedients":[{"recipe_ingedients_amount":"","recipe_ingedients_unit":"g","recipe_ingedients_product":""}],"temporare_zutaten":"400 g de pommes de terre vapeur\r\n500 g de courgettes\r\n1 oignon\r\n1 botte de persil\r\n3 c. \u00e0 s. d'huile d'olive\r\nSel, poivre\r\n1 gousse d'ail\r\n150 g de tomates cerises\r\n6 \u0153ufs\r\n0,5 dl de lait\r\n175 g Bio Emmentaler AOP","recipe_preparation":"Eplucher les pommes de terre et les couper en d\u00e9s d'1-2 cm. Couper les courgettes en rondelles de 7 mm. Hacher finement l'oignon et le persil. Faire chauffer l'huile dans une grande po\u00eale r\u00e9sistante \u00e0 la chaleur et y faire dorer \u00e0 point les pommes de terre. Ajouter l'oignon, le persil et les courgettes, saler et poivrer, laisser dorer 10 minutes en remuant de temps en temps. Y presser l'ail. Couper les tomates en 2 et les ajouter\r\n\r\nBattre les \u0153ufs avec le lait, assaisonner. Couper l'Emmentaler AOP Bio en petits d\u00e9s. Ajouter l'appareil et le fromage aux l\u00e9gumes.Mettre la po\u00eale au milieu du four et faire frire 15-20 minutes \u00e0 200\u00b0C. Servir les frittata chaudes ou froides.","recipe_images":[24693]},"_links":{"self":[{"href":"https:\/\/www.emmentaler.ch\/fr\/wp-json\/wp\/v2\/recipes\/27365"}],"collection":[{"href":"https:\/\/www.emmentaler.ch\/fr\/wp-json\/wp\/v2\/recipes"}],"about":[{"href":"https:\/\/www.emmentaler.ch\/fr\/wp-json\/wp\/v2\/types\/recipes"}],"author":[{"embeddable":true,"href":"https:\/\/www.emmentaler.ch\/fr\/wp-json\/wp\/v2\/users\/2"}],"version-history":[{"count":0,"href":"https:\/\/www.emmentaler.ch\/fr\/wp-json\/wp\/v2\/recipes\/27365\/revisions"}],"acf:attachment":[{"embeddable":true,"href":"https:\/\/www.emmentaler.ch\/fr\/wp-json\/wp\/v2\/media\/24693"}],"acf:term":[{"embeddable":true,"taxonomy":"recipe_saison","href":"https:\/\/www.emmentaler.ch\/fr\/wp-json\/wp\/v2\/recipe_saison\/548"},{"embeddable":true,"taxonomy":"recipe_saison","href":"https:\/\/www.emmentaler.ch\/fr\/wp-json\/wp\/v2\/recipe_saison\/540"},{"embeddable":true,"taxonomy":"recipe_saison","href":"https:\/\/www.emmentaler.ch\/fr\/wp-json\/wp\/v2\/recipe_saison\/532"},{"embeddable":true,"taxonomy":"recipe_main_ingredient","href":"https:\/\/www.emmentaler.ch\/fr\/wp-json\/wp\/v2\/recipe_main_ingredient\/604"},{"embeddable":true,"taxonomy":"recipe_diet_type","href":"https:\/\/www.emmentaler.ch\/fr\/wp-json\/wp\/v2\/recipe_diet_type\/572"},{"embeddable":true,"taxonomy":"recipe_diet_type","href":"https:\/\/www.emmentaler.ch\/fr\/wp-json\/wp\/v2\/recipe_diet_type\/564"},{"embeddable":true,"taxonomy":"recipe_difficulty","href":"https:\/\/www.emmentaler.ch\/fr\/wp-json\/wp\/v2\/recipe_difficulty\/575"},{"embeddable":true,"taxonomy":"recipe_categories","href":"https:\/\/www.emmentaler.ch\/fr\/wp-json\/wp\/v2\/recipe_categories\/617"},{"embeddable":true,"taxonomy":"recipe_preparation_time","href":"https:\/\/www.emmentaler.ch\/fr\/wp-json\/wp\/v2\/recipe_preparation_time\/294"}],"acf:post":[{"embeddable":true,"href":"https:\/\/www.emmentaler.ch\/fr\/wp-json\/wp\/v2\/pages\/63916"}],"wp:featuredmedia":[{"embeddable":true,"href":"https:\/\/www.emmentaler.ch\/fr\/wp-json\/wp\/v2\/media\/52089"}],"wp:attachment":[{"href":"https:\/\/www.emmentaler.ch\/fr\/wp-json\/wp\/v2\/media?parent=27365"}],"wp:term":[{"taxonomy":"post_tag","embeddable":true,"href":"https:\/\/www.emmentaler.ch\/fr\/wp-json\/wp\/v2\/tags?post=27365"},{"taxonomy":"recipe_categories","embeddable":true,"href":"https:\/\/www.emmentaler.ch\/fr\/wp-json\/wp\/v2\/recipe_categories?post=27365"},{"taxonomy":"et_countries","embeddable":true,"href":"https:\/\/www.emmentaler.ch\/fr\/wp-json\/wp\/v2\/et_countries?post=27365"},{"taxonomy":"recipe_main_ingredient","embeddable":true,"href":"https:\/\/www.emmentaler.ch\/fr\/wp-json\/wp\/v2\/recipe_main_ingredient?post=27365"},{"taxonomy":"recipe_difficulty","embeddable":true,"href":"https:\/\/www.emmentaler.ch\/fr\/wp-json\/wp\/v2\/recipe_difficulty?post=27365"},{"taxonomy":"recipe_preparation_time","embeddable":true,"href":"https:\/\/www.emmentaler.ch\/fr\/wp-json\/wp\/v2\/recipe_preparation_time?post=27365"},{"taxonomy":"recipe_diet_type","embeddable":true,"href":"https:\/\/www.emmentaler.ch\/fr\/wp-json\/wp\/v2\/recipe_diet_type?post=27365"},{"taxonomy":"recipe_saison","embeddable":true,"href":"https:\/\/www.emmentaler.ch\/fr\/wp-json\/wp\/v2\/recipe_saison?post=27365"}],"curies":[{"name":"wp","href":"https:\/\/api.w.org\/{rel}","templated":true}]}}