{"id":27581,"date":"2022-04-27T13:41:19","date_gmt":"2022-04-27T11:41:19","guid":{"rendered":"https:\/\/www.emmentaler.ch\/rezept\/omelette-aux-asperges-avec-sa-vinaigrette-aux-radis"},"modified":"2022-06-28T11:26:31","modified_gmt":"2022-06-28T09:26:31","slug":"omelette-aux-asperges-avec-sa-vinaigrette-aux-radis","status":"publish","type":"recipes","link":"https:\/\/www.emmentaler.ch\/fr\/recettes\/omelette-aux-asperges-avec-sa-vinaigrette-aux-radis","title":{"rendered":"Omelette aux asperges avec sa vinaigrette aux radis"},"author":2,"featured_media":24477,"menu_order":0,"template":"","meta":{"inline_featured_image":false},"tags":[],"recipe_categories":[609],"et_countries":[],"recipe_main_ingredient":[604],"recipe_difficulty":[575],"recipe_preparation_time":[272],"recipe_diet_type":[564,572],"recipe_saison":[532],"acf":{"recipe_preparation_time":272,"recipe_categories":609,"recipe_time_txt":"","recipe_type":64320,"recipe_difficulty":575,"recipe_diet_type":[564,572],"recipe_main_ingredient":[604],"recipe_saison":[532],"recipe_count_portions":4,"recipe_ingedients":[{"recipe_ingedients_amount":"","recipe_ingedients_unit":"g","recipe_ingedients_product":""}],"temporare_zutaten":"2 c. \u00e0 s. de vinaigre\r\n3 c. \u00e0 s. d'huile de colza\r\nSel, poivre\r\n1 botte de radis\r\n1 botte de ciboulette\r\n500 g d'asperges vertes\r\n150 g d'Emmentaler AOP vieux\r\n8 \u0153ufs\r\n1 pinc\u00e9e de safran\r\n2-3 c. \u00e0 s. de beurre","recipe_preparation":"M\u00e9langer le vinaigre, l'huile, le sel et le poivre. Couper les radis en petits d\u00e9s, ciseler la ciboulette et la m\u00e9langer \u00e0 la sauce.\r\n\r\nRetirer l'extr\u00e9mit\u00e9 ligneuse des asperges et les couper en morceaux d'1,5 cm environ de longueur. Les faire cuire 3 minutes dans de l'eau bouillante et les passer sous l'eau froide.\r\n\r\nCouper l'Emmentaler AOP en petits d\u00e9s, s\u00e9parer les jaunes des blancs, ajouter le jaune d'\u0153uf, les asperges, les d\u00e9s de fromage, le safran, le sel et le poivre et bien m\u00e9langer. Battre les blancs d'\u0153uf en neige et les incorporer d\u00e9licatement au m\u00e9lange des jaunes. Faire 2 omelettes avec cet appareil: faire fondre un peu de beurre dans 2 po\u00eales anti-adh\u00e9sives, y verser le m\u00e9lange et faire cuire 10-12 minutes \u00e0 feu moyen. Retourner les omelette au moyen d'une assiette. Faire fondre \u00e0 nouveau un peu de beurre dans les po\u00eales et remettre les omelettes \u00e0 cuire 5-8 minutes.\r\n\r\nServir les omelettes avec la vinaigrette aux radis.","recipe_images":[24477]},"_links":{"self":[{"href":"https:\/\/www.emmentaler.ch\/fr\/wp-json\/wp\/v2\/recipes\/27581"}],"collection":[{"href":"https:\/\/www.emmentaler.ch\/fr\/wp-json\/wp\/v2\/recipes"}],"about":[{"href":"https:\/\/www.emmentaler.ch\/fr\/wp-json\/wp\/v2\/types\/recipes"}],"author":[{"embeddable":true,"href":"https:\/\/www.emmentaler.ch\/fr\/wp-json\/wp\/v2\/users\/2"}],"version-history":[{"count":0,"href":"https:\/\/www.emmentaler.ch\/fr\/wp-json\/wp\/v2\/recipes\/27581\/revisions"}],"acf:attachment":[{"embeddable":true,"href":"https:\/\/www.emmentaler.ch\/fr\/wp-json\/wp\/v2\/media\/24477"}],"acf:term":[{"embeddable":true,"taxonomy":"recipe_saison","href":"https:\/\/www.emmentaler.ch\/fr\/wp-json\/wp\/v2\/recipe_saison\/532"},{"embeddable":true,"taxonomy":"recipe_main_ingredient","href":"https:\/\/www.emmentaler.ch\/fr\/wp-json\/wp\/v2\/recipe_main_ingredient\/604"},{"embeddable":true,"taxonomy":"recipe_diet_type","href":"https:\/\/www.emmentaler.ch\/fr\/wp-json\/wp\/v2\/recipe_diet_type\/572"},{"embeddable":true,"taxonomy":"recipe_diet_type","href":"https:\/\/www.emmentaler.ch\/fr\/wp-json\/wp\/v2\/recipe_diet_type\/564"},{"embeddable":true,"taxonomy":"recipe_difficulty","href":"https:\/\/www.emmentaler.ch\/fr\/wp-json\/wp\/v2\/recipe_difficulty\/575"},{"embeddable":true,"taxonomy":"recipe_categories","href":"https:\/\/www.emmentaler.ch\/fr\/wp-json\/wp\/v2\/recipe_categories\/609"},{"embeddable":true,"taxonomy":"recipe_preparation_time","href":"https:\/\/www.emmentaler.ch\/fr\/wp-json\/wp\/v2\/recipe_preparation_time\/272"}],"acf:post":[{"embeddable":true,"href":"https:\/\/www.emmentaler.ch\/fr\/wp-json\/wp\/v2\/pages\/64320"}],"wp:featuredmedia":[{"embeddable":true,"href":"https:\/\/www.emmentaler.ch\/fr\/wp-json\/wp\/v2\/media\/24477"}],"wp:attachment":[{"href":"https:\/\/www.emmentaler.ch\/fr\/wp-json\/wp\/v2\/media?parent=27581"}],"wp:term":[{"taxonomy":"post_tag","embeddable":true,"href":"https:\/\/www.emmentaler.ch\/fr\/wp-json\/wp\/v2\/tags?post=27581"},{"taxonomy":"recipe_categories","embeddable":true,"href":"https:\/\/www.emmentaler.ch\/fr\/wp-json\/wp\/v2\/recipe_categories?post=27581"},{"taxonomy":"et_countries","embeddable":true,"href":"https:\/\/www.emmentaler.ch\/fr\/wp-json\/wp\/v2\/et_countries?post=27581"},{"taxonomy":"recipe_main_ingredient","embeddable":true,"href":"https:\/\/www.emmentaler.ch\/fr\/wp-json\/wp\/v2\/recipe_main_ingredient?post=27581"},{"taxonomy":"recipe_difficulty","embeddable":true,"href":"https:\/\/www.emmentaler.ch\/fr\/wp-json\/wp\/v2\/recipe_difficulty?post=27581"},{"taxonomy":"recipe_preparation_time","embeddable":true,"href":"https:\/\/www.emmentaler.ch\/fr\/wp-json\/wp\/v2\/recipe_preparation_time?post=27581"},{"taxonomy":"recipe_diet_type","embeddable":true,"href":"https:\/\/www.emmentaler.ch\/fr\/wp-json\/wp\/v2\/recipe_diet_type?post=27581"},{"taxonomy":"recipe_saison","embeddable":true,"href":"https:\/\/www.emmentaler.ch\/fr\/wp-json\/wp\/v2\/recipe_saison?post=27581"}],"curies":[{"name":"wp","href":"https:\/\/api.w.org\/{rel}","templated":true}]}}