{"id":27643,"date":"2022-04-27T13:41:19","date_gmt":"2022-04-27T11:41:19","guid":{"rendered":"https:\/\/www.emmentaler.ch\/rezept\/spaghetti-avec-cabonara-aux-herbes"},"modified":"2022-06-29T17:04:50","modified_gmt":"2022-06-29T15:04:50","slug":"spaghetti-avec-cabonara-aux-herbes","status":"publish","type":"recipes","link":"https:\/\/www.emmentaler.ch\/fr\/recettes\/spaghetti-avec-cabonara-aux-herbes","title":{"rendered":"Spaghetti avec cabonara aux herbes"},"author":2,"featured_media":24415,"menu_order":0,"template":"","meta":{"inline_featured_image":false},"tags":[],"recipe_categories":[617],"et_countries":[],"recipe_main_ingredient":[591],"recipe_difficulty":[580],"recipe_preparation_time":[625],"recipe_diet_type":[],"recipe_saison":[559],"acf":{"recipe_preparation_time":625,"recipe_categories":617,"recipe_time_txt":"","recipe_type":64285,"recipe_difficulty":580,"recipe_diet_type":false,"recipe_main_ingredient":[591],"recipe_saison":[559],"recipe_count_portions":4,"recipe_ingedients":[{"recipe_ingedients_amount":"","recipe_ingedients_unit":"g","recipe_ingedients_product":""}],"temporare_zutaten":"125 g d'Emmentaler sal\u00e9 AOP\r\n50 g de cresson\r\n1 botte de persil\r\n1 botte de ciboulette\r\n1 bouquet de basilic\r\n1 bouquet de cerfeuil\r\n1,5 dl de demi-cr\u00e8me\r\n3 \u0153ufs\r\n1 gousse d'ail\r\nSel, poivre\r\n500 g de spaghetti\r\n125 g de d\u00e9s de jambon","recipe_preparation":"R\u00e2per finement l'Emmentaler AOP. Hacher finement le cresson et les herbes aromatiques. Mettre la demi-cr\u00e8me, les \u0153ufs, les herbes et un peu plus de la moiti\u00e9 de l'Emmentaler AOP dans un verre m\u00e9langeur haut. Y presser l'ail. R\u00e9duire le tout en pur\u00e9e avec un mixeur plongeant. Saler et poivrer.\r\n\r\nFaire cuire les spaghetti al dente dans de l'eau sal\u00e9e fr\u00e9missante, les \u00e9goutter et les remettre dans la casserole. Ajouter les d\u00e9s de jambon et le m\u00e9lange d'herbes et bien m\u00e9langer \u00e0 feu doux pendant 2-3 minutes jusqu'\u00e0 ce que la sauce devienne cr\u00e9meuse.\r\n\r\nServir les spaghetti avec le reste de l'Emmentaler AOP.","recipe_images":[27659]},"_links":{"self":[{"href":"https:\/\/www.emmentaler.ch\/fr\/wp-json\/wp\/v2\/recipes\/27643"}],"collection":[{"href":"https:\/\/www.emmentaler.ch\/fr\/wp-json\/wp\/v2\/recipes"}],"about":[{"href":"https:\/\/www.emmentaler.ch\/fr\/wp-json\/wp\/v2\/types\/recipes"}],"author":[{"embeddable":true,"href":"https:\/\/www.emmentaler.ch\/fr\/wp-json\/wp\/v2\/users\/2"}],"version-history":[{"count":0,"href":"https:\/\/www.emmentaler.ch\/fr\/wp-json\/wp\/v2\/recipes\/27643\/revisions"}],"acf:attachment":[{"embeddable":true,"href":"https:\/\/www.emmentaler.ch\/fr\/wp-json\/wp\/v2\/media\/27659"}],"acf:term":[{"embeddable":true,"taxonomy":"recipe_saison","href":"https:\/\/www.emmentaler.ch\/fr\/wp-json\/wp\/v2\/recipe_saison\/559"},{"embeddable":true,"taxonomy":"recipe_main_ingredient","href":"https:\/\/www.emmentaler.ch\/fr\/wp-json\/wp\/v2\/recipe_main_ingredient\/591"},{"embeddable":true,"taxonomy":"recipe_difficulty","href":"https:\/\/www.emmentaler.ch\/fr\/wp-json\/wp\/v2\/recipe_difficulty\/580"},{"embeddable":true,"taxonomy":"recipe_categories","href":"https:\/\/www.emmentaler.ch\/fr\/wp-json\/wp\/v2\/recipe_categories\/617"},{"embeddable":true,"taxonomy":"recipe_preparation_time","href":"https:\/\/www.emmentaler.ch\/fr\/wp-json\/wp\/v2\/recipe_preparation_time\/625"}],"acf:post":[{"embeddable":true,"href":"https:\/\/www.emmentaler.ch\/fr\/wp-json\/wp\/v2\/pages\/64285"}],"wp:featuredmedia":[{"embeddable":true,"href":"https:\/\/www.emmentaler.ch\/fr\/wp-json\/wp\/v2\/media\/24415"}],"wp:attachment":[{"href":"https:\/\/www.emmentaler.ch\/fr\/wp-json\/wp\/v2\/media?parent=27643"}],"wp:term":[{"taxonomy":"post_tag","embeddable":true,"href":"https:\/\/www.emmentaler.ch\/fr\/wp-json\/wp\/v2\/tags?post=27643"},{"taxonomy":"recipe_categories","embeddable":true,"href":"https:\/\/www.emmentaler.ch\/fr\/wp-json\/wp\/v2\/recipe_categories?post=27643"},{"taxonomy":"et_countries","embeddable":true,"href":"https:\/\/www.emmentaler.ch\/fr\/wp-json\/wp\/v2\/et_countries?post=27643"},{"taxonomy":"recipe_main_ingredient","embeddable":true,"href":"https:\/\/www.emmentaler.ch\/fr\/wp-json\/wp\/v2\/recipe_main_ingredient?post=27643"},{"taxonomy":"recipe_difficulty","embeddable":true,"href":"https:\/\/www.emmentaler.ch\/fr\/wp-json\/wp\/v2\/recipe_difficulty?post=27643"},{"taxonomy":"recipe_preparation_time","embeddable":true,"href":"https:\/\/www.emmentaler.ch\/fr\/wp-json\/wp\/v2\/recipe_preparation_time?post=27643"},{"taxonomy":"recipe_diet_type","embeddable":true,"href":"https:\/\/www.emmentaler.ch\/fr\/wp-json\/wp\/v2\/recipe_diet_type?post=27643"},{"taxonomy":"recipe_saison","embeddable":true,"href":"https:\/\/www.emmentaler.ch\/fr\/wp-json\/wp\/v2\/recipe_saison?post=27643"}],"curies":[{"name":"wp","href":"https:\/\/api.w.org\/{rel}","templated":true}]}}