{"id":27674,"date":"2022-04-27T13:41:19","date_gmt":"2022-04-27T11:41:19","guid":{"rendered":"https:\/\/www.emmentaler.ch\/rezept\/cannelloni-a-la-choucroute"},"modified":"2022-06-27T15:39:19","modified_gmt":"2022-06-27T13:39:19","slug":"cannelloni-a-la-choucroute","status":"publish","type":"recipes","link":"https:\/\/www.emmentaler.ch\/fr\/recettes\/cannelloni-a-la-choucroute","title":{"rendered":"Cannelloni \u00e0 la choucroute"},"author":2,"featured_media":24384,"menu_order":0,"template":"","meta":{"inline_featured_image":false},"tags":[],"recipe_categories":[617],"et_countries":[],"recipe_main_ingredient":[604,591],"recipe_difficulty":[580],"recipe_preparation_time":[270],"recipe_diet_type":[],"recipe_saison":[559],"acf":{"recipe_preparation_time":270,"recipe_categories":617,"recipe_time_txt":"25 minutes plus 20 minutes de cuisson","recipe_type":63916,"recipe_difficulty":580,"recipe_diet_type":false,"recipe_main_ingredient":[591,604],"recipe_saison":[559],"recipe_count_portions":4,"recipe_ingedients":[{"recipe_ingedients_amount":"","recipe_ingedients_unit":"g","recipe_ingedients_product":""}],"temporare_zutaten":"750 g de choucroute cuite\r\n100 g de gendarme (saucisson sec)\r\n1 botte de persil\r\n2 \u0153ufs\r\n250 g de ricotta\r\n1 c. \u00e0 s. de paprika doux en poudre\r\nSel, poivre\r\n250 g de p\u00e2te pour p\u00e2tes fra\u00eeches (2 rouleaux)\r\n200 g d'Emmentaler AOP doux\r\n2,5 dl de cr\u00e8me","recipe_preparation":"Egoutter la choucroute et bien la presser. Couper le gendarme en petits d\u00e9s. Hacher finement le persil, battre les \u0153ufs. M\u00e9langer tous ces ingr\u00e9dients avec la ricotta. Assaisonner avec le paprika, saler et poivrer.\r\n\r\nD\u00e9rouler la p\u00e2te et la couper en 6 parts, R\u00e9partir la farce dessus. Rouler en cannelloni. Mettre dans un plat \u00e0 gratin avec le point de jonction vers le bas.\r\n\r\nR\u00e2per finement l'Emmentaler AOP. Le m\u00e9langer \u00e0 la cr\u00e8me et verser sur les cannelloni. Parsemer de poivre rose et faire gratiner 20 minutes \u00e0 200 \u00b0C.","recipe_images":[27690]},"_links":{"self":[{"href":"https:\/\/www.emmentaler.ch\/fr\/wp-json\/wp\/v2\/recipes\/27674"}],"collection":[{"href":"https:\/\/www.emmentaler.ch\/fr\/wp-json\/wp\/v2\/recipes"}],"about":[{"href":"https:\/\/www.emmentaler.ch\/fr\/wp-json\/wp\/v2\/types\/recipes"}],"author":[{"embeddable":true,"href":"https:\/\/www.emmentaler.ch\/fr\/wp-json\/wp\/v2\/users\/2"}],"version-history":[{"count":0,"href":"https:\/\/www.emmentaler.ch\/fr\/wp-json\/wp\/v2\/recipes\/27674\/revisions"}],"acf:attachment":[{"embeddable":true,"href":"https:\/\/www.emmentaler.ch\/fr\/wp-json\/wp\/v2\/media\/27690"}],"acf:term":[{"embeddable":true,"taxonomy":"recipe_saison","href":"https:\/\/www.emmentaler.ch\/fr\/wp-json\/wp\/v2\/recipe_saison\/559"},{"embeddable":true,"taxonomy":"recipe_main_ingredient","href":"https:\/\/www.emmentaler.ch\/fr\/wp-json\/wp\/v2\/recipe_main_ingredient\/604"},{"embeddable":true,"taxonomy":"recipe_main_ingredient","href":"https:\/\/www.emmentaler.ch\/fr\/wp-json\/wp\/v2\/recipe_main_ingredient\/591"},{"embeddable":true,"taxonomy":"recipe_difficulty","href":"https:\/\/www.emmentaler.ch\/fr\/wp-json\/wp\/v2\/recipe_difficulty\/580"},{"embeddable":true,"taxonomy":"recipe_categories","href":"https:\/\/www.emmentaler.ch\/fr\/wp-json\/wp\/v2\/recipe_categories\/617"},{"embeddable":true,"taxonomy":"recipe_preparation_time","href":"https:\/\/www.emmentaler.ch\/fr\/wp-json\/wp\/v2\/recipe_preparation_time\/270"}],"acf:post":[{"embeddable":true,"href":"https:\/\/www.emmentaler.ch\/fr\/wp-json\/wp\/v2\/pages\/63916"}],"wp:featuredmedia":[{"embeddable":true,"href":"https:\/\/www.emmentaler.ch\/fr\/wp-json\/wp\/v2\/media\/24384"}],"wp:attachment":[{"href":"https:\/\/www.emmentaler.ch\/fr\/wp-json\/wp\/v2\/media?parent=27674"}],"wp:term":[{"taxonomy":"post_tag","embeddable":true,"href":"https:\/\/www.emmentaler.ch\/fr\/wp-json\/wp\/v2\/tags?post=27674"},{"taxonomy":"recipe_categories","embeddable":true,"href":"https:\/\/www.emmentaler.ch\/fr\/wp-json\/wp\/v2\/recipe_categories?post=27674"},{"taxonomy":"et_countries","embeddable":true,"href":"https:\/\/www.emmentaler.ch\/fr\/wp-json\/wp\/v2\/et_countries?post=27674"},{"taxonomy":"recipe_main_ingredient","embeddable":true,"href":"https:\/\/www.emmentaler.ch\/fr\/wp-json\/wp\/v2\/recipe_main_ingredient?post=27674"},{"taxonomy":"recipe_difficulty","embeddable":true,"href":"https:\/\/www.emmentaler.ch\/fr\/wp-json\/wp\/v2\/recipe_difficulty?post=27674"},{"taxonomy":"recipe_preparation_time","embeddable":true,"href":"https:\/\/www.emmentaler.ch\/fr\/wp-json\/wp\/v2\/recipe_preparation_time?post=27674"},{"taxonomy":"recipe_diet_type","embeddable":true,"href":"https:\/\/www.emmentaler.ch\/fr\/wp-json\/wp\/v2\/recipe_diet_type?post=27674"},{"taxonomy":"recipe_saison","embeddable":true,"href":"https:\/\/www.emmentaler.ch\/fr\/wp-json\/wp\/v2\/recipe_saison?post=27674"}],"curies":[{"name":"wp","href":"https:\/\/api.w.org\/{rel}","templated":true}]}}