{"id":27736,"date":"2022-04-27T13:41:19","date_gmt":"2022-04-27T11:41:19","guid":{"rendered":"https:\/\/www.emmentaler.ch\/rezept\/nouilles-au-safran-et-epinards-et-sauce-au-vin-blanc-et-emmentaler-aop"},"modified":"2022-05-24T09:19:17","modified_gmt":"2022-05-24T07:19:17","slug":"nouilles-au-safran-et-epinards-et-sauce-au-vin-blanc-et-emmentaler-aop","status":"publish","type":"recipes","link":"https:\/\/www.emmentaler.ch\/fr\/recettes\/nouilles-au-safran-et-epinards-et-sauce-au-vin-blanc-et-emmentaler-aop","title":{"rendered":"Nouilles au safran et \u00e9pinards et sauce au vin blanc et Emmentaler AOP"},"author":2,"featured_media":27757,"menu_order":0,"template":"","meta":{"inline_featured_image":false},"tags":[802],"recipe_categories":[617],"et_countries":[],"recipe_main_ingredient":[604],"recipe_difficulty":[575],"recipe_preparation_time":[625],"recipe_diet_type":[572],"recipe_saison":[559],"acf":{"recipe_preparation_time":625,"recipe_categories":617,"recipe_time_txt":"","recipe_type":64247,"recipe_difficulty":575,"recipe_diet_type":[572],"recipe_main_ingredient":[604],"recipe_saison":[559],"recipe_count_portions":4,"recipe_ingedients":[{"recipe_ingedients_amount":"50","recipe_ingedients_unit":"g","recipe_ingedients_product":"tomates cerises"},{"recipe_ingedients_amount":"37.5","recipe_ingedients_unit":"g","recipe_ingedients_product":"Emmentaler AOP"},{"recipe_ingedients_amount":"50","recipe_ingedients_unit":"ml","recipe_ingedients_product":"vin blanc"},{"recipe_ingedients_amount":"25","recipe_ingedients_unit":"ml","recipe_ingedients_product":"bouillon de l\u00e9gumes"},{"recipe_ingedients_amount":"0.5","recipe_ingedients_unit":"El","recipe_ingedients_product":"cr\u00e8me"},{"recipe_ingedients_amount":"0.25","recipe_ingedients_unit":"El","recipe_ingedients_product":"de la f\u00e9cule, p. ex. de la ma\u00efzena"},{"recipe_ingedients_amount":"87.5","recipe_ingedients_unit":"g","recipe_ingedients_product":"nouilles au safran"},{"recipe_ingedients_amount":"125","recipe_ingedients_unit":"g","recipe_ingedients_product":"feuilles d'\u00e9pinards tendres"},{"recipe_ingedients_amount":"0.25","recipe_ingedients_unit":"El","recipe_ingedients_product":"zestes de citron"},{"recipe_ingedients_amount":"","recipe_ingedients_unit":"Bedarf","recipe_ingedients_product":"selon les besoins : poivre rose"}],"temporare_zutaten":"200 g de tomates cerises\r\n150 g d'Emmentaler AOP\r\n2 dl de vin blanc\r\n1 dl de bouillon de l\u00e9gumes\r\n2 c. \u00e0 s. de cr\u00e8me\r\n1 c. \u00e0 s. de f\u00e9cule, p. ex de la Maizena\r\nSel, poivre\r\n350 g de nouilles au safran\r\n500 g de tendres pousses d'\u00e9pinards\r\n1 c. \u00e0 s. de zeste de citron\r\n\u00bd c. \u00e0 c. de poivre rose","recipe_preparation":"Couper les tomates en 2. R\u00e2per finement l'Emmentaler AOP. M\u00e9langer le vin blanc, le bouillon, la cr\u00e8me et la f\u00e9cule et porter \u00e0 \u00e9bullition. Ajouter le fromage \u00e0 la sauce avant de servir et le faire fondre en remuant. Saler et poivrer.\r\n\r\nFaire bouillir une grande casserole d'eau sal\u00e9e. Y mettre les p\u00e2tes et les faire cuire al dente. Ajouter les \u00e9pinard pour les 2-3 derni\u00e8res minutes de cuisson. Egoutter et laisser toute l'eau s'\u00e9goutter. Faire bri\u00e8vement chauffer les tomates dans la m\u00eame po\u00eale et les mettre dans un saladier avec les nouilles et les \u00e9pinards. Ajouter la sauce au fromage, m\u00e9langer et parsemer de zestes de citon et de poivre rose, servir aussit\u00f4t.\r\n\r\nSi vous n'avez pas de casserole assez grande, pr\u00e9parer s\u00e9par\u00e9ment les nouilles et les \u00e9pinards.","recipe_images":[24322]},"_links":{"self":[{"href":"https:\/\/www.emmentaler.ch\/fr\/wp-json\/wp\/v2\/recipes\/27736"}],"collection":[{"href":"https:\/\/www.emmentaler.ch\/fr\/wp-json\/wp\/v2\/recipes"}],"about":[{"href":"https:\/\/www.emmentaler.ch\/fr\/wp-json\/wp\/v2\/types\/recipes"}],"author":[{"embeddable":true,"href":"https:\/\/www.emmentaler.ch\/fr\/wp-json\/wp\/v2\/users\/2"}],"version-history":[{"count":0,"href":"https:\/\/www.emmentaler.ch\/fr\/wp-json\/wp\/v2\/recipes\/27736\/revisions"}],"acf:attachment":[{"embeddable":true,"href":"https:\/\/www.emmentaler.ch\/fr\/wp-json\/wp\/v2\/media\/24322"}],"acf:term":[{"embeddable":true,"taxonomy":"recipe_saison","href":"https:\/\/www.emmentaler.ch\/fr\/wp-json\/wp\/v2\/recipe_saison\/559"},{"embeddable":true,"taxonomy":"recipe_main_ingredient","href":"https:\/\/www.emmentaler.ch\/fr\/wp-json\/wp\/v2\/recipe_main_ingredient\/604"},{"embeddable":true,"taxonomy":"recipe_diet_type","href":"https:\/\/www.emmentaler.ch\/fr\/wp-json\/wp\/v2\/recipe_diet_type\/572"},{"embeddable":true,"taxonomy":"recipe_difficulty","href":"https:\/\/www.emmentaler.ch\/fr\/wp-json\/wp\/v2\/recipe_difficulty\/575"},{"embeddable":true,"taxonomy":"recipe_categories","href":"https:\/\/www.emmentaler.ch\/fr\/wp-json\/wp\/v2\/recipe_categories\/617"},{"embeddable":true,"taxonomy":"recipe_preparation_time","href":"https:\/\/www.emmentaler.ch\/fr\/wp-json\/wp\/v2\/recipe_preparation_time\/625"}],"acf:post":[{"embeddable":true,"href":"https:\/\/www.emmentaler.ch\/fr\/wp-json\/wp\/v2\/pages\/64247"}],"wp:featuredmedia":[{"embeddable":true,"href":"https:\/\/www.emmentaler.ch\/fr\/wp-json\/wp\/v2\/media\/27757"}],"wp:attachment":[{"href":"https:\/\/www.emmentaler.ch\/fr\/wp-json\/wp\/v2\/media?parent=27736"}],"wp:term":[{"taxonomy":"post_tag","embeddable":true,"href":"https:\/\/www.emmentaler.ch\/fr\/wp-json\/wp\/v2\/tags?post=27736"},{"taxonomy":"recipe_categories","embeddable":true,"href":"https:\/\/www.emmentaler.ch\/fr\/wp-json\/wp\/v2\/recipe_categories?post=27736"},{"taxonomy":"et_countries","embeddable":true,"href":"https:\/\/www.emmentaler.ch\/fr\/wp-json\/wp\/v2\/et_countries?post=27736"},{"taxonomy":"recipe_main_ingredient","embeddable":true,"href":"https:\/\/www.emmentaler.ch\/fr\/wp-json\/wp\/v2\/recipe_main_ingredient?post=27736"},{"taxonomy":"recipe_difficulty","embeddable":true,"href":"https:\/\/www.emmentaler.ch\/fr\/wp-json\/wp\/v2\/recipe_difficulty?post=27736"},{"taxonomy":"recipe_preparation_time","embeddable":true,"href":"https:\/\/www.emmentaler.ch\/fr\/wp-json\/wp\/v2\/recipe_preparation_time?post=27736"},{"taxonomy":"recipe_diet_type","embeddable":true,"href":"https:\/\/www.emmentaler.ch\/fr\/wp-json\/wp\/v2\/recipe_diet_type?post=27736"},{"taxonomy":"recipe_saison","embeddable":true,"href":"https:\/\/www.emmentaler.ch\/fr\/wp-json\/wp\/v2\/recipe_saison?post=27736"}],"curies":[{"name":"wp","href":"https:\/\/api.w.org\/{rel}","templated":true}]}}