{"id":27828,"date":"2022-04-27T13:41:19","date_gmt":"2022-04-27T11:41:19","guid":{"rendered":"https:\/\/www.emmentaler.ch\/rezept\/muesli-a-la-carotte"},"modified":"2024-07-25T17:44:25","modified_gmt":"2024-07-25T15:44:25","slug":"muesli-a-la-carotte","status":"publish","type":"recipes","link":"https:\/\/www.emmentaler.ch\/fr\/recettes\/muesli-a-la-carotte","title":{"rendered":"M\u00fcesli \u00e0 la carotte"},"author":2,"featured_media":49275,"menu_order":0,"template":"","meta":{"inline_featured_image":false},"tags":[802],"recipe_categories":[606],"et_countries":[],"recipe_main_ingredient":[596,604],"recipe_difficulty":[575],"recipe_preparation_time":[280],"recipe_diet_type":[567,572],"recipe_saison":[559],"acf":{"recipe_preparation_time":280,"recipe_categories":606,"recipe_time_txt":"","recipe_type":63911,"recipe_difficulty":575,"recipe_diet_type":[567,572],"recipe_main_ingredient":[596,604],"recipe_saison":[559],"recipe_count_portions":4,"recipe_ingedients":[{"recipe_ingedients_amount":"","recipe_ingedients_unit":"g","recipe_ingedients_product":""}],"temporare_zutaten":"150 g de flocons d\u2019avoine\r\n3 dl de jus d\u2019orange\r\n4 carottes\r\n\u00bd concombre\r\n1 botte de radis\r\n150 g d\u2019Emmentaler AOP doux\r\n1 CS de moutarde\r\nSel, poivre\r\n3 CS de m\u00e9lange de graines","recipe_preparation":"Faire tremper les flocons d\u2019avoine dans le jus d\u2019orange. Eplucher les carottes et les r\u00e2per \u00e0 l\u2019aide de la r\u00e2pe \u00e0 r\u00f6sti. Couper le concombre en quatre, le couper en rondelles. Couper les radis en quatre et l\u2019Emmentaler AOP en petits d\u00e9s.\r\n\r\nAjouter tous les ingr\u00e9dients aux flocons d\u2019avoine. Saler et poivrer g\u00e9n\u00e9reusement, ajouter la moutarde et bien m\u00e9langer le tout. Saupoudrer le m\u00fcesli de graines et servir.","recipe_images":[24215,24220,24210]},"_links":{"self":[{"href":"https:\/\/www.emmentaler.ch\/fr\/wp-json\/wp\/v2\/recipes\/27828"}],"collection":[{"href":"https:\/\/www.emmentaler.ch\/fr\/wp-json\/wp\/v2\/recipes"}],"about":[{"href":"https:\/\/www.emmentaler.ch\/fr\/wp-json\/wp\/v2\/types\/recipes"}],"author":[{"embeddable":true,"href":"https:\/\/www.emmentaler.ch\/fr\/wp-json\/wp\/v2\/users\/2"}],"version-history":[{"count":1,"href":"https:\/\/www.emmentaler.ch\/fr\/wp-json\/wp\/v2\/recipes\/27828\/revisions"}],"predecessor-version":[{"id":137940,"href":"https:\/\/www.emmentaler.ch\/fr\/wp-json\/wp\/v2\/recipes\/27828\/revisions\/137940"}],"acf:attachment":[{"embeddable":true,"href":"https:\/\/www.emmentaler.ch\/fr\/wp-json\/wp\/v2\/media\/24210"},{"embeddable":true,"href":"https:\/\/www.emmentaler.ch\/fr\/wp-json\/wp\/v2\/media\/24220"},{"embeddable":true,"href":"https:\/\/www.emmentaler.ch\/fr\/wp-json\/wp\/v2\/media\/24215"}],"acf:term":[{"embeddable":true,"taxonomy":"recipe_saison","href":"https:\/\/www.emmentaler.ch\/fr\/wp-json\/wp\/v2\/recipe_saison\/559"},{"embeddable":true,"taxonomy":"recipe_main_ingredient","href":"https:\/\/www.emmentaler.ch\/fr\/wp-json\/wp\/v2\/recipe_main_ingredient\/604"},{"embeddable":true,"taxonomy":"recipe_main_ingredient","href":"https:\/\/www.emmentaler.ch\/fr\/wp-json\/wp\/v2\/recipe_main_ingredient\/596"},{"embeddable":true,"taxonomy":"recipe_diet_type","href":"https:\/\/www.emmentaler.ch\/fr\/wp-json\/wp\/v2\/recipe_diet_type\/572"},{"embeddable":true,"taxonomy":"recipe_diet_type","href":"https:\/\/www.emmentaler.ch\/fr\/wp-json\/wp\/v2\/recipe_diet_type\/567"},{"embeddable":true,"taxonomy":"recipe_difficulty","href":"https:\/\/www.emmentaler.ch\/fr\/wp-json\/wp\/v2\/recipe_difficulty\/575"},{"embeddable":true,"taxonomy":"recipe_categories","href":"https:\/\/www.emmentaler.ch\/fr\/wp-json\/wp\/v2\/recipe_categories\/606"},{"embeddable":true,"taxonomy":"recipe_preparation_time","href":"https:\/\/www.emmentaler.ch\/fr\/wp-json\/wp\/v2\/recipe_preparation_time\/280"}],"acf:post":[{"embeddable":true,"href":"https:\/\/www.emmentaler.ch\/fr\/wp-json\/wp\/v2\/pages\/63911"}],"wp:featuredmedia":[{"embeddable":true,"href":"https:\/\/www.emmentaler.ch\/fr\/wp-json\/wp\/v2\/media\/49275"}],"wp:attachment":[{"href":"https:\/\/www.emmentaler.ch\/fr\/wp-json\/wp\/v2\/media?parent=27828"}],"wp:term":[{"taxonomy":"post_tag","embeddable":true,"href":"https:\/\/www.emmentaler.ch\/fr\/wp-json\/wp\/v2\/tags?post=27828"},{"taxonomy":"recipe_categories","embeddable":true,"href":"https:\/\/www.emmentaler.ch\/fr\/wp-json\/wp\/v2\/recipe_categories?post=27828"},{"taxonomy":"et_countries","embeddable":true,"href":"https:\/\/www.emmentaler.ch\/fr\/wp-json\/wp\/v2\/et_countries?post=27828"},{"taxonomy":"recipe_main_ingredient","embeddable":true,"href":"https:\/\/www.emmentaler.ch\/fr\/wp-json\/wp\/v2\/recipe_main_ingredient?post=27828"},{"taxonomy":"recipe_difficulty","embeddable":true,"href":"https:\/\/www.emmentaler.ch\/fr\/wp-json\/wp\/v2\/recipe_difficulty?post=27828"},{"taxonomy":"recipe_preparation_time","embeddable":true,"href":"https:\/\/www.emmentaler.ch\/fr\/wp-json\/wp\/v2\/recipe_preparation_time?post=27828"},{"taxonomy":"recipe_diet_type","embeddable":true,"href":"https:\/\/www.emmentaler.ch\/fr\/wp-json\/wp\/v2\/recipe_diet_type?post=27828"},{"taxonomy":"recipe_saison","embeddable":true,"href":"https:\/\/www.emmentaler.ch\/fr\/wp-json\/wp\/v2\/recipe_saison?post=27828"}],"curies":[{"name":"wp","href":"https:\/\/api.w.org\/{rel}","templated":true}]}}