{"id":28228,"date":"2022-04-27T13:40:42","date_gmt":"2022-04-27T11:40:42","guid":{"rendered":"https:\/\/www.emmentaler.ch\/rezept\/tarte-au-emmentaler-aop-et-a-la-poire"},"modified":"2022-06-28T11:23:45","modified_gmt":"2022-06-28T09:23:45","slug":"tarte-au-emmentaler-aop-et-a-la-poire","status":"publish","type":"recipes","link":"https:\/\/www.emmentaler.ch\/fr\/recettes\/tarte-au-emmentaler-aop-et-a-la-poire","title":{"rendered":"Tarte au Emmentaler AOP et \u00e0 la poire"},"author":2,"featured_media":23830,"menu_order":0,"template":"","meta":{"inline_featured_image":false},"tags":[],"recipe_categories":[617],"et_countries":[],"recipe_main_ingredient":[596,604],"recipe_difficulty":[575],"recipe_preparation_time":[294],"recipe_diet_type":[567,572],"recipe_saison":[],"acf":{"recipe_preparation_time":294,"recipe_categories":617,"recipe_time_txt":"20 minutes plus 30 minutes de cuisson","recipe_type":63916,"recipe_difficulty":575,"recipe_diet_type":[567,572],"recipe_main_ingredient":[596,604],"recipe_saison":false,"recipe_count_portions":4,"recipe_ingedients":[{"recipe_ingedients_amount":"","recipe_ingedients_unit":"g","recipe_ingedients_product":""}],"temporare_zutaten":"250 g de Emmentaler AOP\r\n2 poires\r\n1 oignon rouge\r\n125 g de tomates cerises\r\n20 d'olives noires d\u00e9noyaut\u00e9es\r\n5 branches de thym\r\n1 p\u00e2te \u00e0 pizza rectangulaire abaiss\u00e9e, de 550 g env.\r\n1 c. \u00e0 s. d'huile d'olive\r\nPoivre","recipe_preparation":"R\u00e2per le Emmentaler AOP sur la r\u00e2pe \u00e0 r\u00f6sti. Couper les poires en 2, les \u00e9p\u00e9piner et les couper en fines tranches. Couper l'oignon en fines lani\u00e8res. Couper les tomates cerises en 2. Couper les olives en rondelles. Effeuiller le thym.\r\n\r\nD\u00e9rouler la p\u00e2te \u00e0 pizza sur une plaque. R\u00e9server un peu de Emmentaler AOP et parsemer la p\u00e2te du reste. R\u00e9partir uniform\u00e9ment les poires, l'oignon, les tomates cerises, les olives et le thym, parsemer de fromage. Arroser d'huile d'olive.\r\n\r\nFaire cuire 25-30 minutes \u00e0 220\u00b0C sur la grille la plus basse du four.\r\n\r\nParsemer de poivre et servir chaude.","recipe_images":[23830]},"_links":{"self":[{"href":"https:\/\/www.emmentaler.ch\/fr\/wp-json\/wp\/v2\/recipes\/28228"}],"collection":[{"href":"https:\/\/www.emmentaler.ch\/fr\/wp-json\/wp\/v2\/recipes"}],"about":[{"href":"https:\/\/www.emmentaler.ch\/fr\/wp-json\/wp\/v2\/types\/recipes"}],"author":[{"embeddable":true,"href":"https:\/\/www.emmentaler.ch\/fr\/wp-json\/wp\/v2\/users\/2"}],"version-history":[{"count":0,"href":"https:\/\/www.emmentaler.ch\/fr\/wp-json\/wp\/v2\/recipes\/28228\/revisions"}],"acf:attachment":[{"embeddable":true,"href":"https:\/\/www.emmentaler.ch\/fr\/wp-json\/wp\/v2\/media\/23830"}],"acf:term":[{"embeddable":true,"taxonomy":"recipe_main_ingredient","href":"https:\/\/www.emmentaler.ch\/fr\/wp-json\/wp\/v2\/recipe_main_ingredient\/604"},{"embeddable":true,"taxonomy":"recipe_main_ingredient","href":"https:\/\/www.emmentaler.ch\/fr\/wp-json\/wp\/v2\/recipe_main_ingredient\/596"},{"embeddable":true,"taxonomy":"recipe_diet_type","href":"https:\/\/www.emmentaler.ch\/fr\/wp-json\/wp\/v2\/recipe_diet_type\/572"},{"embeddable":true,"taxonomy":"recipe_diet_type","href":"https:\/\/www.emmentaler.ch\/fr\/wp-json\/wp\/v2\/recipe_diet_type\/567"},{"embeddable":true,"taxonomy":"recipe_difficulty","href":"https:\/\/www.emmentaler.ch\/fr\/wp-json\/wp\/v2\/recipe_difficulty\/575"},{"embeddable":true,"taxonomy":"recipe_categories","href":"https:\/\/www.emmentaler.ch\/fr\/wp-json\/wp\/v2\/recipe_categories\/617"},{"embeddable":true,"taxonomy":"recipe_preparation_time","href":"https:\/\/www.emmentaler.ch\/fr\/wp-json\/wp\/v2\/recipe_preparation_time\/294"}],"acf:post":[{"embeddable":true,"href":"https:\/\/www.emmentaler.ch\/fr\/wp-json\/wp\/v2\/pages\/63916"}],"wp:featuredmedia":[{"embeddable":true,"href":"https:\/\/www.emmentaler.ch\/fr\/wp-json\/wp\/v2\/media\/23830"}],"wp:attachment":[{"href":"https:\/\/www.emmentaler.ch\/fr\/wp-json\/wp\/v2\/media?parent=28228"}],"wp:term":[{"taxonomy":"post_tag","embeddable":true,"href":"https:\/\/www.emmentaler.ch\/fr\/wp-json\/wp\/v2\/tags?post=28228"},{"taxonomy":"recipe_categories","embeddable":true,"href":"https:\/\/www.emmentaler.ch\/fr\/wp-json\/wp\/v2\/recipe_categories?post=28228"},{"taxonomy":"et_countries","embeddable":true,"href":"https:\/\/www.emmentaler.ch\/fr\/wp-json\/wp\/v2\/et_countries?post=28228"},{"taxonomy":"recipe_main_ingredient","embeddable":true,"href":"https:\/\/www.emmentaler.ch\/fr\/wp-json\/wp\/v2\/recipe_main_ingredient?post=28228"},{"taxonomy":"recipe_difficulty","embeddable":true,"href":"https:\/\/www.emmentaler.ch\/fr\/wp-json\/wp\/v2\/recipe_difficulty?post=28228"},{"taxonomy":"recipe_preparation_time","embeddable":true,"href":"https:\/\/www.emmentaler.ch\/fr\/wp-json\/wp\/v2\/recipe_preparation_time?post=28228"},{"taxonomy":"recipe_diet_type","embeddable":true,"href":"https:\/\/www.emmentaler.ch\/fr\/wp-json\/wp\/v2\/recipe_diet_type?post=28228"},{"taxonomy":"recipe_saison","embeddable":true,"href":"https:\/\/www.emmentaler.ch\/fr\/wp-json\/wp\/v2\/recipe_saison?post=28228"}],"curies":[{"name":"wp","href":"https:\/\/api.w.org\/{rel}","templated":true}]}}