{"id":28996,"date":"2022-04-27T13:39:22","date_gmt":"2022-04-27T11:39:22","guid":{"rendered":"https:\/\/www.emmentaler.ch\/rezept\/muffin-emmailote-de-lard"},"modified":"2022-08-12T11:35:02","modified_gmt":"2022-08-12T09:35:02","slug":"muffin-emmailote-de-lard","status":"publish","type":"recipes","link":"https:\/\/www.emmentaler.ch\/fr\/recettes\/muffin-emmailote-de-lard","title":{"rendered":"Muffin emmailot\u00e9 de lard"},"author":2,"featured_media":29012,"menu_order":0,"template":"","meta":{"inline_featured_image":false},"tags":[],"recipe_categories":[606],"et_countries":[],"recipe_main_ingredient":[591],"recipe_difficulty":[575],"recipe_preparation_time":[270],"recipe_diet_type":[],"recipe_saison":[527,559],"acf":{"recipe_preparation_time":270,"recipe_categories":606,"recipe_time_txt":"20 minutes, plus 25 minutes dans le four","recipe_type":64285,"recipe_difficulty":575,"recipe_diet_type":false,"recipe_main_ingredient":[591],"recipe_saison":[527,559],"recipe_count_portions":6,"recipe_ingedients":[{"recipe_ingedients_amount":"","recipe_ingedients_unit":"g","recipe_ingedients_product":""}],"temporare_zutaten":"Moule \u00e0 muffins \u00e0 12 emplacements\r\n12 moules en papier ou du beurre pour le moule\r\n12 tranches de lard\r\n50 g de tomates s\u00e9ch\u00e9es marin\u00e9es dans l'huile\r\n1 \u0153uf\r\n0,5 dl d'huile d'olive ou de l'huile des tomates\r\n1,75 dl de babeurre\r\n1 c. \u00e0 c. de sel\r\n175 g d'Emmentaler AOP r\u00e2p\u00e9\r\n200 g de farine\r\n2 c. \u00e0 c. de levure","recipe_preparation":"D\u00e9poser les moules en papier dans le moule \u00e0 muffins ou le beurrer. Garnir les moules de tranches de lard.\r\n\r\nCouper les tomates en petits d\u00e9s. Battre l'\u0153uf et le m\u00e9langer vigoureusement avec l'huile, le babeurre et le sel. Incorporer ensuite l'Emmentaler AOP r\u00e2p\u00e9 et les tomates.\r\n\r\nM\u00e9langer la farine et la levure et l'incorporer au m\u00e9lange de babeurre en fouettant. Mettre la p\u00e2te dans les moules. Faire cuire 25 minutes au milieu du four \u00e0 180\u00b0C. Servir froid ou chaud \u00e0 l'ap\u00e9ritif.","recipe_images":[23031]},"_links":{"self":[{"href":"https:\/\/www.emmentaler.ch\/fr\/wp-json\/wp\/v2\/recipes\/28996"}],"collection":[{"href":"https:\/\/www.emmentaler.ch\/fr\/wp-json\/wp\/v2\/recipes"}],"about":[{"href":"https:\/\/www.emmentaler.ch\/fr\/wp-json\/wp\/v2\/types\/recipes"}],"author":[{"embeddable":true,"href":"https:\/\/www.emmentaler.ch\/fr\/wp-json\/wp\/v2\/users\/2"}],"version-history":[{"count":0,"href":"https:\/\/www.emmentaler.ch\/fr\/wp-json\/wp\/v2\/recipes\/28996\/revisions"}],"acf:attachment":[{"embeddable":true,"href":"https:\/\/www.emmentaler.ch\/fr\/wp-json\/wp\/v2\/media\/23031"}],"acf:term":[{"embeddable":true,"taxonomy":"recipe_saison","href":"https:\/\/www.emmentaler.ch\/fr\/wp-json\/wp\/v2\/recipe_saison\/559"},{"embeddable":true,"taxonomy":"recipe_saison","href":"https:\/\/www.emmentaler.ch\/fr\/wp-json\/wp\/v2\/recipe_saison\/527"},{"embeddable":true,"taxonomy":"recipe_main_ingredient","href":"https:\/\/www.emmentaler.ch\/fr\/wp-json\/wp\/v2\/recipe_main_ingredient\/591"},{"embeddable":true,"taxonomy":"recipe_difficulty","href":"https:\/\/www.emmentaler.ch\/fr\/wp-json\/wp\/v2\/recipe_difficulty\/575"},{"embeddable":true,"taxonomy":"recipe_categories","href":"https:\/\/www.emmentaler.ch\/fr\/wp-json\/wp\/v2\/recipe_categories\/606"},{"embeddable":true,"taxonomy":"recipe_preparation_time","href":"https:\/\/www.emmentaler.ch\/fr\/wp-json\/wp\/v2\/recipe_preparation_time\/270"}],"acf:post":[{"embeddable":true,"href":"https:\/\/www.emmentaler.ch\/fr\/wp-json\/wp\/v2\/pages\/64285"}],"wp:featuredmedia":[{"embeddable":true,"href":"https:\/\/www.emmentaler.ch\/fr\/wp-json\/wp\/v2\/media\/29012"}],"wp:attachment":[{"href":"https:\/\/www.emmentaler.ch\/fr\/wp-json\/wp\/v2\/media?parent=28996"}],"wp:term":[{"taxonomy":"post_tag","embeddable":true,"href":"https:\/\/www.emmentaler.ch\/fr\/wp-json\/wp\/v2\/tags?post=28996"},{"taxonomy":"recipe_categories","embeddable":true,"href":"https:\/\/www.emmentaler.ch\/fr\/wp-json\/wp\/v2\/recipe_categories?post=28996"},{"taxonomy":"et_countries","embeddable":true,"href":"https:\/\/www.emmentaler.ch\/fr\/wp-json\/wp\/v2\/et_countries?post=28996"},{"taxonomy":"recipe_main_ingredient","embeddable":true,"href":"https:\/\/www.emmentaler.ch\/fr\/wp-json\/wp\/v2\/recipe_main_ingredient?post=28996"},{"taxonomy":"recipe_difficulty","embeddable":true,"href":"https:\/\/www.emmentaler.ch\/fr\/wp-json\/wp\/v2\/recipe_difficulty?post=28996"},{"taxonomy":"recipe_preparation_time","embeddable":true,"href":"https:\/\/www.emmentaler.ch\/fr\/wp-json\/wp\/v2\/recipe_preparation_time?post=28996"},{"taxonomy":"recipe_diet_type","embeddable":true,"href":"https:\/\/www.emmentaler.ch\/fr\/wp-json\/wp\/v2\/recipe_diet_type?post=28996"},{"taxonomy":"recipe_saison","embeddable":true,"href":"https:\/\/www.emmentaler.ch\/fr\/wp-json\/wp\/v2\/recipe_saison?post=28996"}],"curies":[{"name":"wp","href":"https:\/\/api.w.org\/{rel}","templated":true}]}}