{"id":29120,"date":"2022-04-27T13:38:44","date_gmt":"2022-04-27T11:38:44","guid":{"rendered":"https:\/\/www.emmentaler.ch\/rezept\/soupe-a-la-polenta-et-au-poireau"},"modified":"2024-07-25T17:51:47","modified_gmt":"2024-07-25T15:51:47","slug":"soupe-a-la-polenta-et-au-poireau","status":"publish","type":"recipes","link":"https:\/\/www.emmentaler.ch\/fr\/recettes\/soupe-a-la-polenta-et-au-poireau","title":{"rendered":"Soupe \u00e0 la polenta et au poireau"},"author":2,"featured_media":29156,"menu_order":0,"template":"","meta":{"inline_featured_image":false},"tags":[802],"recipe_categories":[622],"et_countries":[],"recipe_main_ingredient":[604],"recipe_difficulty":[575],"recipe_preparation_time":[625],"recipe_diet_type":[564,572],"recipe_saison":[527,559],"acf":{"recipe_preparation_time":625,"recipe_categories":622,"recipe_time_txt":"","recipe_type":64285,"recipe_difficulty":575,"recipe_diet_type":[564,572],"recipe_main_ingredient":[604],"recipe_saison":[527,559],"recipe_count_portions":4,"recipe_ingedients":[{"recipe_ingedients_amount":"","recipe_ingedients_unit":"g","recipe_ingedients_product":""}],"temporare_zutaten":"1 poireau\r\n1 CS d\u2019huile\r\n1,5 dl de cidre ou de vin blanc\r\n1,2 l de bouillon\r\n100 g de semoule de ma\u00efs fine\r\nSel, poivre\r\n1 bouquet de persil\r\n125 g d\u2019Emmentaler AOP jeune\r\n1 dl de cr\u00e8me aigre demi-\u00e9cr\u00e9m\u00e9e","recipe_preparation":"Couper le poireau en fines rondelles, le faire revenir dans l\u2019huile chaude. D\u00e9glacer avec le cidre. Ajouter le bouillon et porter \u00e0 \u00e9bullition. Ajouter la semoule de ma\u00efs en pluie sans cesser de remuer. Couvrir et laisser fr\u00e9mir 10 \u00e0 15 minutes en remuant de temps \u00e0 autre. Saler, poivrer.\r\n\r\nHacher le persil finement, ajouter \u00e0 la soupe. R\u00e2per l\u2019Emmentaler AOP \u00e0 l\u2019aide d\u2019une r\u00e2pe \u00e0 r\u00f6sti. Dresser la soupe dans des assiettes, garnir d\u2019une cuiller\u00e9e de cr\u00e8me acidul\u00e9e et saupoudrer de fromage r\u00e2p\u00e9.","recipe_images":[22887,22892,22897]},"_links":{"self":[{"href":"https:\/\/www.emmentaler.ch\/fr\/wp-json\/wp\/v2\/recipes\/29120"}],"collection":[{"href":"https:\/\/www.emmentaler.ch\/fr\/wp-json\/wp\/v2\/recipes"}],"about":[{"href":"https:\/\/www.emmentaler.ch\/fr\/wp-json\/wp\/v2\/types\/recipes"}],"author":[{"embeddable":true,"href":"https:\/\/www.emmentaler.ch\/fr\/wp-json\/wp\/v2\/users\/2"}],"version-history":[{"count":1,"href":"https:\/\/www.emmentaler.ch\/fr\/wp-json\/wp\/v2\/recipes\/29120\/revisions"}],"predecessor-version":[{"id":137968,"href":"https:\/\/www.emmentaler.ch\/fr\/wp-json\/wp\/v2\/recipes\/29120\/revisions\/137968"}],"acf:attachment":[{"embeddable":true,"href":"https:\/\/www.emmentaler.ch\/fr\/wp-json\/wp\/v2\/media\/22897"},{"embeddable":true,"href":"https:\/\/www.emmentaler.ch\/fr\/wp-json\/wp\/v2\/media\/22892"},{"embeddable":true,"href":"https:\/\/www.emmentaler.ch\/fr\/wp-json\/wp\/v2\/media\/22887"}],"acf:term":[{"embeddable":true,"taxonomy":"recipe_saison","href":"https:\/\/www.emmentaler.ch\/fr\/wp-json\/wp\/v2\/recipe_saison\/559"},{"embeddable":true,"taxonomy":"recipe_saison","href":"https:\/\/www.emmentaler.ch\/fr\/wp-json\/wp\/v2\/recipe_saison\/527"},{"embeddable":true,"taxonomy":"recipe_main_ingredient","href":"https:\/\/www.emmentaler.ch\/fr\/wp-json\/wp\/v2\/recipe_main_ingredient\/604"},{"embeddable":true,"taxonomy":"recipe_diet_type","href":"https:\/\/www.emmentaler.ch\/fr\/wp-json\/wp\/v2\/recipe_diet_type\/572"},{"embeddable":true,"taxonomy":"recipe_diet_type","href":"https:\/\/www.emmentaler.ch\/fr\/wp-json\/wp\/v2\/recipe_diet_type\/564"},{"embeddable":true,"taxonomy":"recipe_difficulty","href":"https:\/\/www.emmentaler.ch\/fr\/wp-json\/wp\/v2\/recipe_difficulty\/575"},{"embeddable":true,"taxonomy":"recipe_categories","href":"https:\/\/www.emmentaler.ch\/fr\/wp-json\/wp\/v2\/recipe_categories\/622"},{"embeddable":true,"taxonomy":"recipe_preparation_time","href":"https:\/\/www.emmentaler.ch\/fr\/wp-json\/wp\/v2\/recipe_preparation_time\/625"}],"acf:post":[{"embeddable":true,"href":"https:\/\/www.emmentaler.ch\/fr\/wp-json\/wp\/v2\/pages\/64285"}],"wp:featuredmedia":[{"embeddable":true,"href":"https:\/\/www.emmentaler.ch\/fr\/wp-json\/wp\/v2\/media\/29156"}],"wp:attachment":[{"href":"https:\/\/www.emmentaler.ch\/fr\/wp-json\/wp\/v2\/media?parent=29120"}],"wp:term":[{"taxonomy":"post_tag","embeddable":true,"href":"https:\/\/www.emmentaler.ch\/fr\/wp-json\/wp\/v2\/tags?post=29120"},{"taxonomy":"recipe_categories","embeddable":true,"href":"https:\/\/www.emmentaler.ch\/fr\/wp-json\/wp\/v2\/recipe_categories?post=29120"},{"taxonomy":"et_countries","embeddable":true,"href":"https:\/\/www.emmentaler.ch\/fr\/wp-json\/wp\/v2\/et_countries?post=29120"},{"taxonomy":"recipe_main_ingredient","embeddable":true,"href":"https:\/\/www.emmentaler.ch\/fr\/wp-json\/wp\/v2\/recipe_main_ingredient?post=29120"},{"taxonomy":"recipe_difficulty","embeddable":true,"href":"https:\/\/www.emmentaler.ch\/fr\/wp-json\/wp\/v2\/recipe_difficulty?post=29120"},{"taxonomy":"recipe_preparation_time","embeddable":true,"href":"https:\/\/www.emmentaler.ch\/fr\/wp-json\/wp\/v2\/recipe_preparation_time?post=29120"},{"taxonomy":"recipe_diet_type","embeddable":true,"href":"https:\/\/www.emmentaler.ch\/fr\/wp-json\/wp\/v2\/recipe_diet_type?post=29120"},{"taxonomy":"recipe_saison","embeddable":true,"href":"https:\/\/www.emmentaler.ch\/fr\/wp-json\/wp\/v2\/recipe_saison?post=29120"}],"curies":[{"name":"wp","href":"https:\/\/api.w.org\/{rel}","templated":true}]}}