{"id":29243,"date":"2022-04-27T13:38:44","date_gmt":"2022-04-27T11:38:44","guid":{"rendered":"https:\/\/www.emmentaler.ch\/rezept\/crepe-aux-herbes-et-a-lemmentaler-aop"},"modified":"2022-08-12T16:40:26","modified_gmt":"2022-08-12T14:40:26","slug":"crepe-aux-herbes-et-a-lemmentaler-aop","status":"publish","type":"recipes","link":"https:\/\/www.emmentaler.ch\/fr\/recettes\/crepe-aux-herbes-et-a-lemmentaler-aop","title":{"rendered":"Cr\u00eape aux herbes et \u00e0 l&rsquo;Emmentaler AOP"},"author":2,"featured_media":29264,"menu_order":0,"template":"","meta":{"inline_featured_image":false},"tags":[],"recipe_categories":[606],"et_countries":[],"recipe_main_ingredient":[591],"recipe_difficulty":[575],"recipe_preparation_time":[272],"recipe_diet_type":[],"recipe_saison":[559],"acf":{"recipe_preparation_time":272,"recipe_categories":606,"recipe_time_txt":"","recipe_type":64285,"recipe_difficulty":575,"recipe_diet_type":false,"recipe_main_ingredient":[591],"recipe_saison":[559],"recipe_count_portions":4,"recipe_ingedients":[{"recipe_ingedients_amount":"","recipe_ingedients_unit":"g","recipe_ingedients_product":""}],"temporare_zutaten":"125 g d'Emmentaler AOP\r\n1 bouquet d'herbes aromatiques, p. ex. persil, marjolaine, ciboulette\r\n150 g de farine\r\n\u00bc de c. \u00e0 c. de sel\r\n2,5 dl de lait\r\n6 \u0153ufs\r\n100 g de d\u00e9s de jambon\r\n3 c. \u00e0 s. de beurre \u00e0 r\u00f4tir","recipe_preparation":"R\u00e2per finement l'Emmentaler AOP. Hacher finement les herbes aromatiques. M\u00e9langer la farine, le sel et le lait. S\u00e9parer les blancs des jaunes. Incorporer les jaunes d'\u0153uf et les herbes aromatiques \u00e0 la p\u00e2te. Battres les blancs en neige avec une pinc\u00e9e de sel et puis les incorporer d\u00e9licatement au m\u00e9lange.\r\n\r\nPr\u00e9parer les cr\u00eapes en deux portions, soit l'une apr\u00e8s l'autre, soit dans 2 po\u00eales. Faire chauffer une c. \u00e0 s. de beurre \u00e0 r\u00f4tir dans une po\u00eale et y faire cuire la moiti\u00e9 de la p\u00e2te \u00e0 feu doux pendant 10 minutes. Retourner la cr\u00eape \u00e0 l'aide d'un couvercle ou d'une assiette et faire cuire encore 5 minutes environ.\r\n\r\nEmietter les cr\u00eapes \u00e0 l'aide d'une spatule et servir avec une salade.","recipe_images":[22748]},"_links":{"self":[{"href":"https:\/\/www.emmentaler.ch\/fr\/wp-json\/wp\/v2\/recipes\/29243"}],"collection":[{"href":"https:\/\/www.emmentaler.ch\/fr\/wp-json\/wp\/v2\/recipes"}],"about":[{"href":"https:\/\/www.emmentaler.ch\/fr\/wp-json\/wp\/v2\/types\/recipes"}],"author":[{"embeddable":true,"href":"https:\/\/www.emmentaler.ch\/fr\/wp-json\/wp\/v2\/users\/2"}],"version-history":[{"count":0,"href":"https:\/\/www.emmentaler.ch\/fr\/wp-json\/wp\/v2\/recipes\/29243\/revisions"}],"acf:attachment":[{"embeddable":true,"href":"https:\/\/www.emmentaler.ch\/fr\/wp-json\/wp\/v2\/media\/22748"}],"acf:term":[{"embeddable":true,"taxonomy":"recipe_saison","href":"https:\/\/www.emmentaler.ch\/fr\/wp-json\/wp\/v2\/recipe_saison\/559"},{"embeddable":true,"taxonomy":"recipe_main_ingredient","href":"https:\/\/www.emmentaler.ch\/fr\/wp-json\/wp\/v2\/recipe_main_ingredient\/591"},{"embeddable":true,"taxonomy":"recipe_difficulty","href":"https:\/\/www.emmentaler.ch\/fr\/wp-json\/wp\/v2\/recipe_difficulty\/575"},{"embeddable":true,"taxonomy":"recipe_categories","href":"https:\/\/www.emmentaler.ch\/fr\/wp-json\/wp\/v2\/recipe_categories\/606"},{"embeddable":true,"taxonomy":"recipe_preparation_time","href":"https:\/\/www.emmentaler.ch\/fr\/wp-json\/wp\/v2\/recipe_preparation_time\/272"}],"acf:post":[{"embeddable":true,"href":"https:\/\/www.emmentaler.ch\/fr\/wp-json\/wp\/v2\/pages\/64285"}],"wp:featuredmedia":[{"embeddable":true,"href":"https:\/\/www.emmentaler.ch\/fr\/wp-json\/wp\/v2\/media\/29264"}],"wp:attachment":[{"href":"https:\/\/www.emmentaler.ch\/fr\/wp-json\/wp\/v2\/media?parent=29243"}],"wp:term":[{"taxonomy":"post_tag","embeddable":true,"href":"https:\/\/www.emmentaler.ch\/fr\/wp-json\/wp\/v2\/tags?post=29243"},{"taxonomy":"recipe_categories","embeddable":true,"href":"https:\/\/www.emmentaler.ch\/fr\/wp-json\/wp\/v2\/recipe_categories?post=29243"},{"taxonomy":"et_countries","embeddable":true,"href":"https:\/\/www.emmentaler.ch\/fr\/wp-json\/wp\/v2\/et_countries?post=29243"},{"taxonomy":"recipe_main_ingredient","embeddable":true,"href":"https:\/\/www.emmentaler.ch\/fr\/wp-json\/wp\/v2\/recipe_main_ingredient?post=29243"},{"taxonomy":"recipe_difficulty","embeddable":true,"href":"https:\/\/www.emmentaler.ch\/fr\/wp-json\/wp\/v2\/recipe_difficulty?post=29243"},{"taxonomy":"recipe_preparation_time","embeddable":true,"href":"https:\/\/www.emmentaler.ch\/fr\/wp-json\/wp\/v2\/recipe_preparation_time?post=29243"},{"taxonomy":"recipe_diet_type","embeddable":true,"href":"https:\/\/www.emmentaler.ch\/fr\/wp-json\/wp\/v2\/recipe_diet_type?post=29243"},{"taxonomy":"recipe_saison","embeddable":true,"href":"https:\/\/www.emmentaler.ch\/fr\/wp-json\/wp\/v2\/recipe_saison?post=29243"}],"curies":[{"name":"wp","href":"https:\/\/api.w.org\/{rel}","templated":true}]}}