{"id":29397,"date":"2022-04-27T13:38:44","date_gmt":"2022-04-27T11:38:44","guid":{"rendered":"https:\/\/www.emmentaler.ch\/rezept\/cake-au-fromage-et-salade-de-doucette-et-orange"},"modified":"2022-08-18T16:32:20","modified_gmt":"2022-08-18T14:32:20","slug":"cake-au-fromage-et-salade-de-doucette-et-orange","status":"publish","type":"recipes","link":"https:\/\/www.emmentaler.ch\/fr\/recettes\/cake-au-fromage-et-salade-de-doucette-et-orange","title":{"rendered":"Cake au fromage et salade de doucette et orange"},"author":2,"featured_media":29413,"menu_order":0,"template":"","meta":{"inline_featured_image":false},"tags":[],"recipe_categories":[609],"et_countries":[],"recipe_main_ingredient":[596],"recipe_difficulty":[580],"recipe_preparation_time":[314],"recipe_diet_type":[572],"recipe_saison":[527,559],"acf":{"recipe_preparation_time":314,"recipe_categories":609,"recipe_time_txt":"30 minutes plus 45 minutes de cuisson","recipe_type":63911,"recipe_difficulty":580,"recipe_diet_type":[572],"recipe_main_ingredient":[596],"recipe_saison":[527,559],"recipe_count_portions":4,"recipe_ingedients":[{"recipe_ingedients_amount":"","recipe_ingedients_unit":"g","recipe_ingedients_product":""}],"temporare_zutaten":"1 grosse botte de persil\r\n4 \u0153ufs\r\n1 dl d'huile de colza\r\n1 dl de lait\r\n100 g de d\u00e9s de jambon\r\n175 g d'Emmentaler AOP, r\u00e2p\u00e9\r\n1 c. \u00e0 s. de moutarde\r\n\u00bd c. \u00e0 c. de sel\r\nPoivre, noix de muscade\r\n250 g de farine\r\n2 c. \u00e0 c. de levure\r\n2 c. \u00e0 s. de vinaigre\r\n3 c. \u00e0 s. d'huile d'olive\r\nSel, poivre\r\n2 oranges\r\n100 g de doucette","recipe_preparation":"Hacher finement le persil, battre les \u0153ufs en mousse et y incorporer l'huile de colza, le lait, le jambon, l'Emmentaler AOP et le persil. Assaisonner avec la moutarde, le sel, le poivre et la noix de muscade.\r\n\r\nTamiser la farine et la levure et m\u00e9langer pour obtenir une p\u00e2te ferme. Verser la p\u00e2te dans un moule \u00e0 cake de 26 cm de longueur chemis\u00e9 de papier sulfuris\u00e9. Faire cuire 45 minutes \u00e0 200\u00b0C dans la partie inf\u00e9rieure du four.\r\n\r\nPour la sauce \u00e0 salade, m\u00e9langer le vinaigre, l'huile, le sel et le poivre. Eplucher les oranges, les couper en quartiers et les ajouter \u00e0 la sauce. Ajouter la doucette et bien m\u00e9langer.\r\n\r\nCouper le cake encore ti\u00e8de en tranches et le servir avec la salade.\r\n\r\nConseil: couper le cake au fromage en d\u00e9s et les servir \u00e0 l'ap\u00e9ritif.","recipe_images":[29413]},"_links":{"self":[{"href":"https:\/\/www.emmentaler.ch\/fr\/wp-json\/wp\/v2\/recipes\/29397"}],"collection":[{"href":"https:\/\/www.emmentaler.ch\/fr\/wp-json\/wp\/v2\/recipes"}],"about":[{"href":"https:\/\/www.emmentaler.ch\/fr\/wp-json\/wp\/v2\/types\/recipes"}],"author":[{"embeddable":true,"href":"https:\/\/www.emmentaler.ch\/fr\/wp-json\/wp\/v2\/users\/2"}],"version-history":[{"count":0,"href":"https:\/\/www.emmentaler.ch\/fr\/wp-json\/wp\/v2\/recipes\/29397\/revisions"}],"acf:attachment":[{"embeddable":true,"href":"https:\/\/www.emmentaler.ch\/fr\/wp-json\/wp\/v2\/media\/29413"}],"acf:term":[{"embeddable":true,"taxonomy":"recipe_saison","href":"https:\/\/www.emmentaler.ch\/fr\/wp-json\/wp\/v2\/recipe_saison\/559"},{"embeddable":true,"taxonomy":"recipe_saison","href":"https:\/\/www.emmentaler.ch\/fr\/wp-json\/wp\/v2\/recipe_saison\/527"},{"embeddable":true,"taxonomy":"recipe_main_ingredient","href":"https:\/\/www.emmentaler.ch\/fr\/wp-json\/wp\/v2\/recipe_main_ingredient\/596"},{"embeddable":true,"taxonomy":"recipe_diet_type","href":"https:\/\/www.emmentaler.ch\/fr\/wp-json\/wp\/v2\/recipe_diet_type\/572"},{"embeddable":true,"taxonomy":"recipe_difficulty","href":"https:\/\/www.emmentaler.ch\/fr\/wp-json\/wp\/v2\/recipe_difficulty\/580"},{"embeddable":true,"taxonomy":"recipe_categories","href":"https:\/\/www.emmentaler.ch\/fr\/wp-json\/wp\/v2\/recipe_categories\/609"},{"embeddable":true,"taxonomy":"recipe_preparation_time","href":"https:\/\/www.emmentaler.ch\/fr\/wp-json\/wp\/v2\/recipe_preparation_time\/314"}],"acf:post":[{"embeddable":true,"href":"https:\/\/www.emmentaler.ch\/fr\/wp-json\/wp\/v2\/pages\/63911"}],"wp:featuredmedia":[{"embeddable":true,"href":"https:\/\/www.emmentaler.ch\/fr\/wp-json\/wp\/v2\/media\/29413"}],"wp:attachment":[{"href":"https:\/\/www.emmentaler.ch\/fr\/wp-json\/wp\/v2\/media?parent=29397"}],"wp:term":[{"taxonomy":"post_tag","embeddable":true,"href":"https:\/\/www.emmentaler.ch\/fr\/wp-json\/wp\/v2\/tags?post=29397"},{"taxonomy":"recipe_categories","embeddable":true,"href":"https:\/\/www.emmentaler.ch\/fr\/wp-json\/wp\/v2\/recipe_categories?post=29397"},{"taxonomy":"et_countries","embeddable":true,"href":"https:\/\/www.emmentaler.ch\/fr\/wp-json\/wp\/v2\/et_countries?post=29397"},{"taxonomy":"recipe_main_ingredient","embeddable":true,"href":"https:\/\/www.emmentaler.ch\/fr\/wp-json\/wp\/v2\/recipe_main_ingredient?post=29397"},{"taxonomy":"recipe_difficulty","embeddable":true,"href":"https:\/\/www.emmentaler.ch\/fr\/wp-json\/wp\/v2\/recipe_difficulty?post=29397"},{"taxonomy":"recipe_preparation_time","embeddable":true,"href":"https:\/\/www.emmentaler.ch\/fr\/wp-json\/wp\/v2\/recipe_preparation_time?post=29397"},{"taxonomy":"recipe_diet_type","embeddable":true,"href":"https:\/\/www.emmentaler.ch\/fr\/wp-json\/wp\/v2\/recipe_diet_type?post=29397"},{"taxonomy":"recipe_saison","embeddable":true,"href":"https:\/\/www.emmentaler.ch\/fr\/wp-json\/wp\/v2\/recipe_saison?post=29397"}],"curies":[{"name":"wp","href":"https:\/\/api.w.org\/{rel}","templated":true}]}}