{"id":29535,"date":"2022-04-27T13:38:00","date_gmt":"2022-04-27T11:38:00","guid":{"rendered":"https:\/\/www.emmentaler.ch\/rezept\/muffins-aux-fromage-et-aux-herbes"},"modified":"2022-06-10T17:09:05","modified_gmt":"2022-06-10T15:09:05","slug":"muffins-aux-fromage-et-aux-herbes","status":"publish","type":"recipes","link":"https:\/\/www.emmentaler.ch\/fr\/recettes\/muffins-aux-fromage-et-aux-herbes","title":{"rendered":"Muffins aux fromage et aux herbes"},"author":2,"featured_media":29556,"menu_order":0,"template":"","meta":{"inline_featured_image":false},"tags":[],"recipe_categories":[609],"et_countries":[],"recipe_main_ingredient":[],"recipe_difficulty":[575],"recipe_preparation_time":[270],"recipe_diet_type":[572],"recipe_saison":[527,559],"acf":{"recipe_preparation_time":270,"recipe_categories":609,"recipe_time_txt":"15 minutes plus 30 minutes de cuisson","recipe_type":63916,"recipe_difficulty":575,"recipe_diet_type":[572],"recipe_main_ingredient":false,"recipe_saison":[527,559],"recipe_count_portions":4,"recipe_ingedients":[{"recipe_ingedients_amount":"62.5","recipe_ingedients_unit":"g","recipe_ingedients_product":"Emmentaler AOP"},{"recipe_ingedients_amount":"1","recipe_ingedients_unit":"St\u00fcck","recipe_ingedients_product":"brins de romarin"},{"recipe_ingedients_amount":"1","recipe_ingedients_unit":"St\u00fcck","recipe_ingedients_product":"brins de thym"},{"recipe_ingedients_amount":".25","recipe_ingedients_unit":"Bd","recipe_ingedients_product":"persil"},{"recipe_ingedients_amount":".5","recipe_ingedients_unit":"St\u00fcck","recipe_ingedients_product":"\u0153ufs"},{"recipe_ingedients_amount":"37.5","recipe_ingedients_unit":"ml","recipe_ingedients_product":"huile de colza ou d'olive"},{"recipe_ingedients_amount":"50","recipe_ingedients_unit":"ml","recipe_ingedients_product":"babeurre"},{"recipe_ingedients_amount":".25","recipe_ingedients_unit":"Tl","recipe_ingedients_product":"sel"},{"recipe_ingedients_amount":".5","recipe_ingedients_unit":"St\u00fcck","recipe_ingedients_product":"gousses d'ail"},{"recipe_ingedients_amount":"62.5","recipe_ingedients_unit":"g","recipe_ingedients_product":"farine"},{"recipe_ingedients_amount":".25","recipe_ingedients_unit":"Pkg","recipe_ingedients_product":"poudre \u00e0 lever"},{"recipe_ingedients_amount":"","recipe_ingedients_unit":"Bedarf","recipe_ingedients_product":"poign\u00e9e de roquette"},{"recipe_ingedients_amount":"","recipe_ingedients_unit":"Bedarf","recipe_ingedients_product":"beurre pour graisser"}],"temporare_zutaten":"Butter zum Einfetten\r\n250 g Emmentaler AOP\r\n4 Zweige Rosmarin\r\n4 Zweige Thymian\r\n1 Handvoll Rucola\r\n1 Bund Petersilie\r\n2 Eier\r\n1,5 dl Raps- oder Oliven\u00f6l\r\n2 dl Buttermilch\r\n1 TL Salz\r\n2 Knoblauchzehen\r\n250 g Mehl\r\n1 P\u00e4ckli Backpulver","recipe_preparation":"Beurrer g\u00e9n\u00e9reusement la plaque \u00e0 muffins ou la garnir de moules en papier.\r\n\r\nR\u00e2per finement le fromage. Effeuiller le romarin et le thym. Hacher finement le romarin, la roquette et le persil.\r\n\r\nBattre les \u0153ufs. Les m\u00e9langer avec l'huile, le babeurre et le sel. Y presser l'ail. Incorporer les herbes et le fromage.\r\n\r\nAjouter la farine et la levure et m\u00e9langer vigoureusement. Mettre la p\u00e2te dans les moules. Faire cuire 20-25 minutes \u00e0 180\u00b0C. Laisser reposer 5 minutes dans les moules puis laisser refroidir sur une grille.","recipe_images":[22456,22461]},"_links":{"self":[{"href":"https:\/\/www.emmentaler.ch\/fr\/wp-json\/wp\/v2\/recipes\/29535"}],"collection":[{"href":"https:\/\/www.emmentaler.ch\/fr\/wp-json\/wp\/v2\/recipes"}],"about":[{"href":"https:\/\/www.emmentaler.ch\/fr\/wp-json\/wp\/v2\/types\/recipes"}],"author":[{"embeddable":true,"href":"https:\/\/www.emmentaler.ch\/fr\/wp-json\/wp\/v2\/users\/2"}],"version-history":[{"count":0,"href":"https:\/\/www.emmentaler.ch\/fr\/wp-json\/wp\/v2\/recipes\/29535\/revisions"}],"acf:attachment":[{"embeddable":true,"href":"https:\/\/www.emmentaler.ch\/fr\/wp-json\/wp\/v2\/media\/22461"},{"embeddable":true,"href":"https:\/\/www.emmentaler.ch\/fr\/wp-json\/wp\/v2\/media\/22456"}],"acf:term":[{"embeddable":true,"taxonomy":"recipe_saison","href":"https:\/\/www.emmentaler.ch\/fr\/wp-json\/wp\/v2\/recipe_saison\/559"},{"embeddable":true,"taxonomy":"recipe_saison","href":"https:\/\/www.emmentaler.ch\/fr\/wp-json\/wp\/v2\/recipe_saison\/527"},{"embeddable":true,"taxonomy":"recipe_diet_type","href":"https:\/\/www.emmentaler.ch\/fr\/wp-json\/wp\/v2\/recipe_diet_type\/572"},{"embeddable":true,"taxonomy":"recipe_difficulty","href":"https:\/\/www.emmentaler.ch\/fr\/wp-json\/wp\/v2\/recipe_difficulty\/575"},{"embeddable":true,"taxonomy":"recipe_categories","href":"https:\/\/www.emmentaler.ch\/fr\/wp-json\/wp\/v2\/recipe_categories\/609"},{"embeddable":true,"taxonomy":"recipe_preparation_time","href":"https:\/\/www.emmentaler.ch\/fr\/wp-json\/wp\/v2\/recipe_preparation_time\/270"}],"acf:post":[{"embeddable":true,"href":"https:\/\/www.emmentaler.ch\/fr\/wp-json\/wp\/v2\/pages\/63916"}],"wp:featuredmedia":[{"embeddable":true,"href":"https:\/\/www.emmentaler.ch\/fr\/wp-json\/wp\/v2\/media\/29556"}],"wp:attachment":[{"href":"https:\/\/www.emmentaler.ch\/fr\/wp-json\/wp\/v2\/media?parent=29535"}],"wp:term":[{"taxonomy":"post_tag","embeddable":true,"href":"https:\/\/www.emmentaler.ch\/fr\/wp-json\/wp\/v2\/tags?post=29535"},{"taxonomy":"recipe_categories","embeddable":true,"href":"https:\/\/www.emmentaler.ch\/fr\/wp-json\/wp\/v2\/recipe_categories?post=29535"},{"taxonomy":"et_countries","embeddable":true,"href":"https:\/\/www.emmentaler.ch\/fr\/wp-json\/wp\/v2\/et_countries?post=29535"},{"taxonomy":"recipe_main_ingredient","embeddable":true,"href":"https:\/\/www.emmentaler.ch\/fr\/wp-json\/wp\/v2\/recipe_main_ingredient?post=29535"},{"taxonomy":"recipe_difficulty","embeddable":true,"href":"https:\/\/www.emmentaler.ch\/fr\/wp-json\/wp\/v2\/recipe_difficulty?post=29535"},{"taxonomy":"recipe_preparation_time","embeddable":true,"href":"https:\/\/www.emmentaler.ch\/fr\/wp-json\/wp\/v2\/recipe_preparation_time?post=29535"},{"taxonomy":"recipe_diet_type","embeddable":true,"href":"https:\/\/www.emmentaler.ch\/fr\/wp-json\/wp\/v2\/recipe_diet_type?post=29535"},{"taxonomy":"recipe_saison","embeddable":true,"href":"https:\/\/www.emmentaler.ch\/fr\/wp-json\/wp\/v2\/recipe_saison?post=29535"}],"curies":[{"name":"wp","href":"https:\/\/api.w.org\/{rel}","templated":true}]}}