{"id":29750,"date":"2022-04-27T13:38:00","date_gmt":"2022-04-27T11:38:00","guid":{"rendered":"https:\/\/www.emmentaler.ch\/rezept\/quiche-au-chou-pomme-et-jambon-croustillant"},"modified":"2022-06-28T10:11:24","modified_gmt":"2022-06-28T08:11:24","slug":"quiche-au-chou-pomme-et-jambon-croustillant","status":"publish","type":"recipes","link":"https:\/\/www.emmentaler.ch\/fr\/recettes\/quiche-au-chou-pomme-et-jambon-croustillant","title":{"rendered":"Quiche au chou, pomme et jambon croustillant"},"author":2,"featured_media":37039,"menu_order":0,"template":"","meta":{"inline_featured_image":false},"tags":[],"recipe_categories":[617],"et_countries":[],"recipe_main_ingredient":[604,591],"recipe_difficulty":[575],"recipe_preparation_time":[278],"recipe_diet_type":[],"recipe_saison":[559],"acf":{"recipe_preparation_time":278,"recipe_categories":617,"recipe_time_txt":"25 minutes plus 35 minutes de cuisson","recipe_type":63916,"recipe_difficulty":575,"recipe_diet_type":false,"recipe_main_ingredient":[591,604],"recipe_saison":[559],"recipe_count_portions":5,"recipe_ingedients":[{"recipe_ingedients_amount":"","recipe_ingedients_unit":"g","recipe_ingedients_product":""}],"temporare_zutaten":"500 g de chou blanc\r\n1 bouquet de persil plat\r\n2 petites pommes \u00e0 peau rouge\r\n3 \u0153ufs\r\n1,5 dl de lait\r\n1,5 dl de cr\u00e8me\r\n125 g d'Emmentaler AOP r\u00e2p\u00e9\r\n1-2 c. \u00e0 c. de curry\r\n2 c. \u00e0 s. de moutarde\r\nSel, poivre\r\n1 p\u00e2te \u00e0 g\u00e2teau ronde abaiss\u00e9e\r\n4-8 tranches de jambon cru","recipe_preparation":"Pour une plaque \u00e0 g\u00e2teau de 28 cm \u00d8.\r\n\r\nCouper le chou en 4, retirer le trognon et couper les parties en lani\u00e8res de 3 cm. Faire cuire les lani\u00e8res 5 minutes \u00e0 la vapeur. Hacher finement le persil, \u00e9p\u00e9piner la pomme et la couper en quartiers.\r\n\r\nBattre les \u0153ufs, le lait, la cr\u00e8me et l'Emmentaler AOP, assaisonner avec le curry et la moutarde, saler et poivrer. M\u00e9langer le chou l\u00e9g\u00e8rement refroidi avec la pomme, le persil et l'appareil.\r\n\r\nMettre la p\u00e2te sur la plaque, piquer la p\u00e2te \u00e0 la fourchette et r\u00e9partir la farce dessus. Faire cuire 25 minutes dans le tiers inf\u00e9rieur du four pr\u00e9chauff\u00e9 \u00e0 200\u00b0C .\r\n\r\nEmietter le jambon, le r\u00e9partir sur la quiche et faire dorer 5-10 minutes.","recipe_images":[22246]},"_links":{"self":[{"href":"https:\/\/www.emmentaler.ch\/fr\/wp-json\/wp\/v2\/recipes\/29750"}],"collection":[{"href":"https:\/\/www.emmentaler.ch\/fr\/wp-json\/wp\/v2\/recipes"}],"about":[{"href":"https:\/\/www.emmentaler.ch\/fr\/wp-json\/wp\/v2\/types\/recipes"}],"author":[{"embeddable":true,"href":"https:\/\/www.emmentaler.ch\/fr\/wp-json\/wp\/v2\/users\/2"}],"version-history":[{"count":0,"href":"https:\/\/www.emmentaler.ch\/fr\/wp-json\/wp\/v2\/recipes\/29750\/revisions"}],"acf:attachment":[{"embeddable":true,"href":"https:\/\/www.emmentaler.ch\/fr\/wp-json\/wp\/v2\/media\/22246"}],"acf:term":[{"embeddable":true,"taxonomy":"recipe_saison","href":"https:\/\/www.emmentaler.ch\/fr\/wp-json\/wp\/v2\/recipe_saison\/559"},{"embeddable":true,"taxonomy":"recipe_main_ingredient","href":"https:\/\/www.emmentaler.ch\/fr\/wp-json\/wp\/v2\/recipe_main_ingredient\/604"},{"embeddable":true,"taxonomy":"recipe_main_ingredient","href":"https:\/\/www.emmentaler.ch\/fr\/wp-json\/wp\/v2\/recipe_main_ingredient\/591"},{"embeddable":true,"taxonomy":"recipe_difficulty","href":"https:\/\/www.emmentaler.ch\/fr\/wp-json\/wp\/v2\/recipe_difficulty\/575"},{"embeddable":true,"taxonomy":"recipe_categories","href":"https:\/\/www.emmentaler.ch\/fr\/wp-json\/wp\/v2\/recipe_categories\/617"},{"embeddable":true,"taxonomy":"recipe_preparation_time","href":"https:\/\/www.emmentaler.ch\/fr\/wp-json\/wp\/v2\/recipe_preparation_time\/278"}],"acf:post":[{"embeddable":true,"href":"https:\/\/www.emmentaler.ch\/fr\/wp-json\/wp\/v2\/pages\/63916"}],"wp:featuredmedia":[{"embeddable":true,"href":"https:\/\/www.emmentaler.ch\/fr\/wp-json\/wp\/v2\/media\/37039"}],"wp:attachment":[{"href":"https:\/\/www.emmentaler.ch\/fr\/wp-json\/wp\/v2\/media?parent=29750"}],"wp:term":[{"taxonomy":"post_tag","embeddable":true,"href":"https:\/\/www.emmentaler.ch\/fr\/wp-json\/wp\/v2\/tags?post=29750"},{"taxonomy":"recipe_categories","embeddable":true,"href":"https:\/\/www.emmentaler.ch\/fr\/wp-json\/wp\/v2\/recipe_categories?post=29750"},{"taxonomy":"et_countries","embeddable":true,"href":"https:\/\/www.emmentaler.ch\/fr\/wp-json\/wp\/v2\/et_countries?post=29750"},{"taxonomy":"recipe_main_ingredient","embeddable":true,"href":"https:\/\/www.emmentaler.ch\/fr\/wp-json\/wp\/v2\/recipe_main_ingredient?post=29750"},{"taxonomy":"recipe_difficulty","embeddable":true,"href":"https:\/\/www.emmentaler.ch\/fr\/wp-json\/wp\/v2\/recipe_difficulty?post=29750"},{"taxonomy":"recipe_preparation_time","embeddable":true,"href":"https:\/\/www.emmentaler.ch\/fr\/wp-json\/wp\/v2\/recipe_preparation_time?post=29750"},{"taxonomy":"recipe_diet_type","embeddable":true,"href":"https:\/\/www.emmentaler.ch\/fr\/wp-json\/wp\/v2\/recipe_diet_type?post=29750"},{"taxonomy":"recipe_saison","embeddable":true,"href":"https:\/\/www.emmentaler.ch\/fr\/wp-json\/wp\/v2\/recipe_saison?post=29750"}],"curies":[{"name":"wp","href":"https:\/\/api.w.org\/{rel}","templated":true}]}}