{"id":29843,"date":"2022-04-27T13:37:12","date_gmt":"2022-04-27T11:37:12","guid":{"rendered":"https:\/\/www.emmentaler.ch\/rezept\/salade-de-concombres-et-radis-avec-sauce-a-la-pomme-et-au-emmentaler-aop"},"modified":"2024-07-25T17:58:02","modified_gmt":"2024-07-25T15:58:02","slug":"salade-de-concombres-et-radis-avec-sauce-a-la-pomme","status":"publish","type":"recipes","link":"https:\/\/www.emmentaler.ch\/fr\/recettes\/salade-de-concombres-et-radis-avec-sauce-a-la-pomme","title":{"rendered":"Salade de concombres et radis avec sauce \u00e0 la pomme"},"author":2,"featured_media":22153,"menu_order":0,"template":"","meta":{"inline_featured_image":false},"tags":[802,834],"recipe_categories":[622],"et_countries":[],"recipe_main_ingredient":[604],"recipe_difficulty":[575],"recipe_preparation_time":[280],"recipe_diet_type":[564,567,572],"recipe_saison":[540,548,532],"acf":{"recipe_preparation_time":280,"recipe_categories":622,"recipe_time_txt":"","recipe_type":63916,"recipe_difficulty":575,"recipe_diet_type":[564,567,572],"recipe_main_ingredient":[604],"recipe_saison":[532,540,548],"recipe_count_portions":4,"recipe_ingedients":[{"recipe_ingedients_amount":"","recipe_ingedients_unit":"g","recipe_ingedients_product":""}],"temporare_zutaten":"4 c. \u00e0 s. de vinaigre de vin blanc\r\n1 c. \u00e0 s. de jus de citron\r\n6 c. \u00e0 s. d'huile\r\n\u00bd c. \u00e0 s. de moutarde \u00e0 gros grains\r\n1 c. \u00e0 c. de miel\r\nSel, poivre\r\n1 petite pomme\r\n3 c. \u00e0 s. de graines de tournesol\r\n250 g de Emmentaler AOP\r\n1 concombre\r\n1 botte de radis\r\nUn peu de cresson","recipe_preparation":"Pour la sauce, m\u00e9langer le vinaigre, le jus de citron, l'huile, la moutarde, le miel, le sel et le poivre. Eplucher la pomme et la r\u00e2per dansla sauce, m\u00e9langer aussit\u00f4t.\r\n\r\nFaire dorer les graines de tournesol dans une po\u00eale sans ajout de mati\u00e8re grasse. Couper le Emmentaler AOP en petits d\u00e9s. Couper le concombre en 2 dans la longueur et le d\u00e9couper en rondelles de 5 mm environ. Couper les radis en fines rondelles.\r\n\r\nM\u00e9langer le Emmentaler AOP, le concombre et les radis avec la sauce et dresser sur les assiettes. Parsemer de graines de tournesol et de cresson.","recipe_images":[22153]},"_links":{"self":[{"href":"https:\/\/www.emmentaler.ch\/fr\/wp-json\/wp\/v2\/recipes\/29843"}],"collection":[{"href":"https:\/\/www.emmentaler.ch\/fr\/wp-json\/wp\/v2\/recipes"}],"about":[{"href":"https:\/\/www.emmentaler.ch\/fr\/wp-json\/wp\/v2\/types\/recipes"}],"author":[{"embeddable":true,"href":"https:\/\/www.emmentaler.ch\/fr\/wp-json\/wp\/v2\/users\/2"}],"version-history":[{"count":1,"href":"https:\/\/www.emmentaler.ch\/fr\/wp-json\/wp\/v2\/recipes\/29843\/revisions"}],"predecessor-version":[{"id":137988,"href":"https:\/\/www.emmentaler.ch\/fr\/wp-json\/wp\/v2\/recipes\/29843\/revisions\/137988"}],"acf:attachment":[{"embeddable":true,"href":"https:\/\/www.emmentaler.ch\/fr\/wp-json\/wp\/v2\/media\/22153"}],"acf:term":[{"embeddable":true,"taxonomy":"recipe_saison","href":"https:\/\/www.emmentaler.ch\/fr\/wp-json\/wp\/v2\/recipe_saison\/548"},{"embeddable":true,"taxonomy":"recipe_saison","href":"https:\/\/www.emmentaler.ch\/fr\/wp-json\/wp\/v2\/recipe_saison\/540"},{"embeddable":true,"taxonomy":"recipe_saison","href":"https:\/\/www.emmentaler.ch\/fr\/wp-json\/wp\/v2\/recipe_saison\/532"},{"embeddable":true,"taxonomy":"recipe_main_ingredient","href":"https:\/\/www.emmentaler.ch\/fr\/wp-json\/wp\/v2\/recipe_main_ingredient\/604"},{"embeddable":true,"taxonomy":"recipe_diet_type","href":"https:\/\/www.emmentaler.ch\/fr\/wp-json\/wp\/v2\/recipe_diet_type\/572"},{"embeddable":true,"taxonomy":"recipe_diet_type","href":"https:\/\/www.emmentaler.ch\/fr\/wp-json\/wp\/v2\/recipe_diet_type\/567"},{"embeddable":true,"taxonomy":"recipe_diet_type","href":"https:\/\/www.emmentaler.ch\/fr\/wp-json\/wp\/v2\/recipe_diet_type\/564"},{"embeddable":true,"taxonomy":"recipe_difficulty","href":"https:\/\/www.emmentaler.ch\/fr\/wp-json\/wp\/v2\/recipe_difficulty\/575"},{"embeddable":true,"taxonomy":"recipe_categories","href":"https:\/\/www.emmentaler.ch\/fr\/wp-json\/wp\/v2\/recipe_categories\/622"},{"embeddable":true,"taxonomy":"recipe_preparation_time","href":"https:\/\/www.emmentaler.ch\/fr\/wp-json\/wp\/v2\/recipe_preparation_time\/280"}],"acf:post":[{"embeddable":true,"href":"https:\/\/www.emmentaler.ch\/fr\/wp-json\/wp\/v2\/pages\/63916"}],"wp:featuredmedia":[{"embeddable":true,"href":"https:\/\/www.emmentaler.ch\/fr\/wp-json\/wp\/v2\/media\/22153"}],"wp:attachment":[{"href":"https:\/\/www.emmentaler.ch\/fr\/wp-json\/wp\/v2\/media?parent=29843"}],"wp:term":[{"taxonomy":"post_tag","embeddable":true,"href":"https:\/\/www.emmentaler.ch\/fr\/wp-json\/wp\/v2\/tags?post=29843"},{"taxonomy":"recipe_categories","embeddable":true,"href":"https:\/\/www.emmentaler.ch\/fr\/wp-json\/wp\/v2\/recipe_categories?post=29843"},{"taxonomy":"et_countries","embeddable":true,"href":"https:\/\/www.emmentaler.ch\/fr\/wp-json\/wp\/v2\/et_countries?post=29843"},{"taxonomy":"recipe_main_ingredient","embeddable":true,"href":"https:\/\/www.emmentaler.ch\/fr\/wp-json\/wp\/v2\/recipe_main_ingredient?post=29843"},{"taxonomy":"recipe_difficulty","embeddable":true,"href":"https:\/\/www.emmentaler.ch\/fr\/wp-json\/wp\/v2\/recipe_difficulty?post=29843"},{"taxonomy":"recipe_preparation_time","embeddable":true,"href":"https:\/\/www.emmentaler.ch\/fr\/wp-json\/wp\/v2\/recipe_preparation_time?post=29843"},{"taxonomy":"recipe_diet_type","embeddable":true,"href":"https:\/\/www.emmentaler.ch\/fr\/wp-json\/wp\/v2\/recipe_diet_type?post=29843"},{"taxonomy":"recipe_saison","embeddable":true,"href":"https:\/\/www.emmentaler.ch\/fr\/wp-json\/wp\/v2\/recipe_saison?post=29843"}],"curies":[{"name":"wp","href":"https:\/\/api.w.org\/{rel}","templated":true}]}}