{"id":29874,"date":"2022-04-27T13:37:12","date_gmt":"2022-04-27T11:37:12","guid":{"rendered":"https:\/\/www.emmentaler.ch\/rezept\/salade-verte-aux-petales-de-fleurs-fines-herbes-emmentaler-aop-et-fraises"},"modified":"2024-07-25T17:56:54","modified_gmt":"2024-07-25T15:56:54","slug":"salade-verte-aux-petales-de-fleurs-fines-herbes-emmentaler-aop-et-fraises","status":"publish","type":"recipes","link":"https:\/\/www.emmentaler.ch\/fr\/recettes\/salade-verte-aux-petales-de-fleurs-fines-herbes-emmentaler-aop-et-fraises","title":{"rendered":"Salade verte aux p\u00e9tales de fleurs, fines herbes, Emmentaler AOP et fraises"},"author":2,"featured_media":22117,"menu_order":0,"template":"","meta":{"inline_featured_image":false},"tags":[802],"recipe_categories":[622],"et_countries":[],"recipe_main_ingredient":[604],"recipe_difficulty":[575],"recipe_preparation_time":[268],"recipe_diet_type":[564,567,572],"recipe_saison":[548],"acf":{"recipe_preparation_time":268,"recipe_categories":622,"recipe_time_txt":"Pr\u00e9paration: 15 minutes, Cuisson: 10 minutes","recipe_type":64247,"recipe_difficulty":575,"recipe_diet_type":[564,567,572],"recipe_main_ingredient":[604],"recipe_saison":[548],"recipe_count_portions":4,"recipe_ingedients":[{"recipe_ingedients_amount":"","recipe_ingedients_unit":"g","recipe_ingedients_product":""}],"temporare_zutaten":"100 g de salade \u00e0 tondre m\u00e9lang\u00e9e\r\n50 g de roquette, mizuna ou autres salades am\u00e8res\r\n1 poign\u00e9e de p\u00e9tales de fleurs comestibles, p. ex. capucines, fleurs de bourrache, calendula, etc.\r\n1 poign\u00e9e de fines herbes m\u00e9lang\u00e9es, p. ex. persil, aneth, m\u00e9lisse citronn\u00e9e\r\n100 g d\u2019Emmentaler AOP (R\u00e9serve)\r\n250 g de fraises\r\nVinaigrette\r\n1 \u00e9chalote finement hach\u00e9e\r\n1 c. s. de moutarde gros grains\r\n2\u20133 c. s. de miel liquide\r\n100 ml de vinaigre de vin blanc\r\n100 ml d\u2019huile d\u2019olive\r\nSel, poivre","recipe_preparation":"Bien laver les salades et les essorer. Juste avant de servir, ajouter les p\u00e9tales et les fines herbes, m\u00e9langer. Couper l\u2019Emmentaler AOP en fines lamelles. Couper les fraises en petites rondelles.\r\n\r\nPour la vinaigrette, m\u00e9langer l\u2019\u00e9chalote, la moutarde, le miel, le vinaigre et l\u2019huile. Saler et poivrer. Verser sur les salades, m\u00e9langer, parsemer de l\u2019Emmentaler AOP et des fraises. Servir aussit\u00f4t.","recipe_images":[22112,22117]},"_links":{"self":[{"href":"https:\/\/www.emmentaler.ch\/fr\/wp-json\/wp\/v2\/recipes\/29874"}],"collection":[{"href":"https:\/\/www.emmentaler.ch\/fr\/wp-json\/wp\/v2\/recipes"}],"about":[{"href":"https:\/\/www.emmentaler.ch\/fr\/wp-json\/wp\/v2\/types\/recipes"}],"author":[{"embeddable":true,"href":"https:\/\/www.emmentaler.ch\/fr\/wp-json\/wp\/v2\/users\/2"}],"version-history":[{"count":1,"href":"https:\/\/www.emmentaler.ch\/fr\/wp-json\/wp\/v2\/recipes\/29874\/revisions"}],"predecessor-version":[{"id":137984,"href":"https:\/\/www.emmentaler.ch\/fr\/wp-json\/wp\/v2\/recipes\/29874\/revisions\/137984"}],"acf:attachment":[{"embeddable":true,"href":"https:\/\/www.emmentaler.ch\/fr\/wp-json\/wp\/v2\/media\/22117"},{"embeddable":true,"href":"https:\/\/www.emmentaler.ch\/fr\/wp-json\/wp\/v2\/media\/22112"}],"acf:term":[{"embeddable":true,"taxonomy":"recipe_saison","href":"https:\/\/www.emmentaler.ch\/fr\/wp-json\/wp\/v2\/recipe_saison\/548"},{"embeddable":true,"taxonomy":"recipe_main_ingredient","href":"https:\/\/www.emmentaler.ch\/fr\/wp-json\/wp\/v2\/recipe_main_ingredient\/604"},{"embeddable":true,"taxonomy":"recipe_diet_type","href":"https:\/\/www.emmentaler.ch\/fr\/wp-json\/wp\/v2\/recipe_diet_type\/572"},{"embeddable":true,"taxonomy":"recipe_diet_type","href":"https:\/\/www.emmentaler.ch\/fr\/wp-json\/wp\/v2\/recipe_diet_type\/567"},{"embeddable":true,"taxonomy":"recipe_diet_type","href":"https:\/\/www.emmentaler.ch\/fr\/wp-json\/wp\/v2\/recipe_diet_type\/564"},{"embeddable":true,"taxonomy":"recipe_difficulty","href":"https:\/\/www.emmentaler.ch\/fr\/wp-json\/wp\/v2\/recipe_difficulty\/575"},{"embeddable":true,"taxonomy":"recipe_categories","href":"https:\/\/www.emmentaler.ch\/fr\/wp-json\/wp\/v2\/recipe_categories\/622"},{"embeddable":true,"taxonomy":"recipe_preparation_time","href":"https:\/\/www.emmentaler.ch\/fr\/wp-json\/wp\/v2\/recipe_preparation_time\/268"}],"acf:post":[{"embeddable":true,"href":"https:\/\/www.emmentaler.ch\/fr\/wp-json\/wp\/v2\/pages\/64247"}],"wp:featuredmedia":[{"embeddable":true,"href":"https:\/\/www.emmentaler.ch\/fr\/wp-json\/wp\/v2\/media\/22117"}],"wp:attachment":[{"href":"https:\/\/www.emmentaler.ch\/fr\/wp-json\/wp\/v2\/media?parent=29874"}],"wp:term":[{"taxonomy":"post_tag","embeddable":true,"href":"https:\/\/www.emmentaler.ch\/fr\/wp-json\/wp\/v2\/tags?post=29874"},{"taxonomy":"recipe_categories","embeddable":true,"href":"https:\/\/www.emmentaler.ch\/fr\/wp-json\/wp\/v2\/recipe_categories?post=29874"},{"taxonomy":"et_countries","embeddable":true,"href":"https:\/\/www.emmentaler.ch\/fr\/wp-json\/wp\/v2\/et_countries?post=29874"},{"taxonomy":"recipe_main_ingredient","embeddable":true,"href":"https:\/\/www.emmentaler.ch\/fr\/wp-json\/wp\/v2\/recipe_main_ingredient?post=29874"},{"taxonomy":"recipe_difficulty","embeddable":true,"href":"https:\/\/www.emmentaler.ch\/fr\/wp-json\/wp\/v2\/recipe_difficulty?post=29874"},{"taxonomy":"recipe_preparation_time","embeddable":true,"href":"https:\/\/www.emmentaler.ch\/fr\/wp-json\/wp\/v2\/recipe_preparation_time?post=29874"},{"taxonomy":"recipe_diet_type","embeddable":true,"href":"https:\/\/www.emmentaler.ch\/fr\/wp-json\/wp\/v2\/recipe_diet_type?post=29874"},{"taxonomy":"recipe_saison","embeddable":true,"href":"https:\/\/www.emmentaler.ch\/fr\/wp-json\/wp\/v2\/recipe_saison?post=29874"}],"curies":[{"name":"wp","href":"https:\/\/api.w.org\/{rel}","templated":true}]}}