{"id":30168,"date":"2022-04-27T13:37:12","date_gmt":"2022-04-27T11:37:12","guid":{"rendered":"https:\/\/www.emmentaler.ch\/rezept\/poelee-orge-et-poulet"},"modified":"2023-04-05T09:54:50","modified_gmt":"2023-04-05T07:54:50","slug":"poelee-orge-et-poulet","status":"publish","type":"recipes","link":"https:\/\/www.emmentaler.ch\/fr\/recettes\/poelee-orge-et-poulet","title":{"rendered":"Po\u00eal\u00e9e orge et poulet"},"author":2,"featured_media":30184,"menu_order":0,"template":"","meta":{"inline_featured_image":false},"tags":[735],"recipe_categories":[617],"et_countries":[],"recipe_main_ingredient":[604,591],"recipe_difficulty":[583],"recipe_preparation_time":[270],"recipe_diet_type":[567],"recipe_saison":[559],"acf":{"recipe_preparation_time":270,"recipe_categories":617,"recipe_time_txt":"","recipe_type":64281,"recipe_difficulty":583,"recipe_diet_type":[567],"recipe_main_ingredient":[591,604],"recipe_saison":[559],"recipe_count_portions":4,"recipe_ingedients":[{"recipe_ingedients_amount":"","recipe_ingedients_unit":"g","recipe_ingedients_product":""}],"temporare_zutaten":"1,5 l de bouillon\r\n200 g d'orge perl\u00e9\r\n300 g de carottes\r\n30 g de tomates s\u00e9ch\u00e9es marin\u00e9es dans l'huile\r\n1 gousse d'ail\r\n1 botte d'oignons de printemps\r\n3 c. \u00e0 s. d'huile d'olive\r\n1 dl de vin blanc\r\n1 c. \u00e0 c. de thym\r\nSel, poivre\r\n400 g d'\u00e9minc\u00e9 de poulet\r\n150 g d'Emmentaler sal\u00e9 AOP","recipe_preparation":"Porter \u00e0 \u00e9bullition 8 dl de bouillon. Y ajouter l'orge et faire mijoter 30 minutes. Egoutter et r\u00e9cup\u00e9rer le liquide.\r\n\r\nCouper les carottes en rondelles. Couper les tomates \u00e9goutt\u00e9es en lani\u00e8res. Hacher finement l'ail. Couper les oignons de printemps en rondelles. Faire chauffer 2 c. \u00e0 s. d'huile et y faire revenir la partie blanche des oignons de printemps, les tomates et l'ail. Faire bri\u00e8vement revenir l'orge. Mouiller au vin blanc. Ajouter le liquide de cuisson et le reste du bouillon. Ajouter le thym et faire mijoter 15 minutes, ajouter un peu d'eau si n\u00e9cessaire. Saler et poivrer.\r\n\r\nAssaisonner le poulet, le faire revenir dans le reste de l'huile et l'ajouter \u00e0 la po\u00eal\u00e9e d'orge. R\u00e2per finement l'Emmentaler AOP et l'incorporer \u00e0 l'orge ou le servir \u00e0 c\u00f4t\u00e9. Parsemer la partie verte des oignons de printemps sur l'orge.","recipe_images":[30184]},"_links":{"self":[{"href":"https:\/\/www.emmentaler.ch\/fr\/wp-json\/wp\/v2\/recipes\/30168"}],"collection":[{"href":"https:\/\/www.emmentaler.ch\/fr\/wp-json\/wp\/v2\/recipes"}],"about":[{"href":"https:\/\/www.emmentaler.ch\/fr\/wp-json\/wp\/v2\/types\/recipes"}],"author":[{"embeddable":true,"href":"https:\/\/www.emmentaler.ch\/fr\/wp-json\/wp\/v2\/users\/2"}],"version-history":[{"count":0,"href":"https:\/\/www.emmentaler.ch\/fr\/wp-json\/wp\/v2\/recipes\/30168\/revisions"}],"acf:attachment":[{"embeddable":true,"href":"https:\/\/www.emmentaler.ch\/fr\/wp-json\/wp\/v2\/media\/30184"}],"acf:term":[{"embeddable":true,"taxonomy":"recipe_saison","href":"https:\/\/www.emmentaler.ch\/fr\/wp-json\/wp\/v2\/recipe_saison\/559"},{"embeddable":true,"taxonomy":"recipe_main_ingredient","href":"https:\/\/www.emmentaler.ch\/fr\/wp-json\/wp\/v2\/recipe_main_ingredient\/604"},{"embeddable":true,"taxonomy":"recipe_main_ingredient","href":"https:\/\/www.emmentaler.ch\/fr\/wp-json\/wp\/v2\/recipe_main_ingredient\/591"},{"embeddable":true,"taxonomy":"recipe_diet_type","href":"https:\/\/www.emmentaler.ch\/fr\/wp-json\/wp\/v2\/recipe_diet_type\/567"},{"embeddable":true,"taxonomy":"recipe_difficulty","href":"https:\/\/www.emmentaler.ch\/fr\/wp-json\/wp\/v2\/recipe_difficulty\/583"},{"embeddable":true,"taxonomy":"recipe_categories","href":"https:\/\/www.emmentaler.ch\/fr\/wp-json\/wp\/v2\/recipe_categories\/617"},{"embeddable":true,"taxonomy":"recipe_preparation_time","href":"https:\/\/www.emmentaler.ch\/fr\/wp-json\/wp\/v2\/recipe_preparation_time\/270"}],"acf:post":[{"embeddable":true,"href":"https:\/\/www.emmentaler.ch\/fr\/wp-json\/wp\/v2\/pages\/64281"}],"wp:featuredmedia":[{"embeddable":true,"href":"https:\/\/www.emmentaler.ch\/fr\/wp-json\/wp\/v2\/media\/30184"}],"wp:attachment":[{"href":"https:\/\/www.emmentaler.ch\/fr\/wp-json\/wp\/v2\/media?parent=30168"}],"wp:term":[{"taxonomy":"post_tag","embeddable":true,"href":"https:\/\/www.emmentaler.ch\/fr\/wp-json\/wp\/v2\/tags?post=30168"},{"taxonomy":"recipe_categories","embeddable":true,"href":"https:\/\/www.emmentaler.ch\/fr\/wp-json\/wp\/v2\/recipe_categories?post=30168"},{"taxonomy":"et_countries","embeddable":true,"href":"https:\/\/www.emmentaler.ch\/fr\/wp-json\/wp\/v2\/et_countries?post=30168"},{"taxonomy":"recipe_main_ingredient","embeddable":true,"href":"https:\/\/www.emmentaler.ch\/fr\/wp-json\/wp\/v2\/recipe_main_ingredient?post=30168"},{"taxonomy":"recipe_difficulty","embeddable":true,"href":"https:\/\/www.emmentaler.ch\/fr\/wp-json\/wp\/v2\/recipe_difficulty?post=30168"},{"taxonomy":"recipe_preparation_time","embeddable":true,"href":"https:\/\/www.emmentaler.ch\/fr\/wp-json\/wp\/v2\/recipe_preparation_time?post=30168"},{"taxonomy":"recipe_diet_type","embeddable":true,"href":"https:\/\/www.emmentaler.ch\/fr\/wp-json\/wp\/v2\/recipe_diet_type?post=30168"},{"taxonomy":"recipe_saison","embeddable":true,"href":"https:\/\/www.emmentaler.ch\/fr\/wp-json\/wp\/v2\/recipe_saison?post=30168"}],"curies":[{"name":"wp","href":"https:\/\/api.w.org\/{rel}","templated":true}]}}