{"id":30353,"date":"2022-04-27T13:33:36","date_gmt":"2022-04-27T11:33:36","guid":{"rendered":"https:\/\/www.emmentaler.ch\/rezept\/salade-de-boulgour"},"modified":"2024-07-25T18:09:38","modified_gmt":"2024-07-25T16:09:38","slug":"salade-de-boulgour","status":"publish","type":"recipes","link":"https:\/\/www.emmentaler.ch\/fr\/recettes\/salade-de-boulgour","title":{"rendered":"Salade de boulgour"},"author":2,"featured_media":30374,"menu_order":0,"template":"","meta":{"inline_featured_image":false},"tags":[802],"recipe_categories":[617],"et_countries":[],"recipe_main_ingredient":[604],"recipe_difficulty":[575],"recipe_preparation_time":[280],"recipe_diet_type":[564,567,572],"recipe_saison":[559],"acf":{"recipe_preparation_time":280,"recipe_categories":617,"recipe_time_txt":"","recipe_type":64303,"recipe_difficulty":575,"recipe_diet_type":[564,567,572],"recipe_main_ingredient":[604],"recipe_saison":[559],"recipe_count_portions":4,"recipe_ingedients":[{"recipe_ingedients_amount":"125","recipe_ingedients_unit":"ml","recipe_ingedients_product":"bouillon de l\u00e9gumes"},{"recipe_ingedients_amount":".25","recipe_ingedients_unit":"Tl","recipe_ingedients_product":"pur\u00e9e de tomates"},{"recipe_ingedients_amount":"50","recipe_ingedients_unit":"g","recipe_ingedients_product":"boulgour"},{"recipe_ingedients_amount":".5","recipe_ingedients_unit":"Bd","recipe_ingedients_product":"boulgour"},{"recipe_ingedients_amount":".25","recipe_ingedients_unit":"St\u00fcck","recipe_ingedients_product":"chou-rave"},{"recipe_ingedients_amount":".25","recipe_ingedients_unit":"Bd","recipe_ingedients_product":"oignons de printemps"},{"recipe_ingedients_amount":"50","recipe_ingedients_unit":"g","recipe_ingedients_product":"Emmentaler AOP"},{"recipe_ingedients_amount":".25","recipe_ingedients_unit":"St\u00fcck","recipe_ingedients_product":"citron"},{"recipe_ingedients_amount":".5","recipe_ingedients_unit":"El","recipe_ingedients_product":"vinaigre"},{"recipe_ingedients_amount":"1.25","recipe_ingedients_unit":"El","recipe_ingedients_product":"huile d'olive"},{"recipe_ingedients_amount":".5","recipe_ingedients_unit":"El","recipe_ingedients_product":"de cranberries s\u00e9ch\u00e9es"},{"recipe_ingedients_amount":"","recipe_ingedients_unit":"Bedarf","recipe_ingedients_product":"Selon les besoins: sel, poivre"}],"temporare_zutaten":"5 dl de bouillon de l\u00e9gumes\r\n1 c. \u00e0 c. de pur\u00e9e de tomate\r\n200 g de boulgour\r\n2 bottes de radis\r\n1 chou-rave\r\n1 botte d'oignons de printemps\r\n200 g d'Emmentaler AOP\r\n1 citron\r\n2 c. \u00e0 s. de vinaigre\r\n5 c. \u00e0 s. d'huile d'olive\r\nSel, poivre\r\n2 c. \u00e0 s. d'airelles s\u00e9ch\u00e9es","recipe_preparation":"Porter le bouillon \u00e0 \u00e9bullition avec la pur\u00e9e de tomate, incorporer le boulgour et laisser gonfler \u00e0 couvert pendant 15 minutes. Laisser refroidir.\r\n\r\nCouper les radis en 4, le chou-rave en petits d\u00e9s et les oignons de printemps en rondelle, avec les fanes. Couper l'Emmentaler AOP en b\u00e2tonnets.\r\n\r\nPresser le jus du citron et faire une sauce avec les jus, le vinaigre, l'huile, le sel et le poivre. M\u00e9langer ensuite tous les ingr\u00e9dients avec la sauce.","recipe_images":[19994,19999]},"_links":{"self":[{"href":"https:\/\/www.emmentaler.ch\/fr\/wp-json\/wp\/v2\/recipes\/30353"}],"collection":[{"href":"https:\/\/www.emmentaler.ch\/fr\/wp-json\/wp\/v2\/recipes"}],"about":[{"href":"https:\/\/www.emmentaler.ch\/fr\/wp-json\/wp\/v2\/types\/recipes"}],"author":[{"embeddable":true,"href":"https:\/\/www.emmentaler.ch\/fr\/wp-json\/wp\/v2\/users\/2"}],"version-history":[{"count":1,"href":"https:\/\/www.emmentaler.ch\/fr\/wp-json\/wp\/v2\/recipes\/30353\/revisions"}],"predecessor-version":[{"id":137531,"href":"https:\/\/www.emmentaler.ch\/fr\/wp-json\/wp\/v2\/recipes\/30353\/revisions\/137531"}],"acf:attachment":[{"embeddable":true,"href":"https:\/\/www.emmentaler.ch\/fr\/wp-json\/wp\/v2\/media\/19999"},{"embeddable":true,"href":"https:\/\/www.emmentaler.ch\/fr\/wp-json\/wp\/v2\/media\/19994"}],"acf:term":[{"embeddable":true,"taxonomy":"recipe_saison","href":"https:\/\/www.emmentaler.ch\/fr\/wp-json\/wp\/v2\/recipe_saison\/559"},{"embeddable":true,"taxonomy":"recipe_main_ingredient","href":"https:\/\/www.emmentaler.ch\/fr\/wp-json\/wp\/v2\/recipe_main_ingredient\/604"},{"embeddable":true,"taxonomy":"recipe_diet_type","href":"https:\/\/www.emmentaler.ch\/fr\/wp-json\/wp\/v2\/recipe_diet_type\/572"},{"embeddable":true,"taxonomy":"recipe_diet_type","href":"https:\/\/www.emmentaler.ch\/fr\/wp-json\/wp\/v2\/recipe_diet_type\/567"},{"embeddable":true,"taxonomy":"recipe_diet_type","href":"https:\/\/www.emmentaler.ch\/fr\/wp-json\/wp\/v2\/recipe_diet_type\/564"},{"embeddable":true,"taxonomy":"recipe_difficulty","href":"https:\/\/www.emmentaler.ch\/fr\/wp-json\/wp\/v2\/recipe_difficulty\/575"},{"embeddable":true,"taxonomy":"recipe_categories","href":"https:\/\/www.emmentaler.ch\/fr\/wp-json\/wp\/v2\/recipe_categories\/617"},{"embeddable":true,"taxonomy":"recipe_preparation_time","href":"https:\/\/www.emmentaler.ch\/fr\/wp-json\/wp\/v2\/recipe_preparation_time\/280"}],"acf:post":[{"embeddable":true,"href":"https:\/\/www.emmentaler.ch\/fr\/wp-json\/wp\/v2\/pages\/64303"}],"wp:featuredmedia":[{"embeddable":true,"href":"https:\/\/www.emmentaler.ch\/fr\/wp-json\/wp\/v2\/media\/30374"}],"wp:attachment":[{"href":"https:\/\/www.emmentaler.ch\/fr\/wp-json\/wp\/v2\/media?parent=30353"}],"wp:term":[{"taxonomy":"post_tag","embeddable":true,"href":"https:\/\/www.emmentaler.ch\/fr\/wp-json\/wp\/v2\/tags?post=30353"},{"taxonomy":"recipe_categories","embeddable":true,"href":"https:\/\/www.emmentaler.ch\/fr\/wp-json\/wp\/v2\/recipe_categories?post=30353"},{"taxonomy":"et_countries","embeddable":true,"href":"https:\/\/www.emmentaler.ch\/fr\/wp-json\/wp\/v2\/et_countries?post=30353"},{"taxonomy":"recipe_main_ingredient","embeddable":true,"href":"https:\/\/www.emmentaler.ch\/fr\/wp-json\/wp\/v2\/recipe_main_ingredient?post=30353"},{"taxonomy":"recipe_difficulty","embeddable":true,"href":"https:\/\/www.emmentaler.ch\/fr\/wp-json\/wp\/v2\/recipe_difficulty?post=30353"},{"taxonomy":"recipe_preparation_time","embeddable":true,"href":"https:\/\/www.emmentaler.ch\/fr\/wp-json\/wp\/v2\/recipe_preparation_time?post=30353"},{"taxonomy":"recipe_diet_type","embeddable":true,"href":"https:\/\/www.emmentaler.ch\/fr\/wp-json\/wp\/v2\/recipe_diet_type?post=30353"},{"taxonomy":"recipe_saison","embeddable":true,"href":"https:\/\/www.emmentaler.ch\/fr\/wp-json\/wp\/v2\/recipe_saison?post=30353"}],"curies":[{"name":"wp","href":"https:\/\/api.w.org\/{rel}","templated":true}]}}