{"id":30445,"date":"2022-04-27T13:36:19","date_gmt":"2022-04-27T11:36:19","guid":{"rendered":"https:\/\/www.emmentaler.ch\/rezept\/legumes-avec-sauce-au-emmentaler-aop-et-oeuf-au-plat"},"modified":"2022-07-29T17:25:33","modified_gmt":"2022-07-29T15:25:33","slug":"legumes-avec-sauce-au-emmentaler-aop-et-oeuf-au-plat","status":"publish","type":"recipes","link":"https:\/\/www.emmentaler.ch\/fr\/recettes\/legumes-avec-sauce-au-emmentaler-aop-et-oeuf-au-plat","title":{"rendered":"L\u00e9gumes avec sauce au Emmentaler AOP et \u0153uf au plat"},"author":2,"featured_media":21767,"menu_order":0,"template":"","meta":{"inline_featured_image":false},"tags":[],"recipe_categories":[609],"et_countries":[],"recipe_main_ingredient":[604],"recipe_difficulty":[580],"recipe_preparation_time":[272],"recipe_diet_type":[572],"recipe_saison":[532,559],"acf":{"recipe_preparation_time":272,"recipe_categories":609,"recipe_time_txt":"","recipe_type":64281,"recipe_difficulty":580,"recipe_diet_type":[572],"recipe_main_ingredient":[604],"recipe_saison":[532,559],"recipe_count_portions":4,"recipe_ingedients":[{"recipe_ingedients_amount":"","recipe_ingedients_unit":"g","recipe_ingedients_product":""}],"temporare_zutaten":"600 g de pommes de terre\r\n2 choux-raves\r\n400 g de carottes\r\n4 dl de bouillon de l\u00e9gumes\r\n2 feuilles de laurier\r\n150 g de Emmentaler AOP\r\n2 bottes de ciboulette\r\n3 c. \u00e0 c. de ma\u00efzena\r\n1 dl de cr\u00e8me\r\n1-2 c. \u00e0 s. de vinaigre\r\nSel, poivre\r\n1 c. \u00e0 s. de beurre\r\n4 \u0153ufs\r\nPaprika en poudre","recipe_preparation":"Eplucher les pommes de terre et les l\u00e9gumes et les couper en d\u00e9s de 2 cm. Porter le bouillon \u00e0 \u00e9bullition, ajouter les d\u00e9s de pommes de terre et de l\u00e9gumes et les feuilles de laurier, faire mijoter \u00e0 couvert pendant 15 minutes.\r\n\r\nR\u00e2per finement le Emmentaler AOP. Ciseler la ciboulette. M\u00e9langer la ma\u00efzena et la cr\u00e8me, ajouter aux l\u00e9gumes et faire mijoter 1-2 minutes. Verser la sauce dans un r\u00e9cipient haut, ajouter le Emmentaler AOP et la ciboulette et r\u00e9duire en pur\u00e9e \u00e0 l'aide du mixeur plongeant.\r\n\r\nRemettre la sauce dans la casserole, ajouter le vinaigre, saler et poivrer .\r\n\r\nFaire fondre le beurre dans une po\u00eale et y faire cuire les \u0153ufs au plat, assaisonner avec le sel, le poivre et le paprika en poudre.\r\n\r\nDisposer les l\u00e9gumes sur les assiettes avec la sauce et servir avec un \u0153uf au plat.","recipe_images":[30461]},"_links":{"self":[{"href":"https:\/\/www.emmentaler.ch\/fr\/wp-json\/wp\/v2\/recipes\/30445"}],"collection":[{"href":"https:\/\/www.emmentaler.ch\/fr\/wp-json\/wp\/v2\/recipes"}],"about":[{"href":"https:\/\/www.emmentaler.ch\/fr\/wp-json\/wp\/v2\/types\/recipes"}],"author":[{"embeddable":true,"href":"https:\/\/www.emmentaler.ch\/fr\/wp-json\/wp\/v2\/users\/2"}],"version-history":[{"count":0,"href":"https:\/\/www.emmentaler.ch\/fr\/wp-json\/wp\/v2\/recipes\/30445\/revisions"}],"acf:attachment":[{"embeddable":true,"href":"https:\/\/www.emmentaler.ch\/fr\/wp-json\/wp\/v2\/media\/30461"}],"acf:term":[{"embeddable":true,"taxonomy":"recipe_saison","href":"https:\/\/www.emmentaler.ch\/fr\/wp-json\/wp\/v2\/recipe_saison\/559"},{"embeddable":true,"taxonomy":"recipe_saison","href":"https:\/\/www.emmentaler.ch\/fr\/wp-json\/wp\/v2\/recipe_saison\/532"},{"embeddable":true,"taxonomy":"recipe_main_ingredient","href":"https:\/\/www.emmentaler.ch\/fr\/wp-json\/wp\/v2\/recipe_main_ingredient\/604"},{"embeddable":true,"taxonomy":"recipe_diet_type","href":"https:\/\/www.emmentaler.ch\/fr\/wp-json\/wp\/v2\/recipe_diet_type\/572"},{"embeddable":true,"taxonomy":"recipe_difficulty","href":"https:\/\/www.emmentaler.ch\/fr\/wp-json\/wp\/v2\/recipe_difficulty\/580"},{"embeddable":true,"taxonomy":"recipe_categories","href":"https:\/\/www.emmentaler.ch\/fr\/wp-json\/wp\/v2\/recipe_categories\/609"},{"embeddable":true,"taxonomy":"recipe_preparation_time","href":"https:\/\/www.emmentaler.ch\/fr\/wp-json\/wp\/v2\/recipe_preparation_time\/272"}],"acf:post":[{"embeddable":true,"href":"https:\/\/www.emmentaler.ch\/fr\/wp-json\/wp\/v2\/pages\/64281"}],"wp:featuredmedia":[{"embeddable":true,"href":"https:\/\/www.emmentaler.ch\/fr\/wp-json\/wp\/v2\/media\/21767"}],"wp:attachment":[{"href":"https:\/\/www.emmentaler.ch\/fr\/wp-json\/wp\/v2\/media?parent=30445"}],"wp:term":[{"taxonomy":"post_tag","embeddable":true,"href":"https:\/\/www.emmentaler.ch\/fr\/wp-json\/wp\/v2\/tags?post=30445"},{"taxonomy":"recipe_categories","embeddable":true,"href":"https:\/\/www.emmentaler.ch\/fr\/wp-json\/wp\/v2\/recipe_categories?post=30445"},{"taxonomy":"et_countries","embeddable":true,"href":"https:\/\/www.emmentaler.ch\/fr\/wp-json\/wp\/v2\/et_countries?post=30445"},{"taxonomy":"recipe_main_ingredient","embeddable":true,"href":"https:\/\/www.emmentaler.ch\/fr\/wp-json\/wp\/v2\/recipe_main_ingredient?post=30445"},{"taxonomy":"recipe_difficulty","embeddable":true,"href":"https:\/\/www.emmentaler.ch\/fr\/wp-json\/wp\/v2\/recipe_difficulty?post=30445"},{"taxonomy":"recipe_preparation_time","embeddable":true,"href":"https:\/\/www.emmentaler.ch\/fr\/wp-json\/wp\/v2\/recipe_preparation_time?post=30445"},{"taxonomy":"recipe_diet_type","embeddable":true,"href":"https:\/\/www.emmentaler.ch\/fr\/wp-json\/wp\/v2\/recipe_diet_type?post=30445"},{"taxonomy":"recipe_saison","embeddable":true,"href":"https:\/\/www.emmentaler.ch\/fr\/wp-json\/wp\/v2\/recipe_saison?post=30445"}],"curies":[{"name":"wp","href":"https:\/\/api.w.org\/{rel}","templated":true}]}}