{"id":30569,"date":"2022-04-27T13:33:36","date_gmt":"2022-04-27T11:33:36","guid":{"rendered":"https:\/\/www.emmentaler.ch\/rezept\/salade-de-lentilles-coloree"},"modified":"2024-07-02T12:03:21","modified_gmt":"2024-07-02T10:03:21","slug":"salade-de-lentilles-coloree","status":"publish","type":"recipes","link":"https:\/\/www.emmentaler.ch\/fr\/recettes\/salade-de-lentilles-coloree","title":{"rendered":"Salade de lentilles color\u00e9e"},"author":2,"featured_media":30590,"menu_order":0,"template":"","meta":{"inline_featured_image":false},"tags":[],"recipe_categories":[617],"et_countries":[],"recipe_main_ingredient":[596,604],"recipe_difficulty":[575],"recipe_preparation_time":[272],"recipe_diet_type":[564,567,572],"recipe_saison":[535,559],"acf":{"recipe_preparation_time":272,"recipe_categories":617,"recipe_time_txt":"","recipe_type":63916,"recipe_difficulty":575,"recipe_diet_type":[564,567,572],"recipe_main_ingredient":[596,604],"recipe_saison":[559,535],"recipe_count_portions":4,"recipe_ingedients":[{"recipe_ingedients_amount":"37.5","recipe_ingedients_unit":"g","recipe_ingedients_product":"lentilles vertes"},{"recipe_ingedients_amount":".5","recipe_ingedients_unit":"St\u00fcck","recipe_ingedients_product":"feuilles de laurier"},{"recipe_ingedients_amount":".5","recipe_ingedients_unit":"El","recipe_ingedients_product":"vinaigre de vin rouge"},{"recipe_ingedients_amount":".25","recipe_ingedients_unit":"El","recipe_ingedients_product":"vinaigre balsamique"},{"recipe_ingedients_amount":".5","recipe_ingedients_unit":"El","recipe_ingedients_product":"bouillon"},{"recipe_ingedients_amount":"1","recipe_ingedients_unit":"El","recipe_ingedients_product":"huile de colza"},{"recipe_ingedients_amount":".5","recipe_ingedients_unit":"Tl","recipe_ingedients_product":"moutarde"},{"recipe_ingedients_amount":".25","recipe_ingedients_unit":"Bd","recipe_ingedients_product":"radis"},{"recipe_ingedients_amount":".25","recipe_ingedients_unit":"St\u00fcck","recipe_ingedients_product":"pomme \u00e0 peau rouge"},{"recipe_ingedients_amount":"43.75","recipe_ingedients_unit":"g","recipe_ingedients_product":"Emmentaler AOP Bio"},{"recipe_ingedients_amount":"25","recipe_ingedients_unit":"g","recipe_ingedients_product":"salade de roquette"},{"recipe_ingedients_amount":"","recipe_ingedients_unit":"Bedarf","recipe_ingedients_product":"Selon besoin : Sel, poivre"}],"temporare_zutaten":"150 g de lentilles vertes\r\n2 feuilles de laurier\r\n2 c. \u00e0 s. de vinaigre de vin rouge\r\n1 c. \u00e0 s. de vinaigre balsamique\r\n2 c. \u00e0 s. de bouillon\r\n4 c. \u00e0 s. d'huile de colza\r\n2 c. \u00e0 c. de moutarde\r\nSel, poivre\r\n1 botte de radis\r\n1 pomme \u00e0 peau rouge\r\n175 g d'Emmentaler AOP Bio\r\n100 g de salade de roquette","recipe_preparation":"Porter \u00e0 \u00e9bullition les lentilles et les feuilles de laurier dans une casserole d'eau couverte, faire cuire 20-30 minutes \u00e0 petit feu. Bien \u00e9goutter les lentilles. Retirer les feuilles de laurier.\r\n\r\nM\u00e9langer le vinaigre, le bouillon et l'huile, assaisonner avec la moutarde, le sel et le poivre. M\u00e9langer les lentilles et la sauce.\r\n\r\nCouper les radis en rondelles. Couper les pommes en 4, les \u00e9p\u00e9piner et les couper en tranches fines. Couper l'Emmentaler AOP Bio en tranches fines. R\u00e9partir tous les ingr\u00e9dients sur les lentilles et bien m\u00e9langer.","recipe_images":[20056,20061]},"_links":{"self":[{"href":"https:\/\/www.emmentaler.ch\/fr\/wp-json\/wp\/v2\/recipes\/30569"}],"collection":[{"href":"https:\/\/www.emmentaler.ch\/fr\/wp-json\/wp\/v2\/recipes"}],"about":[{"href":"https:\/\/www.emmentaler.ch\/fr\/wp-json\/wp\/v2\/types\/recipes"}],"author":[{"embeddable":true,"href":"https:\/\/www.emmentaler.ch\/fr\/wp-json\/wp\/v2\/users\/2"}],"version-history":[{"count":1,"href":"https:\/\/www.emmentaler.ch\/fr\/wp-json\/wp\/v2\/recipes\/30569\/revisions"}],"predecessor-version":[{"id":137536,"href":"https:\/\/www.emmentaler.ch\/fr\/wp-json\/wp\/v2\/recipes\/30569\/revisions\/137536"}],"acf:attachment":[{"embeddable":true,"href":"https:\/\/www.emmentaler.ch\/fr\/wp-json\/wp\/v2\/media\/20061"},{"embeddable":true,"href":"https:\/\/www.emmentaler.ch\/fr\/wp-json\/wp\/v2\/media\/20056"}],"acf:term":[{"embeddable":true,"taxonomy":"recipe_saison","href":"https:\/\/www.emmentaler.ch\/fr\/wp-json\/wp\/v2\/recipe_saison\/535"},{"embeddable":true,"taxonomy":"recipe_saison","href":"https:\/\/www.emmentaler.ch\/fr\/wp-json\/wp\/v2\/recipe_saison\/559"},{"embeddable":true,"taxonomy":"recipe_main_ingredient","href":"https:\/\/www.emmentaler.ch\/fr\/wp-json\/wp\/v2\/recipe_main_ingredient\/604"},{"embeddable":true,"taxonomy":"recipe_main_ingredient","href":"https:\/\/www.emmentaler.ch\/fr\/wp-json\/wp\/v2\/recipe_main_ingredient\/596"},{"embeddable":true,"taxonomy":"recipe_diet_type","href":"https:\/\/www.emmentaler.ch\/fr\/wp-json\/wp\/v2\/recipe_diet_type\/572"},{"embeddable":true,"taxonomy":"recipe_diet_type","href":"https:\/\/www.emmentaler.ch\/fr\/wp-json\/wp\/v2\/recipe_diet_type\/567"},{"embeddable":true,"taxonomy":"recipe_diet_type","href":"https:\/\/www.emmentaler.ch\/fr\/wp-json\/wp\/v2\/recipe_diet_type\/564"},{"embeddable":true,"taxonomy":"recipe_difficulty","href":"https:\/\/www.emmentaler.ch\/fr\/wp-json\/wp\/v2\/recipe_difficulty\/575"},{"embeddable":true,"taxonomy":"recipe_categories","href":"https:\/\/www.emmentaler.ch\/fr\/wp-json\/wp\/v2\/recipe_categories\/617"},{"embeddable":true,"taxonomy":"recipe_preparation_time","href":"https:\/\/www.emmentaler.ch\/fr\/wp-json\/wp\/v2\/recipe_preparation_time\/272"}],"acf:post":[{"embeddable":true,"href":"https:\/\/www.emmentaler.ch\/fr\/wp-json\/wp\/v2\/pages\/63916"}],"wp:featuredmedia":[{"embeddable":true,"href":"https:\/\/www.emmentaler.ch\/fr\/wp-json\/wp\/v2\/media\/30590"}],"wp:attachment":[{"href":"https:\/\/www.emmentaler.ch\/fr\/wp-json\/wp\/v2\/media?parent=30569"}],"wp:term":[{"taxonomy":"post_tag","embeddable":true,"href":"https:\/\/www.emmentaler.ch\/fr\/wp-json\/wp\/v2\/tags?post=30569"},{"taxonomy":"recipe_categories","embeddable":true,"href":"https:\/\/www.emmentaler.ch\/fr\/wp-json\/wp\/v2\/recipe_categories?post=30569"},{"taxonomy":"et_countries","embeddable":true,"href":"https:\/\/www.emmentaler.ch\/fr\/wp-json\/wp\/v2\/et_countries?post=30569"},{"taxonomy":"recipe_main_ingredient","embeddable":true,"href":"https:\/\/www.emmentaler.ch\/fr\/wp-json\/wp\/v2\/recipe_main_ingredient?post=30569"},{"taxonomy":"recipe_difficulty","embeddable":true,"href":"https:\/\/www.emmentaler.ch\/fr\/wp-json\/wp\/v2\/recipe_difficulty?post=30569"},{"taxonomy":"recipe_preparation_time","embeddable":true,"href":"https:\/\/www.emmentaler.ch\/fr\/wp-json\/wp\/v2\/recipe_preparation_time?post=30569"},{"taxonomy":"recipe_diet_type","embeddable":true,"href":"https:\/\/www.emmentaler.ch\/fr\/wp-json\/wp\/v2\/recipe_diet_type?post=30569"},{"taxonomy":"recipe_saison","embeddable":true,"href":"https:\/\/www.emmentaler.ch\/fr\/wp-json\/wp\/v2\/recipe_saison?post=30569"}],"curies":[{"name":"wp","href":"https:\/\/api.w.org\/{rel}","templated":true}]}}