{"id":30631,"date":"2022-04-27T13:33:36","date_gmt":"2022-04-27T11:33:36","guid":{"rendered":"https:\/\/www.emmentaler.ch\/rezept\/endives-en-manteau-de-pommes-de-terre-vert"},"modified":"2024-07-02T12:05:14","modified_gmt":"2024-07-02T10:05:14","slug":"endives-en-manteau-de-pommes-de-terre-vert","status":"publish","type":"recipes","link":"https:\/\/www.emmentaler.ch\/fr\/recettes\/endives-en-manteau-de-pommes-de-terre-vert","title":{"rendered":"Endives en manteau de pommes de terre vert"},"author":2,"featured_media":52955,"menu_order":0,"template":"","meta":{"inline_featured_image":false},"tags":[],"recipe_categories":[617],"et_countries":[],"recipe_main_ingredient":[591],"recipe_difficulty":[575],"recipe_preparation_time":[294],"recipe_diet_type":[],"recipe_saison":[540,556],"acf":{"recipe_preparation_time":294,"recipe_categories":617,"recipe_time_txt":"40 minutes plus 10 minutes de cuisson","recipe_type":64283,"recipe_difficulty":575,"recipe_diet_type":false,"recipe_main_ingredient":[591],"recipe_saison":[540,556],"recipe_count_portions":4,"recipe_ingedients":[{"recipe_ingedients_amount":"250","recipe_ingedients_unit":"g","recipe_ingedients_product":"pommes de terre \u00e0 chair farineuse"},{"recipe_ingedients_amount":"2","recipe_ingedients_unit":"St\u00fcck","recipe_ingedients_product":"endives"},{"recipe_ingedients_amount":"62.5","recipe_ingedients_unit":"g","recipe_ingedients_product":"Emmentaler AOP cors\u00e9"},{"recipe_ingedients_amount":"4","recipe_ingedients_unit":"St\u00fcck","recipe_ingedients_product":"tranches de jambon cru"},{"recipe_ingedients_amount":".5","recipe_ingedients_unit":"Bd","recipe_ingedients_product":"persil plat"},{"recipe_ingedients_amount":"25","recipe_ingedients_unit":"ml","recipe_ingedients_product":"lait ou cr\u00e8me"},{"recipe_ingedients_amount":".25","recipe_ingedients_unit":"Tl","recipe_ingedients_product":"zeste de citron r\u00e2p\u00e9"},{"recipe_ingedients_amount":"","recipe_ingedients_unit":"Bedarf","recipe_ingedients_product":"selon les besoins : sel, poivre"}],"temporare_zutaten":"1 kg de pommes de terre farineuses\r\nSel\r\n8 endives, env. 1 kg\r\n250 g d'Emmentaler sal\u00e9 AOP\r\n16 tranches de jambon cru\r\n2 bouquets de persil plat\r\n1-1,5 dl de lait ou de cr\u00e8me\r\n1 c. \u00e0 c. de zeste de citron\r\nPoivre","recipe_preparation":"Eplucher les pommes de terre, les couper en d\u00e9s et les faire cuire dans de l'eau bouillante sal\u00e9e.\r\n\r\nPendant ce temps, couper les endives en 2 dans le sens de la longueur et les faire cuire 5-10 minutes \u00e0 couvert dans une grande casserole avec un peu d'eau sal\u00e9e et bien les \u00e9goutter. Couper l'Emmentaler AOP en fines tranches de 7 mm. D\u00e9poser une tranche de fromage sur 4 moiti\u00e9s d'endives, poser les autres moiti\u00e9s dessus et les envelopper de jambon cru.\r\n\r\nEgoutter les pommes de terre et les passer au presse-pur\u00e9e. Hacher finement le persil, l'ajouter aux pommes de terre avec le zeste de citron et le lait et bien m\u00e9langer. Saler et poivrer. Mettre la pur\u00e9e de pommes de terre dans un moule \u00e0 gratin et disposer les endives par dessus.\r\n\r\nFaire gratiner 10 minutes \u00e0 220\u00b0C au milieu du four.","recipe_images":[20123]},"_links":{"self":[{"href":"https:\/\/www.emmentaler.ch\/fr\/wp-json\/wp\/v2\/recipes\/30631"}],"collection":[{"href":"https:\/\/www.emmentaler.ch\/fr\/wp-json\/wp\/v2\/recipes"}],"about":[{"href":"https:\/\/www.emmentaler.ch\/fr\/wp-json\/wp\/v2\/types\/recipes"}],"author":[{"embeddable":true,"href":"https:\/\/www.emmentaler.ch\/fr\/wp-json\/wp\/v2\/users\/2"}],"version-history":[{"count":1,"href":"https:\/\/www.emmentaler.ch\/fr\/wp-json\/wp\/v2\/recipes\/30631\/revisions"}],"predecessor-version":[{"id":137544,"href":"https:\/\/www.emmentaler.ch\/fr\/wp-json\/wp\/v2\/recipes\/30631\/revisions\/137544"}],"acf:attachment":[{"embeddable":true,"href":"https:\/\/www.emmentaler.ch\/fr\/wp-json\/wp\/v2\/media\/20123"}],"acf:term":[{"embeddable":true,"taxonomy":"recipe_saison","href":"https:\/\/www.emmentaler.ch\/fr\/wp-json\/wp\/v2\/recipe_saison\/556"},{"embeddable":true,"taxonomy":"recipe_saison","href":"https:\/\/www.emmentaler.ch\/fr\/wp-json\/wp\/v2\/recipe_saison\/540"},{"embeddable":true,"taxonomy":"recipe_main_ingredient","href":"https:\/\/www.emmentaler.ch\/fr\/wp-json\/wp\/v2\/recipe_main_ingredient\/591"},{"embeddable":true,"taxonomy":"recipe_difficulty","href":"https:\/\/www.emmentaler.ch\/fr\/wp-json\/wp\/v2\/recipe_difficulty\/575"},{"embeddable":true,"taxonomy":"recipe_categories","href":"https:\/\/www.emmentaler.ch\/fr\/wp-json\/wp\/v2\/recipe_categories\/617"},{"embeddable":true,"taxonomy":"recipe_preparation_time","href":"https:\/\/www.emmentaler.ch\/fr\/wp-json\/wp\/v2\/recipe_preparation_time\/294"}],"acf:post":[{"embeddable":true,"href":"https:\/\/www.emmentaler.ch\/fr\/wp-json\/wp\/v2\/pages\/64283"}],"wp:featuredmedia":[{"embeddable":true,"href":"https:\/\/www.emmentaler.ch\/fr\/wp-json\/wp\/v2\/media\/52955"}],"wp:attachment":[{"href":"https:\/\/www.emmentaler.ch\/fr\/wp-json\/wp\/v2\/media?parent=30631"}],"wp:term":[{"taxonomy":"post_tag","embeddable":true,"href":"https:\/\/www.emmentaler.ch\/fr\/wp-json\/wp\/v2\/tags?post=30631"},{"taxonomy":"recipe_categories","embeddable":true,"href":"https:\/\/www.emmentaler.ch\/fr\/wp-json\/wp\/v2\/recipe_categories?post=30631"},{"taxonomy":"et_countries","embeddable":true,"href":"https:\/\/www.emmentaler.ch\/fr\/wp-json\/wp\/v2\/et_countries?post=30631"},{"taxonomy":"recipe_main_ingredient","embeddable":true,"href":"https:\/\/www.emmentaler.ch\/fr\/wp-json\/wp\/v2\/recipe_main_ingredient?post=30631"},{"taxonomy":"recipe_difficulty","embeddable":true,"href":"https:\/\/www.emmentaler.ch\/fr\/wp-json\/wp\/v2\/recipe_difficulty?post=30631"},{"taxonomy":"recipe_preparation_time","embeddable":true,"href":"https:\/\/www.emmentaler.ch\/fr\/wp-json\/wp\/v2\/recipe_preparation_time?post=30631"},{"taxonomy":"recipe_diet_type","embeddable":true,"href":"https:\/\/www.emmentaler.ch\/fr\/wp-json\/wp\/v2\/recipe_diet_type?post=30631"},{"taxonomy":"recipe_saison","embeddable":true,"href":"https:\/\/www.emmentaler.ch\/fr\/wp-json\/wp\/v2\/recipe_saison?post=30631"}],"curies":[{"name":"wp","href":"https:\/\/api.w.org\/{rel}","templated":true}]}}