{"id":30877,"date":"2022-04-27T13:34:07","date_gmt":"2022-04-27T11:34:07","guid":{"rendered":"https:\/\/www.emmentaler.ch\/rezept\/croque-monsieur"},"modified":"2024-07-25T18:07:09","modified_gmt":"2024-07-25T16:07:09","slug":"croque-monsieur","status":"publish","type":"recipes","link":"https:\/\/www.emmentaler.ch\/fr\/recettes\/croque-monsieur","title":{"rendered":"Croque-Monsieur"},"author":2,"featured_media":30923,"menu_order":0,"template":"","meta":{"inline_featured_image":false},"tags":[802],"recipe_categories":[606],"et_countries":[],"recipe_main_ingredient":[591],"recipe_difficulty":[575],"recipe_preparation_time":[268],"recipe_diet_type":[],"recipe_saison":[559],"acf":{"recipe_preparation_time":268,"recipe_categories":606,"recipe_time_txt":"","recipe_type":64290,"recipe_difficulty":575,"recipe_diet_type":false,"recipe_main_ingredient":[591],"recipe_saison":[559],"recipe_count_portions":4,"recipe_ingedients":[{"recipe_ingedients_amount":"12.5","recipe_ingedients_unit":"g","recipe_ingedients_product":"beurre"},{"recipe_ingedients_amount":"1","recipe_ingedients_unit":"El","recipe_ingedients_product":"farine"},{"recipe_ingedients_amount":"75","recipe_ingedients_unit":"ml","recipe_ingedients_product":"lait entier"},{"recipe_ingedients_amount":"120","recipe_ingedients_unit":"g","recipe_ingedients_product":"Emmentaler AOP affin\u00e9 en grotte, r\u00e2p\u00e9 grossi\u00e8rement ou rabot\u00e9 finement"},{"recipe_ingedients_amount":"2","recipe_ingedients_unit":"Scheibe","recipe_ingedients_product":"pain (pain bis ou paysan, pas de pain de mie) en tranches d'1 cm"},{"recipe_ingedients_amount":"0.75","recipe_ingedients_unit":"El","recipe_ingedients_product":"moutarde en grain ou de moutarde de Dijon"},{"recipe_ingedients_amount":"2","recipe_ingedients_unit":"Scheibe","recipe_ingedients_product":"jambon paysan (jambon cuit)"},{"recipe_ingedients_amount":"","recipe_ingedients_unit":"Bedarf","recipe_ingedients_product":"sel"},{"recipe_ingedients_amount":"","recipe_ingedients_unit":"Bedarf","recipe_ingedients_product":"noix de muscade, finement r\u00e2p\u00e9e"}],"temporare_zutaten":"50 g de beurre\r\n1 c. \u00e0 s. bomb\u00e9e de farine\r\n3 dl de lait entier\r\n\u00bc de noix de muscade, finement r\u00e2p\u00e9e\r\nSel de table\r\n120 g d'Emmentaler AOP affin\u00e9 en grotte, r\u00e2p\u00e9 grossi\u00e8rement ou rabot\u00e9 finement\r\n8 tranches de pain (pain bis ou paysan, pas de pain de mie) en tranches d'1 cm\r\n2\u20133 c. \u00e0 s. de moutarde en grain ou de moutarde de Dijon\r\n8 tranches de jambon paysan (jambon cuit), 160 g environ","recipe_preparation":"Les tranches de pain doivent mesurer au moins 9 \u00d7 6 cm et badigeonn\u00e9es d'une b\u00e9chamel cr\u00e9meuse avant d'\u00eatre garnies.\r\n\r\nLa b\u00e9chamel peut \u00eatre pr\u00e9par\u00e9e la veille: faire fondre le beurre, y incorporer la farine en remuant et bien m\u00e9langer. Ajouter le lait au fur et \u00e0 mesure et porter \u00e0 \u00e9bullition en remuant jusqu'\u00e0 ce que la sauce soit li\u00e9e. Faire mijoter \u00e0 petit feu 4\u20135 minutes. Assaisonner avec la noix de muscade et saler.\r\n\r\nAcheter imp\u00e9rativement l'Emmentaler AOP en morceau afin qu'il conserve son ar\u00f4me et ne s\u00e8che pas. Pr\u00e9chauffer le four \u00e0 210\u00b0C. Badigeonner les tranches de pain de moutarde et d'une fine couche de B\u00e9chamel puis parsemer de 40 g d'Emmentaler AOP. D\u00e9poser 4 tranches, c\u00f4t\u00e9 avec la B\u00e9chamel vers le haut, sur une plaque recouverte de papier sulfuris\u00e9. Les garnir du jambon paysan et de la moiti\u00e9 de l'Emmentaler AOP. Couvrir avec les tranches restantes (c\u00f4t\u00e9 B\u00e9chamel \u00e0 l'int\u00e9rieur). Terminer en parsemant le reste de l'Emmentaler AOP. Faire cuire 10-15 minutes au milieu du four.\r\n\r\nConseils: Pour 1 part: pr\u00e9parer le croque-monsieur \u00e0 la po\u00eale. Choisir une po\u00eale en fonte et la faire chauffer. Y faire fondre du beurre clarifi\u00e9 ou du beurre \u00e0 r\u00f4tir. Faire griller le sandwich \u00e0 feu moyen en le retournant r\u00e9guli\u00e8rement pendant 10\u201312 minutes.\r\n\r\nCroque-Madame: cette variante est servie avec un \u0153uf poch\u00e9 ou au plat.","recipe_images":[20215,20220,20225,20230]},"_links":{"self":[{"href":"https:\/\/www.emmentaler.ch\/fr\/wp-json\/wp\/v2\/recipes\/30877"}],"collection":[{"href":"https:\/\/www.emmentaler.ch\/fr\/wp-json\/wp\/v2\/recipes"}],"about":[{"href":"https:\/\/www.emmentaler.ch\/fr\/wp-json\/wp\/v2\/types\/recipes"}],"author":[{"embeddable":true,"href":"https:\/\/www.emmentaler.ch\/fr\/wp-json\/wp\/v2\/users\/2"}],"version-history":[{"count":1,"href":"https:\/\/www.emmentaler.ch\/fr\/wp-json\/wp\/v2\/recipes\/30877\/revisions"}],"predecessor-version":[{"id":138020,"href":"https:\/\/www.emmentaler.ch\/fr\/wp-json\/wp\/v2\/recipes\/30877\/revisions\/138020"}],"acf:attachment":[{"embeddable":true,"href":"https:\/\/www.emmentaler.ch\/fr\/wp-json\/wp\/v2\/media\/20230"},{"embeddable":true,"href":"https:\/\/www.emmentaler.ch\/fr\/wp-json\/wp\/v2\/media\/20225"},{"embeddable":true,"href":"https:\/\/www.emmentaler.ch\/fr\/wp-json\/wp\/v2\/media\/20220"},{"embeddable":true,"href":"https:\/\/www.emmentaler.ch\/fr\/wp-json\/wp\/v2\/media\/20215"}],"acf:term":[{"embeddable":true,"taxonomy":"recipe_saison","href":"https:\/\/www.emmentaler.ch\/fr\/wp-json\/wp\/v2\/recipe_saison\/559"},{"embeddable":true,"taxonomy":"recipe_main_ingredient","href":"https:\/\/www.emmentaler.ch\/fr\/wp-json\/wp\/v2\/recipe_main_ingredient\/591"},{"embeddable":true,"taxonomy":"recipe_difficulty","href":"https:\/\/www.emmentaler.ch\/fr\/wp-json\/wp\/v2\/recipe_difficulty\/575"},{"embeddable":true,"taxonomy":"recipe_categories","href":"https:\/\/www.emmentaler.ch\/fr\/wp-json\/wp\/v2\/recipe_categories\/606"},{"embeddable":true,"taxonomy":"recipe_preparation_time","href":"https:\/\/www.emmentaler.ch\/fr\/wp-json\/wp\/v2\/recipe_preparation_time\/268"}],"acf:post":[{"embeddable":true,"href":"https:\/\/www.emmentaler.ch\/fr\/wp-json\/wp\/v2\/pages\/64290"}],"wp:featuredmedia":[{"embeddable":true,"href":"https:\/\/www.emmentaler.ch\/fr\/wp-json\/wp\/v2\/media\/30923"}],"wp:attachment":[{"href":"https:\/\/www.emmentaler.ch\/fr\/wp-json\/wp\/v2\/media?parent=30877"}],"wp:term":[{"taxonomy":"post_tag","embeddable":true,"href":"https:\/\/www.emmentaler.ch\/fr\/wp-json\/wp\/v2\/tags?post=30877"},{"taxonomy":"recipe_categories","embeddable":true,"href":"https:\/\/www.emmentaler.ch\/fr\/wp-json\/wp\/v2\/recipe_categories?post=30877"},{"taxonomy":"et_countries","embeddable":true,"href":"https:\/\/www.emmentaler.ch\/fr\/wp-json\/wp\/v2\/et_countries?post=30877"},{"taxonomy":"recipe_main_ingredient","embeddable":true,"href":"https:\/\/www.emmentaler.ch\/fr\/wp-json\/wp\/v2\/recipe_main_ingredient?post=30877"},{"taxonomy":"recipe_difficulty","embeddable":true,"href":"https:\/\/www.emmentaler.ch\/fr\/wp-json\/wp\/v2\/recipe_difficulty?post=30877"},{"taxonomy":"recipe_preparation_time","embeddable":true,"href":"https:\/\/www.emmentaler.ch\/fr\/wp-json\/wp\/v2\/recipe_preparation_time?post=30877"},{"taxonomy":"recipe_diet_type","embeddable":true,"href":"https:\/\/www.emmentaler.ch\/fr\/wp-json\/wp\/v2\/recipe_diet_type?post=30877"},{"taxonomy":"recipe_saison","embeddable":true,"href":"https:\/\/www.emmentaler.ch\/fr\/wp-json\/wp\/v2\/recipe_saison?post=30877"}],"curies":[{"name":"wp","href":"https:\/\/api.w.org\/{rel}","templated":true}]}}