{"id":31014,"date":"2022-04-27T13:36:19","date_gmt":"2022-04-27T11:36:19","guid":{"rendered":"https:\/\/www.emmentaler.ch\/rezept\/gratin-de-printemps-avec-croute-de-fromage-aux-noisettes"},"modified":"2022-05-23T17:48:13","modified_gmt":"2022-05-23T15:48:13","slug":"gratin-de-printemps-avec-croute-de-fromage-aux-noisettes","status":"publish","type":"recipes","link":"https:\/\/www.emmentaler.ch\/fr\/recettes\/gratin-de-printemps-avec-croute-de-fromage-aux-noisettes","title":{"rendered":"Gratin de printemps avec cro\u00fbte de fromage aux noisettes"},"author":2,"featured_media":31035,"menu_order":0,"template":"","meta":{"inline_featured_image":false},"tags":[],"recipe_categories":[617],"et_countries":[],"recipe_main_ingredient":[604],"recipe_difficulty":[580],"recipe_preparation_time":[288],"recipe_diet_type":[572],"recipe_saison":[532],"acf":{"recipe_preparation_time":288,"recipe_categories":617,"recipe_time_txt":"30 minutes + 25 minutes de cuisson","recipe_type":5195,"recipe_difficulty":580,"recipe_diet_type":[572],"recipe_main_ingredient":[604],"recipe_saison":[532],"recipe_count_portions":4,"recipe_ingedients":[{"recipe_ingedients_amount":"125","recipe_ingedients_unit":"g","recipe_ingedients_product":"asperges vertes"},{"recipe_ingedients_amount":"0.5","recipe_ingedients_unit":"St\u00fcck","recipe_ingedients_product":"choux-raves"},{"recipe_ingedients_amount":"150","recipe_ingedients_unit":"g","recipe_ingedients_product":"pommes de terre"},{"recipe_ingedients_amount":"62.5","recipe_ingedients_unit":"g","recipe_ingedients_product":"carottes"},{"recipe_ingedients_amount":"75","recipe_ingedients_unit":"ml","recipe_ingedients_product":"lait"},{"recipe_ingedients_amount":"50","recipe_ingedients_unit":"ml","recipe_ingedients_product":"cr\u00e8me"},{"recipe_ingedients_amount":"37.5","recipe_ingedients_unit":"g","recipe_ingedients_product":"Emmentaler AOP r\u00e2p\u00e9"},{"recipe_ingedients_amount":".25","recipe_ingedients_unit":"Bd","recipe_ingedients_product":"persil"},{"recipe_ingedients_amount":"7.5","recipe_ingedients_unit":"g","recipe_ingedients_product":"noisettes"},{"recipe_ingedients_amount":"0.5","recipe_ingedients_unit":"El","recipe_ingedients_product":"chapelure"},{"recipe_ingedients_amount":".25","recipe_ingedients_unit":"El","recipe_ingedients_product":""},{"recipe_ingedients_amount":"","recipe_ingedients_unit":"Bedarf","recipe_ingedients_product":""}],"temporare_zutaten":"500 g d\u2019asperges vertes\r\n2 choux-raves\r\n600 g de pommes de terre\r\n250 g de carottes\r\n3 dl de lait\r\n2 dl de cr\u00e8me\r\nSel, poivre\r\n150 g d\u2019Emmentaler AOP r\u00e2p\u00e9\r\n1 bouquet de persil\r\n30 g de noisettes\r\n2 CS de chapelure\r\n1 CS d\u2019huile","recipe_preparation":"Couper le pied filandreux des asperges. Couper les asperges en morceaux de 3\u00a0cm de long. Eplucher le chou-rave, les pommes de terre et les carottes. Couper le chou-rave en b\u00e2tonnets, les pommes de terre en tranches et les carottes en rondelles.\r\n\r\nPorter le lait et la cr\u00e8me \u00e0 \u00e9bullition, saler, poivrer. Ajouter les l\u00e9gumes, couvrir et laisser mijoter 10\u00a0minutes. Remuer de temps en temps. Incorporer 100\u00a0g d\u2019Emmentaler AOP aux l\u00e9gumes et verser dans un plat \u00e0 gratin. Cuire au four une dizaine de minutes \u00e0 180\u00a0\u00b0C.\r\n\r\nHacher finement le persil. Hacher grossi\u00e8rement les noisettes. M\u00e9langer le persil et les noisettes avec le fromage restant, la chapelure et l\u2019huile. Parsemer sur le gratin et faire gratiner 10 \u00e0 15\u00a0minutes.","recipe_images":[31025,31030]},"_links":{"self":[{"href":"https:\/\/www.emmentaler.ch\/fr\/wp-json\/wp\/v2\/recipes\/31014"}],"collection":[{"href":"https:\/\/www.emmentaler.ch\/fr\/wp-json\/wp\/v2\/recipes"}],"about":[{"href":"https:\/\/www.emmentaler.ch\/fr\/wp-json\/wp\/v2\/types\/recipes"}],"author":[{"embeddable":true,"href":"https:\/\/www.emmentaler.ch\/fr\/wp-json\/wp\/v2\/users\/2"}],"version-history":[{"count":0,"href":"https:\/\/www.emmentaler.ch\/fr\/wp-json\/wp\/v2\/recipes\/31014\/revisions"}],"acf:attachment":[{"embeddable":true,"href":"https:\/\/www.emmentaler.ch\/fr\/wp-json\/wp\/v2\/media\/31030"},{"embeddable":true,"href":"https:\/\/www.emmentaler.ch\/fr\/wp-json\/wp\/v2\/media\/31025"}],"acf:term":[{"embeddable":true,"taxonomy":"recipe_saison","href":"https:\/\/www.emmentaler.ch\/fr\/wp-json\/wp\/v2\/recipe_saison\/532"},{"embeddable":true,"taxonomy":"recipe_main_ingredient","href":"https:\/\/www.emmentaler.ch\/fr\/wp-json\/wp\/v2\/recipe_main_ingredient\/604"},{"embeddable":true,"taxonomy":"recipe_diet_type","href":"https:\/\/www.emmentaler.ch\/fr\/wp-json\/wp\/v2\/recipe_diet_type\/572"},{"embeddable":true,"taxonomy":"recipe_difficulty","href":"https:\/\/www.emmentaler.ch\/fr\/wp-json\/wp\/v2\/recipe_difficulty\/580"},{"embeddable":true,"taxonomy":"recipe_categories","href":"https:\/\/www.emmentaler.ch\/fr\/wp-json\/wp\/v2\/recipe_categories\/617"},{"embeddable":true,"taxonomy":"recipe_preparation_time","href":"https:\/\/www.emmentaler.ch\/fr\/wp-json\/wp\/v2\/recipe_preparation_time\/288"}],"acf:post":[{"embeddable":true,"href":"https:\/\/www.emmentaler.ch\/fr\/wp-json\/wp\/v2\/pages\/5195"}],"wp:featuredmedia":[{"embeddable":true,"href":"https:\/\/www.emmentaler.ch\/fr\/wp-json\/wp\/v2\/media\/31035"}],"wp:attachment":[{"href":"https:\/\/www.emmentaler.ch\/fr\/wp-json\/wp\/v2\/media?parent=31014"}],"wp:term":[{"taxonomy":"post_tag","embeddable":true,"href":"https:\/\/www.emmentaler.ch\/fr\/wp-json\/wp\/v2\/tags?post=31014"},{"taxonomy":"recipe_categories","embeddable":true,"href":"https:\/\/www.emmentaler.ch\/fr\/wp-json\/wp\/v2\/recipe_categories?post=31014"},{"taxonomy":"et_countries","embeddable":true,"href":"https:\/\/www.emmentaler.ch\/fr\/wp-json\/wp\/v2\/et_countries?post=31014"},{"taxonomy":"recipe_main_ingredient","embeddable":true,"href":"https:\/\/www.emmentaler.ch\/fr\/wp-json\/wp\/v2\/recipe_main_ingredient?post=31014"},{"taxonomy":"recipe_difficulty","embeddable":true,"href":"https:\/\/www.emmentaler.ch\/fr\/wp-json\/wp\/v2\/recipe_difficulty?post=31014"},{"taxonomy":"recipe_preparation_time","embeddable":true,"href":"https:\/\/www.emmentaler.ch\/fr\/wp-json\/wp\/v2\/recipe_preparation_time?post=31014"},{"taxonomy":"recipe_diet_type","embeddable":true,"href":"https:\/\/www.emmentaler.ch\/fr\/wp-json\/wp\/v2\/recipe_diet_type?post=31014"},{"taxonomy":"recipe_saison","embeddable":true,"href":"https:\/\/www.emmentaler.ch\/fr\/wp-json\/wp\/v2\/recipe_saison?post=31014"}],"curies":[{"name":"wp","href":"https:\/\/api.w.org\/{rel}","templated":true}]}}