{"id":31290,"date":"2022-04-27T13:34:07","date_gmt":"2022-04-27T11:34:07","guid":{"rendered":"https:\/\/www.emmentaler.ch\/rezept\/gratin-a-lebly-au-jambon-et-a-lananas"},"modified":"2022-06-14T16:55:48","modified_gmt":"2022-06-14T14:55:48","slug":"gratin-a-lebly-au-jambon-et-a-lananas","status":"publish","type":"recipes","link":"https:\/\/www.emmentaler.ch\/fr\/recettes\/gratin-a-lebly-au-jambon-et-a-lananas","title":{"rendered":"Gratin \u00e0 l\u2019Ebly, au jambon et \u00e0 l\u2019ananas"},"author":2,"featured_media":31331,"menu_order":0,"template":"","meta":{"inline_featured_image":false},"tags":[],"recipe_categories":[617],"et_countries":[],"recipe_main_ingredient":[596,591],"recipe_difficulty":[580],"recipe_preparation_time":[294],"recipe_diet_type":[564],"recipe_saison":[559],"acf":{"recipe_preparation_time":294,"recipe_categories":617,"recipe_time_txt":"30 minutes, plus 20 minutes pour la cuisson","recipe_type":64303,"recipe_difficulty":580,"recipe_diet_type":[564],"recipe_main_ingredient":[591,596],"recipe_saison":[559],"recipe_count_portions":4,"recipe_ingedients":[{"recipe_ingedients_amount":"1","recipe_ingedients_unit":"St\u00fcck","recipe_ingedients_product":"carottes"},{"recipe_ingedients_amount":"125","recipe_ingedients_unit":"ml","recipe_ingedients_product":"bouillon de l\u00e9gumes"},{"recipe_ingedients_amount":"37.5","recipe_ingedients_unit":"g","recipe_ingedients_product":"pois, frais ou surgel\u00e9s"},{"recipe_ingedients_amount":"62.5","recipe_ingedients_unit":"g","recipe_ingedients_product":"ebly"},{"recipe_ingedients_amount":"1.5","recipe_ingedients_unit":"St\u00fcck","recipe_ingedients_product":"tranches d'ananas, frais ou en bo\u00eete"},{"recipe_ingedients_amount":"37.5","recipe_ingedients_unit":"g","recipe_ingedients_product":"jambon en d\u00e9s"},{"recipe_ingedients_amount":".5","recipe_ingedients_unit":"St\u00fcck","recipe_ingedients_product":"\u0153ufs"},{"recipe_ingedients_amount":"37.5","recipe_ingedients_unit":"ml","recipe_ingedients_product":"lait"},{"recipe_ingedients_amount":"50","recipe_ingedients_unit":"g","recipe_ingedients_product":"Emmentaler AOP r\u00e2p\u00e9"},{"recipe_ingedients_amount":"","recipe_ingedients_unit":"Bedarf","recipe_ingedients_product":"selon les besoins : sel, poivre"}],"temporare_zutaten":"4 R\u00fcebli\r\n5 dl Gem\u00fcsebouillon\r\n150 g Erbsli, frisch oder tiefgek\u00fchlt\r\n250 g Ebly\r\n6 Ananasscheiben, frisch oder aus der Dose\r\n150 g Schinkenw\u00fcrfeli\r\n2 Eier\r\n1,5 dl Milch\r\n200 g geriebener Emmentaler AOP\r\nSalz, Pfeffer","recipe_preparation":"Eplucher les carottes et les couper en fines rondelles. Porter le bouillon \u00e0 \u00e9bullition. Ajouter les carottes, les petits pois et l\u2019Ebly, laisser mijoter une dizaine de minutes jusqu\u2019\u00e0 ce que tout le liquide soit absorb\u00e9. Laisser refroidir un instant.\r\n\r\nCouper l\u2019ananas en morceaux, ajouter \u00e0 l\u2019Ebly avec les d\u00e9s de jambon. M\u00e9langer les \u0153ufs, le lait et l\u2019Emmentaler AOP. Saler, poivrer.\r\n\r\nM\u00e9langer la pr\u00e9paration avec l\u2019Ebly. Verser dans un moule \u00e0 gratin beurr\u00e9. Cuire 20 \u00e0 25 minutes \u00e0 mi-hauteur dans un four pr\u00e9chauff\u00e9 \u00e0 200 degr\u00e9s.","recipe_images":[20403,20408,20413,20418]},"_links":{"self":[{"href":"https:\/\/www.emmentaler.ch\/fr\/wp-json\/wp\/v2\/recipes\/31290"}],"collection":[{"href":"https:\/\/www.emmentaler.ch\/fr\/wp-json\/wp\/v2\/recipes"}],"about":[{"href":"https:\/\/www.emmentaler.ch\/fr\/wp-json\/wp\/v2\/types\/recipes"}],"author":[{"embeddable":true,"href":"https:\/\/www.emmentaler.ch\/fr\/wp-json\/wp\/v2\/users\/2"}],"version-history":[{"count":0,"href":"https:\/\/www.emmentaler.ch\/fr\/wp-json\/wp\/v2\/recipes\/31290\/revisions"}],"acf:attachment":[{"embeddable":true,"href":"https:\/\/www.emmentaler.ch\/fr\/wp-json\/wp\/v2\/media\/20418"},{"embeddable":true,"href":"https:\/\/www.emmentaler.ch\/fr\/wp-json\/wp\/v2\/media\/20413"},{"embeddable":true,"href":"https:\/\/www.emmentaler.ch\/fr\/wp-json\/wp\/v2\/media\/20408"},{"embeddable":true,"href":"https:\/\/www.emmentaler.ch\/fr\/wp-json\/wp\/v2\/media\/20403"}],"acf:term":[{"embeddable":true,"taxonomy":"recipe_saison","href":"https:\/\/www.emmentaler.ch\/fr\/wp-json\/wp\/v2\/recipe_saison\/559"},{"embeddable":true,"taxonomy":"recipe_main_ingredient","href":"https:\/\/www.emmentaler.ch\/fr\/wp-json\/wp\/v2\/recipe_main_ingredient\/596"},{"embeddable":true,"taxonomy":"recipe_main_ingredient","href":"https:\/\/www.emmentaler.ch\/fr\/wp-json\/wp\/v2\/recipe_main_ingredient\/591"},{"embeddable":true,"taxonomy":"recipe_diet_type","href":"https:\/\/www.emmentaler.ch\/fr\/wp-json\/wp\/v2\/recipe_diet_type\/564"},{"embeddable":true,"taxonomy":"recipe_difficulty","href":"https:\/\/www.emmentaler.ch\/fr\/wp-json\/wp\/v2\/recipe_difficulty\/580"},{"embeddable":true,"taxonomy":"recipe_categories","href":"https:\/\/www.emmentaler.ch\/fr\/wp-json\/wp\/v2\/recipe_categories\/617"},{"embeddable":true,"taxonomy":"recipe_preparation_time","href":"https:\/\/www.emmentaler.ch\/fr\/wp-json\/wp\/v2\/recipe_preparation_time\/294"}],"acf:post":[{"embeddable":true,"href":"https:\/\/www.emmentaler.ch\/fr\/wp-json\/wp\/v2\/pages\/64303"}],"wp:featuredmedia":[{"embeddable":true,"href":"https:\/\/www.emmentaler.ch\/fr\/wp-json\/wp\/v2\/media\/31331"}],"wp:attachment":[{"href":"https:\/\/www.emmentaler.ch\/fr\/wp-json\/wp\/v2\/media?parent=31290"}],"wp:term":[{"taxonomy":"post_tag","embeddable":true,"href":"https:\/\/www.emmentaler.ch\/fr\/wp-json\/wp\/v2\/tags?post=31290"},{"taxonomy":"recipe_categories","embeddable":true,"href":"https:\/\/www.emmentaler.ch\/fr\/wp-json\/wp\/v2\/recipe_categories?post=31290"},{"taxonomy":"et_countries","embeddable":true,"href":"https:\/\/www.emmentaler.ch\/fr\/wp-json\/wp\/v2\/et_countries?post=31290"},{"taxonomy":"recipe_main_ingredient","embeddable":true,"href":"https:\/\/www.emmentaler.ch\/fr\/wp-json\/wp\/v2\/recipe_main_ingredient?post=31290"},{"taxonomy":"recipe_difficulty","embeddable":true,"href":"https:\/\/www.emmentaler.ch\/fr\/wp-json\/wp\/v2\/recipe_difficulty?post=31290"},{"taxonomy":"recipe_preparation_time","embeddable":true,"href":"https:\/\/www.emmentaler.ch\/fr\/wp-json\/wp\/v2\/recipe_preparation_time?post=31290"},{"taxonomy":"recipe_diet_type","embeddable":true,"href":"https:\/\/www.emmentaler.ch\/fr\/wp-json\/wp\/v2\/recipe_diet_type?post=31290"},{"taxonomy":"recipe_saison","embeddable":true,"href":"https:\/\/www.emmentaler.ch\/fr\/wp-json\/wp\/v2\/recipe_saison?post=31290"}],"curies":[{"name":"wp","href":"https:\/\/api.w.org\/{rel}","templated":true}]}}