{"id":31351,"date":"2022-04-27T13:34:07","date_gmt":"2022-04-27T11:34:07","guid":{"rendered":"https:\/\/www.emmentaler.ch\/rezept\/soupe-aux-nids-de-paques"},"modified":"2023-04-05T09:39:54","modified_gmt":"2023-04-05T07:39:54","slug":"soupe-aux-nids-de-paques","status":"publish","type":"recipes","link":"https:\/\/www.emmentaler.ch\/fr\/recettes\/soupe-aux-nids-de-paques","title":{"rendered":"Soupe aux nids de P\u00e2ques"},"author":2,"featured_media":20469,"menu_order":0,"template":"","meta":{"inline_featured_image":false},"tags":[735],"recipe_categories":[617],"et_countries":[],"recipe_main_ingredient":[591],"recipe_difficulty":[575],"recipe_preparation_time":[272],"recipe_diet_type":[],"recipe_saison":[559],"acf":{"recipe_preparation_time":272,"recipe_categories":617,"recipe_time_txt":"","recipe_type":63911,"recipe_difficulty":575,"recipe_diet_type":false,"recipe_main_ingredient":[591],"recipe_saison":[559],"recipe_count_portions":4,"recipe_ingedients":[{"recipe_ingedients_amount":"31.25","recipe_ingedients_unit":"g","recipe_ingedients_product":"de nouilles chinoises ou de nouilles fines"},{"recipe_ingedients_amount":"25","recipe_ingedients_unit":"g","recipe_ingedients_product":"d\u2019Emmentaler AOP"},{"recipe_ingedients_amount":"1","recipe_ingedients_unit":"St\u00fcck","recipe_ingedients_product":"petits \u0153ufs \u00e0 temp\u00e9rature ambiante"},{"recipe_ingedients_amount":"1.5","recipe_ingedients_unit":"St\u00fcck","recipe_ingedients_product":"oignons nouveaux"},{"recipe_ingedients_amount":"12.5","recipe_ingedients_unit":"g","recipe_ingedients_product":"de jambon cru"},{"recipe_ingedients_amount":".25","recipe_ingedients_unit":"El","recipe_ingedients_product":"de beurre"},{"recipe_ingedients_amount":"250","recipe_ingedients_unit":"ml","recipe_ingedients_product":"de bouillon de l\u00e9gumes"},{"recipe_ingedients_amount":"","recipe_ingedients_unit":"Bedarf","recipe_ingedients_product":""}],"temporare_zutaten":"125 g de nouilles chinoises ou de nouilles fines\r\n100 g d\u2019Emmentaler AOP\r\n4 petits \u0153ufs \u00e0 temp\u00e9rature ambiante\r\nSel, poivre\r\n6 oignons nouveaux\r\n50 g de jambon cru\r\n1 CS de beurre\r\n1 litre de bouillon de l\u00e9gumes","recipe_preparation":"Faire cuire les nouilles al dente dans de l\u2019eau sal\u00e9e, les verser dans une passoire, les passer sous l\u2019eau froide et bien laisser \u00e9goutter. R\u00e2per finement l\u2019Emmentaler AOP, m\u00e9langer avec les nouilles.\r\n\r\nPr\u00e9chauffer le four \u00e0 220 \u00b0C (chauffage vo\u00fbte et sol ou \u00e0 200 \u00b0C en chaleur tournante).\r\n\r\nGarnir une plaque \u00e0 four de papier cuisson. Former quatre petits nids avec un creux \u00e0 l\u2019aide des nouilles, les disposer sur la plaque. Casser les \u0153ufs un par un dans une tasse et les laisser glisser dans les nids, saler et poivrer l\u00e9g\u00e8rement. Enfourner 12 \u00e0 15 minutes \u00e0 mi-hauteur jusqu\u2019\u00e0 ce que le blanc d\u2019\u0153uf soit ferme.\r\n\r\nPendant ce temps, couper les oignons en rondelles avec le vert. Couper le jambon en fines lamelles, le faire revenir bri\u00e8vement dans le beurre chaud. Ajouter les oignons, faire dorer. Verser le bouillon dans la casserole, laisser mijoter 5 minutes.\r\n\r\nVerser un peu de soupe dans des assiettes creuses, dresser les nids par-dessus et compl\u00e9ter avec le reste de la soupe.","recipe_images":[20479,20474,20469]},"_links":{"self":[{"href":"https:\/\/www.emmentaler.ch\/fr\/wp-json\/wp\/v2\/recipes\/31351"}],"collection":[{"href":"https:\/\/www.emmentaler.ch\/fr\/wp-json\/wp\/v2\/recipes"}],"about":[{"href":"https:\/\/www.emmentaler.ch\/fr\/wp-json\/wp\/v2\/types\/recipes"}],"author":[{"embeddable":true,"href":"https:\/\/www.emmentaler.ch\/fr\/wp-json\/wp\/v2\/users\/2"}],"version-history":[{"count":0,"href":"https:\/\/www.emmentaler.ch\/fr\/wp-json\/wp\/v2\/recipes\/31351\/revisions"}],"acf:attachment":[{"embeddable":true,"href":"https:\/\/www.emmentaler.ch\/fr\/wp-json\/wp\/v2\/media\/20469"},{"embeddable":true,"href":"https:\/\/www.emmentaler.ch\/fr\/wp-json\/wp\/v2\/media\/20474"},{"embeddable":true,"href":"https:\/\/www.emmentaler.ch\/fr\/wp-json\/wp\/v2\/media\/20479"}],"acf:term":[{"embeddable":true,"taxonomy":"recipe_saison","href":"https:\/\/www.emmentaler.ch\/fr\/wp-json\/wp\/v2\/recipe_saison\/559"},{"embeddable":true,"taxonomy":"recipe_main_ingredient","href":"https:\/\/www.emmentaler.ch\/fr\/wp-json\/wp\/v2\/recipe_main_ingredient\/591"},{"embeddable":true,"taxonomy":"recipe_difficulty","href":"https:\/\/www.emmentaler.ch\/fr\/wp-json\/wp\/v2\/recipe_difficulty\/575"},{"embeddable":true,"taxonomy":"recipe_categories","href":"https:\/\/www.emmentaler.ch\/fr\/wp-json\/wp\/v2\/recipe_categories\/617"},{"embeddable":true,"taxonomy":"recipe_preparation_time","href":"https:\/\/www.emmentaler.ch\/fr\/wp-json\/wp\/v2\/recipe_preparation_time\/272"}],"acf:post":[{"embeddable":true,"href":"https:\/\/www.emmentaler.ch\/fr\/wp-json\/wp\/v2\/pages\/63911"}],"wp:featuredmedia":[{"embeddable":true,"href":"https:\/\/www.emmentaler.ch\/fr\/wp-json\/wp\/v2\/media\/20469"}],"wp:attachment":[{"href":"https:\/\/www.emmentaler.ch\/fr\/wp-json\/wp\/v2\/media?parent=31351"}],"wp:term":[{"taxonomy":"post_tag","embeddable":true,"href":"https:\/\/www.emmentaler.ch\/fr\/wp-json\/wp\/v2\/tags?post=31351"},{"taxonomy":"recipe_categories","embeddable":true,"href":"https:\/\/www.emmentaler.ch\/fr\/wp-json\/wp\/v2\/recipe_categories?post=31351"},{"taxonomy":"et_countries","embeddable":true,"href":"https:\/\/www.emmentaler.ch\/fr\/wp-json\/wp\/v2\/et_countries?post=31351"},{"taxonomy":"recipe_main_ingredient","embeddable":true,"href":"https:\/\/www.emmentaler.ch\/fr\/wp-json\/wp\/v2\/recipe_main_ingredient?post=31351"},{"taxonomy":"recipe_difficulty","embeddable":true,"href":"https:\/\/www.emmentaler.ch\/fr\/wp-json\/wp\/v2\/recipe_difficulty?post=31351"},{"taxonomy":"recipe_preparation_time","embeddable":true,"href":"https:\/\/www.emmentaler.ch\/fr\/wp-json\/wp\/v2\/recipe_preparation_time?post=31351"},{"taxonomy":"recipe_diet_type","embeddable":true,"href":"https:\/\/www.emmentaler.ch\/fr\/wp-json\/wp\/v2\/recipe_diet_type?post=31351"},{"taxonomy":"recipe_saison","embeddable":true,"href":"https:\/\/www.emmentaler.ch\/fr\/wp-json\/wp\/v2\/recipe_saison?post=31351"}],"curies":[{"name":"wp","href":"https:\/\/api.w.org\/{rel}","templated":true}]}}