{"id":31412,"date":"2022-04-27T13:34:07","date_gmt":"2022-04-27T11:34:07","guid":{"rendered":"https:\/\/www.emmentaler.ch\/rezept\/wraps-aux-oeufs"},"modified":"2024-07-25T18:05:57","modified_gmt":"2024-07-25T16:05:57","slug":"wraps-aux-oeufs","status":"publish","type":"recipes","link":"https:\/\/www.emmentaler.ch\/fr\/recettes\/wraps-aux-oeufs","title":{"rendered":"Wraps aux \u0153ufs"},"author":2,"featured_media":45801,"menu_order":0,"template":"","meta":{"inline_featured_image":false},"tags":[841,802],"recipe_categories":[617],"et_countries":[],"recipe_main_ingredient":[604],"recipe_difficulty":[575],"recipe_preparation_time":[280],"recipe_diet_type":[572],"recipe_saison":[527,559],"acf":{"recipe_preparation_time":280,"recipe_categories":617,"recipe_time_txt":"","recipe_type":64283,"recipe_difficulty":575,"recipe_diet_type":[572],"recipe_main_ingredient":[604],"recipe_saison":[527,559],"recipe_count_portions":4,"recipe_ingedients":[{"recipe_ingedients_amount":"","recipe_ingedients_unit":"g","recipe_ingedients_product":""}],"temporare_zutaten":"2 \u0153ufs durs\r\n2 bottes de ciboulette\r\n125 g de s\u00e9r\u00e9 maigre\r\n2 c. \u00e0 s. de mayonnaise\r\n120 g d'Emmentaler AOP\r\n1 tomate\r\n3 c. \u00e0 s. de c\u00e2pres\r\nSel, poivre\r\n2-3 feuilles de salade iceberg\r\n4 tortillas wrap souples","recipe_preparation":"Ecaler et hacher les \u0153ufs, hacher la ciboulette. M\u00e9langer le s\u00e9r\u00e9 et la mayonnaise et y incorporer les \u0153ufs et la ciboulette.\r\n\r\nR\u00e2per l'Emmentaler AOP sur une r\u00e2pe \u00e0 r\u00f6sti, couper la tomate en 2, l'\u00e9p\u00e9piner et la couper en petits d\u00e9s. Incorporer le fromage et la tomate au m\u00e9lange \u0153ufs-cr\u00e8me, assaisonner. Couper la salade en lani\u00e8res.\r\n\r\nR\u00e9partir cette pr\u00e9paration sur les tortillas en laissant un bord libre de 3 env. R\u00e9partir la salade par dessus. Rabattre le bord inf\u00e9rieur sur la farce et rouler les tortillas bien serr\u00e9es.","recipe_images":[20520]},"_links":{"self":[{"href":"https:\/\/www.emmentaler.ch\/fr\/wp-json\/wp\/v2\/recipes\/31412"}],"collection":[{"href":"https:\/\/www.emmentaler.ch\/fr\/wp-json\/wp\/v2\/recipes"}],"about":[{"href":"https:\/\/www.emmentaler.ch\/fr\/wp-json\/wp\/v2\/types\/recipes"}],"author":[{"embeddable":true,"href":"https:\/\/www.emmentaler.ch\/fr\/wp-json\/wp\/v2\/users\/2"}],"version-history":[{"count":1,"href":"https:\/\/www.emmentaler.ch\/fr\/wp-json\/wp\/v2\/recipes\/31412\/revisions"}],"predecessor-version":[{"id":138016,"href":"https:\/\/www.emmentaler.ch\/fr\/wp-json\/wp\/v2\/recipes\/31412\/revisions\/138016"}],"acf:attachment":[{"embeddable":true,"href":"https:\/\/www.emmentaler.ch\/fr\/wp-json\/wp\/v2\/media\/20520"}],"acf:term":[{"embeddable":true,"taxonomy":"recipe_saison","href":"https:\/\/www.emmentaler.ch\/fr\/wp-json\/wp\/v2\/recipe_saison\/559"},{"embeddable":true,"taxonomy":"recipe_saison","href":"https:\/\/www.emmentaler.ch\/fr\/wp-json\/wp\/v2\/recipe_saison\/527"},{"embeddable":true,"taxonomy":"recipe_main_ingredient","href":"https:\/\/www.emmentaler.ch\/fr\/wp-json\/wp\/v2\/recipe_main_ingredient\/604"},{"embeddable":true,"taxonomy":"recipe_diet_type","href":"https:\/\/www.emmentaler.ch\/fr\/wp-json\/wp\/v2\/recipe_diet_type\/572"},{"embeddable":true,"taxonomy":"recipe_difficulty","href":"https:\/\/www.emmentaler.ch\/fr\/wp-json\/wp\/v2\/recipe_difficulty\/575"},{"embeddable":true,"taxonomy":"recipe_categories","href":"https:\/\/www.emmentaler.ch\/fr\/wp-json\/wp\/v2\/recipe_categories\/617"},{"embeddable":true,"taxonomy":"recipe_preparation_time","href":"https:\/\/www.emmentaler.ch\/fr\/wp-json\/wp\/v2\/recipe_preparation_time\/280"}],"acf:post":[{"embeddable":true,"href":"https:\/\/www.emmentaler.ch\/fr\/wp-json\/wp\/v2\/pages\/64283"}],"wp:featuredmedia":[{"embeddable":true,"href":"https:\/\/www.emmentaler.ch\/fr\/wp-json\/wp\/v2\/media\/45801"}],"wp:attachment":[{"href":"https:\/\/www.emmentaler.ch\/fr\/wp-json\/wp\/v2\/media?parent=31412"}],"wp:term":[{"taxonomy":"post_tag","embeddable":true,"href":"https:\/\/www.emmentaler.ch\/fr\/wp-json\/wp\/v2\/tags?post=31412"},{"taxonomy":"recipe_categories","embeddable":true,"href":"https:\/\/www.emmentaler.ch\/fr\/wp-json\/wp\/v2\/recipe_categories?post=31412"},{"taxonomy":"et_countries","embeddable":true,"href":"https:\/\/www.emmentaler.ch\/fr\/wp-json\/wp\/v2\/et_countries?post=31412"},{"taxonomy":"recipe_main_ingredient","embeddable":true,"href":"https:\/\/www.emmentaler.ch\/fr\/wp-json\/wp\/v2\/recipe_main_ingredient?post=31412"},{"taxonomy":"recipe_difficulty","embeddable":true,"href":"https:\/\/www.emmentaler.ch\/fr\/wp-json\/wp\/v2\/recipe_difficulty?post=31412"},{"taxonomy":"recipe_preparation_time","embeddable":true,"href":"https:\/\/www.emmentaler.ch\/fr\/wp-json\/wp\/v2\/recipe_preparation_time?post=31412"},{"taxonomy":"recipe_diet_type","embeddable":true,"href":"https:\/\/www.emmentaler.ch\/fr\/wp-json\/wp\/v2\/recipe_diet_type?post=31412"},{"taxonomy":"recipe_saison","embeddable":true,"href":"https:\/\/www.emmentaler.ch\/fr\/wp-json\/wp\/v2\/recipe_saison?post=31412"}],"curies":[{"name":"wp","href":"https:\/\/api.w.org\/{rel}","templated":true}]}}