{"id":31474,"date":"2022-04-27T13:34:07","date_gmt":"2022-04-27T11:34:07","guid":{"rendered":"https:\/\/www.emmentaler.ch\/rezept\/soleil-aperitif-a-lemmentaler-aop"},"modified":"2022-08-02T17:43:01","modified_gmt":"2022-08-02T15:43:01","slug":"soleil-aperitif-a-lemmentaler-aop","status":"publish","type":"recipes","link":"https:\/\/www.emmentaler.ch\/fr\/recettes\/soleil-aperitif-a-lemmentaler-aop","title":{"rendered":"Soleil-ap\u00e9ritif \u00e0 l\u2019Emmentaler AOP"},"author":2,"featured_media":31500,"menu_order":0,"template":"","meta":{"inline_featured_image":false},"tags":[],"recipe_categories":[606],"et_countries":[],"recipe_main_ingredient":[604],"recipe_difficulty":[580],"recipe_preparation_time":[625],"recipe_diet_type":[572],"recipe_saison":[527,551,559],"acf":{"recipe_preparation_time":625,"recipe_categories":606,"recipe_time_txt":"","recipe_type":64290,"recipe_difficulty":580,"recipe_diet_type":[572],"recipe_main_ingredient":[604],"recipe_saison":[527,559,551],"recipe_count_portions":4,"recipe_ingedients":[{"recipe_ingedients_amount":"","recipe_ingedients_unit":"g","recipe_ingedients_product":""}],"temporare_zutaten":"350 g de farine\r\n1 CC de sel\r\n\u00bd cube de levure, env. 20 g\r\n2 dl d\u2019eau ti\u00e8de\r\n2 CS d\u2019huile d\u2019olive\r\nou\r\n500 g de p\u00e2te \u00e0 pizza pr\u00eate \u00e0 l\u2019emploi\r\n75 g de tomates s\u00e9ch\u00e9es marin\u00e9es \u00e0 l\u2019huile\r\n100 g d\u2019Emmentaler AOP r\u00e2p\u00e9\r\n1 CS de c\u00e2pres\r\nPoivre\r\n\u00bd CS d\u2019origan d\u00e9shydrat\u00e9","recipe_preparation":"M\u00e9langer la farine, le sel, la levure \u00e9miett\u00e9e, l\u2019eau et l\u2019huile. P\u00e9trir 5 \u00e0 10 minutes jusqu\u2019\u00e0 obtention d\u2019une p\u00e2te lisse et souple. Couvrir et laisser gonfler la p\u00e2te jusqu\u2019\u00e0 ce qu\u2019elle ait doubl\u00e9 de volume.\r\n\r\nCouper les tomates \u00e9goutt\u00e9es en lamelles. R\u00e9duire en pur\u00e9e au cutter avec l\u2019Emmentaler AOP, les c\u00e2pres, l\u2019origan et le poivre.\r\n\r\nCouper la p\u00e2te en deux et l\u2019\u00e9taler de fa\u00e7on \u00e0 obtenir 2 cercles minces de 30 cm de diam\u00e8tre environ. Poser une p\u00e2te \u00e0 pizza sur une plaque garnie de papier sulfuris\u00e9. Tartiner la pr\u00e9paration \u00e0 base de fromage et de pur\u00e9e de tomate sur la p\u00e2te. Poser le deuxi\u00e8me rond de p\u00e2te par-dessus et appuyer l\u00e9g\u00e8rement. Placer un verre au milieu. A l\u2019aide d\u2019un couteau pointu, couper 16 bandes de taille \u00e9gale jusqu\u2019au bord du verre. Tourner les bandes sur elles-m\u00eames 2 \u00e0 3 fois, puis retirer le verre.\r\n\r\nEnfourner le soleil-ap\u00e9ritif 20 minutes environ \u00e0 mi-hauteur (convection naturelle) \u00e0 220 \u00b0C.\r\n\r\nServir chaud ou froid \u00e0 l\u2019ap\u00e9ro.","recipe_images":[20602,20597,20592]},"_links":{"self":[{"href":"https:\/\/www.emmentaler.ch\/fr\/wp-json\/wp\/v2\/recipes\/31474"}],"collection":[{"href":"https:\/\/www.emmentaler.ch\/fr\/wp-json\/wp\/v2\/recipes"}],"about":[{"href":"https:\/\/www.emmentaler.ch\/fr\/wp-json\/wp\/v2\/types\/recipes"}],"author":[{"embeddable":true,"href":"https:\/\/www.emmentaler.ch\/fr\/wp-json\/wp\/v2\/users\/2"}],"version-history":[{"count":0,"href":"https:\/\/www.emmentaler.ch\/fr\/wp-json\/wp\/v2\/recipes\/31474\/revisions"}],"acf:attachment":[{"embeddable":true,"href":"https:\/\/www.emmentaler.ch\/fr\/wp-json\/wp\/v2\/media\/20592"},{"embeddable":true,"href":"https:\/\/www.emmentaler.ch\/fr\/wp-json\/wp\/v2\/media\/20597"},{"embeddable":true,"href":"https:\/\/www.emmentaler.ch\/fr\/wp-json\/wp\/v2\/media\/20602"}],"acf:term":[{"embeddable":true,"taxonomy":"recipe_saison","href":"https:\/\/www.emmentaler.ch\/fr\/wp-json\/wp\/v2\/recipe_saison\/551"},{"embeddable":true,"taxonomy":"recipe_saison","href":"https:\/\/www.emmentaler.ch\/fr\/wp-json\/wp\/v2\/recipe_saison\/559"},{"embeddable":true,"taxonomy":"recipe_saison","href":"https:\/\/www.emmentaler.ch\/fr\/wp-json\/wp\/v2\/recipe_saison\/527"},{"embeddable":true,"taxonomy":"recipe_main_ingredient","href":"https:\/\/www.emmentaler.ch\/fr\/wp-json\/wp\/v2\/recipe_main_ingredient\/604"},{"embeddable":true,"taxonomy":"recipe_diet_type","href":"https:\/\/www.emmentaler.ch\/fr\/wp-json\/wp\/v2\/recipe_diet_type\/572"},{"embeddable":true,"taxonomy":"recipe_difficulty","href":"https:\/\/www.emmentaler.ch\/fr\/wp-json\/wp\/v2\/recipe_difficulty\/580"},{"embeddable":true,"taxonomy":"recipe_categories","href":"https:\/\/www.emmentaler.ch\/fr\/wp-json\/wp\/v2\/recipe_categories\/606"},{"embeddable":true,"taxonomy":"recipe_preparation_time","href":"https:\/\/www.emmentaler.ch\/fr\/wp-json\/wp\/v2\/recipe_preparation_time\/625"}],"acf:post":[{"embeddable":true,"href":"https:\/\/www.emmentaler.ch\/fr\/wp-json\/wp\/v2\/pages\/64290"}],"wp:featuredmedia":[{"embeddable":true,"href":"https:\/\/www.emmentaler.ch\/fr\/wp-json\/wp\/v2\/media\/31500"}],"wp:attachment":[{"href":"https:\/\/www.emmentaler.ch\/fr\/wp-json\/wp\/v2\/media?parent=31474"}],"wp:term":[{"taxonomy":"post_tag","embeddable":true,"href":"https:\/\/www.emmentaler.ch\/fr\/wp-json\/wp\/v2\/tags?post=31474"},{"taxonomy":"recipe_categories","embeddable":true,"href":"https:\/\/www.emmentaler.ch\/fr\/wp-json\/wp\/v2\/recipe_categories?post=31474"},{"taxonomy":"et_countries","embeddable":true,"href":"https:\/\/www.emmentaler.ch\/fr\/wp-json\/wp\/v2\/et_countries?post=31474"},{"taxonomy":"recipe_main_ingredient","embeddable":true,"href":"https:\/\/www.emmentaler.ch\/fr\/wp-json\/wp\/v2\/recipe_main_ingredient?post=31474"},{"taxonomy":"recipe_difficulty","embeddable":true,"href":"https:\/\/www.emmentaler.ch\/fr\/wp-json\/wp\/v2\/recipe_difficulty?post=31474"},{"taxonomy":"recipe_preparation_time","embeddable":true,"href":"https:\/\/www.emmentaler.ch\/fr\/wp-json\/wp\/v2\/recipe_preparation_time?post=31474"},{"taxonomy":"recipe_diet_type","embeddable":true,"href":"https:\/\/www.emmentaler.ch\/fr\/wp-json\/wp\/v2\/recipe_diet_type?post=31474"},{"taxonomy":"recipe_saison","embeddable":true,"href":"https:\/\/www.emmentaler.ch\/fr\/wp-json\/wp\/v2\/recipe_saison?post=31474"}],"curies":[{"name":"wp","href":"https:\/\/api.w.org\/{rel}","templated":true}]}}