{"id":31845,"date":"2022-04-27T13:35:02","date_gmt":"2022-04-27T11:35:02","guid":{"rendered":"https:\/\/www.emmentaler.ch\/rezept\/soupe-de-fromage-a-lemmentaler"},"modified":"2022-06-27T15:06:27","modified_gmt":"2022-06-27T13:06:27","slug":"soupe-de-fromage-a-lemmentaler","status":"publish","type":"recipes","link":"https:\/\/www.emmentaler.ch\/fr\/recettes\/soupe-de-fromage-a-lemmentaler","title":{"rendered":"Soupe de fromage \u00e0 l&rsquo;Emmentaler"},"author":2,"featured_media":20888,"menu_order":0,"template":"","meta":{"inline_featured_image":false},"tags":[],"recipe_categories":[617],"et_countries":[],"recipe_main_ingredient":[596],"recipe_difficulty":[580],"recipe_preparation_time":[268],"recipe_diet_type":[],"recipe_saison":[559],"acf":{"recipe_preparation_time":268,"recipe_categories":617,"recipe_time_txt":"","recipe_type":63916,"recipe_difficulty":580,"recipe_diet_type":false,"recipe_main_ingredient":[596],"recipe_saison":[559],"recipe_count_portions":4,"recipe_ingedients":[{"recipe_ingedients_amount":"","recipe_ingedients_unit":"g","recipe_ingedients_product":""}],"temporare_zutaten":"3 c. \u00e0 s. de beurre\r\n3 c. \u00e0 s. de farine\r\n2 dl de vin blanc ou de cidre\r\n7 dl de bouillon\r\n1 dl de cr\u00e8me\r\n1 botte de persil\r\n100 g de pain bis\r\n50 g de jambon cru\r\n200 g d'Emmentaler AOP, finement r\u00e2p\u00e9\r\nSel, poivre","recipe_preparation":"Faire fondre 2 c. \u00e0 s. de beurre, ajouter la farine et faire mijoter en remuant. Ajouter le vin et le bouillon sans cesser de remuer. Ajouter la cr\u00e8me, faire mijoter 15 minutes.\r\n\r\nHacher finement le persil. Couper le pain en d\u00e9s. effilocher grossi\u00e8rement le jambon cru et le faire revenir dans une po\u00eale jusqu'\u00e0 ce qu'il soit croustillant, r\u00e9server. Faire dorer les d\u00e9s de pain dans le beurre restant.\r\n\r\nIncorporer l'Emmentaler AOP \u00e0 la soupe en remuant, saler et poivrer. Dresser la soupe avec le jambon cru, le pain et le persil.","recipe_images":[31861]},"_links":{"self":[{"href":"https:\/\/www.emmentaler.ch\/fr\/wp-json\/wp\/v2\/recipes\/31845"}],"collection":[{"href":"https:\/\/www.emmentaler.ch\/fr\/wp-json\/wp\/v2\/recipes"}],"about":[{"href":"https:\/\/www.emmentaler.ch\/fr\/wp-json\/wp\/v2\/types\/recipes"}],"author":[{"embeddable":true,"href":"https:\/\/www.emmentaler.ch\/fr\/wp-json\/wp\/v2\/users\/2"}],"version-history":[{"count":0,"href":"https:\/\/www.emmentaler.ch\/fr\/wp-json\/wp\/v2\/recipes\/31845\/revisions"}],"acf:attachment":[{"embeddable":true,"href":"https:\/\/www.emmentaler.ch\/fr\/wp-json\/wp\/v2\/media\/31861"}],"acf:term":[{"embeddable":true,"taxonomy":"recipe_saison","href":"https:\/\/www.emmentaler.ch\/fr\/wp-json\/wp\/v2\/recipe_saison\/559"},{"embeddable":true,"taxonomy":"recipe_main_ingredient","href":"https:\/\/www.emmentaler.ch\/fr\/wp-json\/wp\/v2\/recipe_main_ingredient\/596"},{"embeddable":true,"taxonomy":"recipe_difficulty","href":"https:\/\/www.emmentaler.ch\/fr\/wp-json\/wp\/v2\/recipe_difficulty\/580"},{"embeddable":true,"taxonomy":"recipe_categories","href":"https:\/\/www.emmentaler.ch\/fr\/wp-json\/wp\/v2\/recipe_categories\/617"},{"embeddable":true,"taxonomy":"recipe_preparation_time","href":"https:\/\/www.emmentaler.ch\/fr\/wp-json\/wp\/v2\/recipe_preparation_time\/268"}],"acf:post":[{"embeddable":true,"href":"https:\/\/www.emmentaler.ch\/fr\/wp-json\/wp\/v2\/pages\/63916"}],"wp:featuredmedia":[{"embeddable":true,"href":"https:\/\/www.emmentaler.ch\/fr\/wp-json\/wp\/v2\/media\/20888"}],"wp:attachment":[{"href":"https:\/\/www.emmentaler.ch\/fr\/wp-json\/wp\/v2\/media?parent=31845"}],"wp:term":[{"taxonomy":"post_tag","embeddable":true,"href":"https:\/\/www.emmentaler.ch\/fr\/wp-json\/wp\/v2\/tags?post=31845"},{"taxonomy":"recipe_categories","embeddable":true,"href":"https:\/\/www.emmentaler.ch\/fr\/wp-json\/wp\/v2\/recipe_categories?post=31845"},{"taxonomy":"et_countries","embeddable":true,"href":"https:\/\/www.emmentaler.ch\/fr\/wp-json\/wp\/v2\/et_countries?post=31845"},{"taxonomy":"recipe_main_ingredient","embeddable":true,"href":"https:\/\/www.emmentaler.ch\/fr\/wp-json\/wp\/v2\/recipe_main_ingredient?post=31845"},{"taxonomy":"recipe_difficulty","embeddable":true,"href":"https:\/\/www.emmentaler.ch\/fr\/wp-json\/wp\/v2\/recipe_difficulty?post=31845"},{"taxonomy":"recipe_preparation_time","embeddable":true,"href":"https:\/\/www.emmentaler.ch\/fr\/wp-json\/wp\/v2\/recipe_preparation_time?post=31845"},{"taxonomy":"recipe_diet_type","embeddable":true,"href":"https:\/\/www.emmentaler.ch\/fr\/wp-json\/wp\/v2\/recipe_diet_type?post=31845"},{"taxonomy":"recipe_saison","embeddable":true,"href":"https:\/\/www.emmentaler.ch\/fr\/wp-json\/wp\/v2\/recipe_saison?post=31845"}],"curies":[{"name":"wp","href":"https:\/\/api.w.org\/{rel}","templated":true}]}}