{"id":31987,"date":"2022-04-27T13:35:02","date_gmt":"2022-04-27T11:35:02","guid":{"rendered":"https:\/\/www.emmentaler.ch\/rezept\/salade-de-pain-et-emmentaler-avec-sa-sauce-fruitee"},"modified":"2024-07-25T18:04:11","modified_gmt":"2024-07-25T16:04:11","slug":"salade-de-pain-et-emmentaler-avec-sa-sauce-fruitee","status":"publish","type":"recipes","link":"https:\/\/www.emmentaler.ch\/fr\/recettes\/salade-de-pain-et-emmentaler-avec-sa-sauce-fruitee","title":{"rendered":"Salade de pain et Emmentaler avec sa sauce fruit\u00e9e"},"author":2,"featured_media":54195,"menu_order":0,"template":"","meta":{"inline_featured_image":false},"tags":[802],"recipe_categories":[617],"et_countries":[],"recipe_main_ingredient":[604],"recipe_difficulty":[575],"recipe_preparation_time":[280],"recipe_diet_type":[567,572],"recipe_saison":[540,548,556,532,559],"acf":{"recipe_preparation_time":280,"recipe_categories":617,"recipe_time_txt":"","recipe_type":63916,"recipe_difficulty":575,"recipe_diet_type":[567,572],"recipe_main_ingredient":[604],"recipe_saison":[532,559,540,548,556],"recipe_count_portions":4,"recipe_ingedients":[{"recipe_ingedients_amount":"","recipe_ingedients_unit":"g","recipe_ingedients_product":""}],"temporare_zutaten":"6-8 tranches de pain rassis\r\n2 fruits de la passion\r\n3 c. \u00e0 s. de vinaigre\r\n3 c. \u00e0 s. d'huile de colza\r\n2 c. \u00e0 s. de bouillon ou d'eau\r\n1 c. \u00e0 c. de moutarde\r\nSel, poivre\r\n175 g d'Emmentaler AOP\r\n1 piment\r\n500 g de tomates cerises rouges et jaunes\r\n3-4 oignons de printemps\r\n1 bouquet de basilic","recipe_preparation":"Couper le pain en d\u00e9s d'1,5 cm et les faire dorer sans mati\u00e8re grasse dans une grande po\u00eale.\r\n\r\nCouper les fruits de la passion en 2, retirer la pulpe \u00e0 l'aide d'une cuill\u00e8re et la mettre dans un gand saladier. Ajouter le vinaigre, l'huile, le bouillon, la moutarde, le sel et le poivre et m\u00e9langer pour obtenir une sauce.\r\n\r\nCouper l'Emmentaler AOP en fins b\u00e2tonnets. Ep\u00e9piner \u00e9ventuellement le piment et le couper en fines rondelles. Couper les tomates cerises en 2. Couper les oignons de printemps en rondelles. Effeuiller le basilic. M\u00e9langer tous les ingr\u00e9dients avec la sauce et servir aussit\u00f4t.","recipe_images":[21027]},"_links":{"self":[{"href":"https:\/\/www.emmentaler.ch\/fr\/wp-json\/wp\/v2\/recipes\/31987"}],"collection":[{"href":"https:\/\/www.emmentaler.ch\/fr\/wp-json\/wp\/v2\/recipes"}],"about":[{"href":"https:\/\/www.emmentaler.ch\/fr\/wp-json\/wp\/v2\/types\/recipes"}],"author":[{"embeddable":true,"href":"https:\/\/www.emmentaler.ch\/fr\/wp-json\/wp\/v2\/users\/2"}],"version-history":[{"count":1,"href":"https:\/\/www.emmentaler.ch\/fr\/wp-json\/wp\/v2\/recipes\/31987\/revisions"}],"predecessor-version":[{"id":138008,"href":"https:\/\/www.emmentaler.ch\/fr\/wp-json\/wp\/v2\/recipes\/31987\/revisions\/138008"}],"acf:attachment":[{"embeddable":true,"href":"https:\/\/www.emmentaler.ch\/fr\/wp-json\/wp\/v2\/media\/21027"}],"acf:term":[{"embeddable":true,"taxonomy":"recipe_saison","href":"https:\/\/www.emmentaler.ch\/fr\/wp-json\/wp\/v2\/recipe_saison\/556"},{"embeddable":true,"taxonomy":"recipe_saison","href":"https:\/\/www.emmentaler.ch\/fr\/wp-json\/wp\/v2\/recipe_saison\/548"},{"embeddable":true,"taxonomy":"recipe_saison","href":"https:\/\/www.emmentaler.ch\/fr\/wp-json\/wp\/v2\/recipe_saison\/540"},{"embeddable":true,"taxonomy":"recipe_saison","href":"https:\/\/www.emmentaler.ch\/fr\/wp-json\/wp\/v2\/recipe_saison\/559"},{"embeddable":true,"taxonomy":"recipe_saison","href":"https:\/\/www.emmentaler.ch\/fr\/wp-json\/wp\/v2\/recipe_saison\/532"},{"embeddable":true,"taxonomy":"recipe_main_ingredient","href":"https:\/\/www.emmentaler.ch\/fr\/wp-json\/wp\/v2\/recipe_main_ingredient\/604"},{"embeddable":true,"taxonomy":"recipe_diet_type","href":"https:\/\/www.emmentaler.ch\/fr\/wp-json\/wp\/v2\/recipe_diet_type\/572"},{"embeddable":true,"taxonomy":"recipe_diet_type","href":"https:\/\/www.emmentaler.ch\/fr\/wp-json\/wp\/v2\/recipe_diet_type\/567"},{"embeddable":true,"taxonomy":"recipe_difficulty","href":"https:\/\/www.emmentaler.ch\/fr\/wp-json\/wp\/v2\/recipe_difficulty\/575"},{"embeddable":true,"taxonomy":"recipe_categories","href":"https:\/\/www.emmentaler.ch\/fr\/wp-json\/wp\/v2\/recipe_categories\/617"},{"embeddable":true,"taxonomy":"recipe_preparation_time","href":"https:\/\/www.emmentaler.ch\/fr\/wp-json\/wp\/v2\/recipe_preparation_time\/280"}],"acf:post":[{"embeddable":true,"href":"https:\/\/www.emmentaler.ch\/fr\/wp-json\/wp\/v2\/pages\/63916"}],"wp:featuredmedia":[{"embeddable":true,"href":"https:\/\/www.emmentaler.ch\/fr\/wp-json\/wp\/v2\/media\/54195"}],"wp:attachment":[{"href":"https:\/\/www.emmentaler.ch\/fr\/wp-json\/wp\/v2\/media?parent=31987"}],"wp:term":[{"taxonomy":"post_tag","embeddable":true,"href":"https:\/\/www.emmentaler.ch\/fr\/wp-json\/wp\/v2\/tags?post=31987"},{"taxonomy":"recipe_categories","embeddable":true,"href":"https:\/\/www.emmentaler.ch\/fr\/wp-json\/wp\/v2\/recipe_categories?post=31987"},{"taxonomy":"et_countries","embeddable":true,"href":"https:\/\/www.emmentaler.ch\/fr\/wp-json\/wp\/v2\/et_countries?post=31987"},{"taxonomy":"recipe_main_ingredient","embeddable":true,"href":"https:\/\/www.emmentaler.ch\/fr\/wp-json\/wp\/v2\/recipe_main_ingredient?post=31987"},{"taxonomy":"recipe_difficulty","embeddable":true,"href":"https:\/\/www.emmentaler.ch\/fr\/wp-json\/wp\/v2\/recipe_difficulty?post=31987"},{"taxonomy":"recipe_preparation_time","embeddable":true,"href":"https:\/\/www.emmentaler.ch\/fr\/wp-json\/wp\/v2\/recipe_preparation_time?post=31987"},{"taxonomy":"recipe_diet_type","embeddable":true,"href":"https:\/\/www.emmentaler.ch\/fr\/wp-json\/wp\/v2\/recipe_diet_type?post=31987"},{"taxonomy":"recipe_saison","embeddable":true,"href":"https:\/\/www.emmentaler.ch\/fr\/wp-json\/wp\/v2\/recipe_saison?post=31987"}],"curies":[{"name":"wp","href":"https:\/\/api.w.org\/{rel}","templated":true}]}}