{"id":32204,"date":"2022-04-27T13:35:41","date_gmt":"2022-04-27T11:35:41","guid":{"rendered":"https:\/\/www.emmentaler.ch\/rezept\/enchiladas-au-poulet-au-guacamole-et-a-la-creme-fraiche"},"modified":"2022-06-27T12:02:13","modified_gmt":"2022-06-27T10:02:13","slug":"enchiladas-au-poulet-au-guacamole-et-a-la-creme-fraiche","status":"publish","type":"recipes","link":"https:\/\/www.emmentaler.ch\/fr\/recettes\/enchiladas-au-poulet-au-guacamole-et-a-la-creme-fraiche","title":{"rendered":"Enchiladas au poulet, au guacamole et \u00e0 la cr\u00e8me fra\u00eeche"},"author":2,"featured_media":51253,"menu_order":0,"template":"","meta":{"inline_featured_image":false},"tags":[],"recipe_categories":[617],"et_countries":[],"recipe_main_ingredient":[599],"recipe_difficulty":[575],"recipe_preparation_time":[272],"recipe_diet_type":[564],"recipe_saison":[527,559],"acf":{"recipe_preparation_time":272,"recipe_categories":617,"recipe_time_txt":"","recipe_type":63911,"recipe_difficulty":575,"recipe_diet_type":[564],"recipe_main_ingredient":[599],"recipe_saison":[527,559],"recipe_count_portions":4,"recipe_ingedients":[{"recipe_ingedients_amount":"","recipe_ingedients_unit":"g","recipe_ingedients_product":""}],"temporare_zutaten":"100 g d\u2019Emmentaler AOP, grossi\u00e8rement r\u00e2p\u00e9\r\n2 cs de beurre \u00e0 r\u00f4tir\r\n400 g d\u2019\u00e9minc\u00e9 de poulet\r\nSel\r\nPoivre\r\n2 avocats\r\n8 tortillas de ma\u00efs\r\n200 g tomates pel\u00e9es, hach\u00e9es\r\nM\u00e9lange d\u2019\u00e9pices mexicaines\r\n1 \u00e9chalote\r\n1 poivron vert\r\n1 gousse d\u2019ail\r\n100 g de cr\u00e8me fra\u00eeche\r\n2 citrons verts","recipe_preparation":"D\u00e9noyautez les deux avocats, mettez la chair dans un saladier. Ajoutez le jus d\u2019un demi-citron vert, une demi-\u00e9chalote hach\u00e9e, un demi-poivron vert, la gousse d\u2019ail press\u00e9e et une pinc\u00e9e de sel. R\u00e9duisez le tout en pur\u00e9e \u00e0 la fourchette ou au mixeur.\r\n\r\nPr\u00e9chauffez le four \u00e0 180 degr\u00e9s. R\u00e2pez grossi\u00e8rement l\u2019Emmentaler AOP. Faites chauffer le beurre \u00e0 r\u00f4tir dans une po\u00eale. Faites revenir le poulet pendant 4 minutes et assaisonnez-le d\u2019\u00e9pices mexicaines.\r\n\r\nR\u00e9partissez le poulet sur les tortillas. Ajoutez un peu de tomates pel\u00e9es par-dessus, salez et poivrez.\r\n\r\nEnroulez les tortillas et disposez-les dans un plat \u00e0 gratin. Parsemez-les d\u2019Emmentaler AOP et faites-les gratiner au four pendant environ 10 minutes.\r\n\r\nServez avec la cr\u00e8me fra\u00eeche, le guacamole et des quartiers de citron vert.","recipe_images":[21254,21249]},"_links":{"self":[{"href":"https:\/\/www.emmentaler.ch\/fr\/wp-json\/wp\/v2\/recipes\/32204"}],"collection":[{"href":"https:\/\/www.emmentaler.ch\/fr\/wp-json\/wp\/v2\/recipes"}],"about":[{"href":"https:\/\/www.emmentaler.ch\/fr\/wp-json\/wp\/v2\/types\/recipes"}],"author":[{"embeddable":true,"href":"https:\/\/www.emmentaler.ch\/fr\/wp-json\/wp\/v2\/users\/2"}],"version-history":[{"count":0,"href":"https:\/\/www.emmentaler.ch\/fr\/wp-json\/wp\/v2\/recipes\/32204\/revisions"}],"acf:attachment":[{"embeddable":true,"href":"https:\/\/www.emmentaler.ch\/fr\/wp-json\/wp\/v2\/media\/21249"},{"embeddable":true,"href":"https:\/\/www.emmentaler.ch\/fr\/wp-json\/wp\/v2\/media\/21254"}],"acf:term":[{"embeddable":true,"taxonomy":"recipe_saison","href":"https:\/\/www.emmentaler.ch\/fr\/wp-json\/wp\/v2\/recipe_saison\/559"},{"embeddable":true,"taxonomy":"recipe_saison","href":"https:\/\/www.emmentaler.ch\/fr\/wp-json\/wp\/v2\/recipe_saison\/527"},{"embeddable":true,"taxonomy":"recipe_main_ingredient","href":"https:\/\/www.emmentaler.ch\/fr\/wp-json\/wp\/v2\/recipe_main_ingredient\/599"},{"embeddable":true,"taxonomy":"recipe_diet_type","href":"https:\/\/www.emmentaler.ch\/fr\/wp-json\/wp\/v2\/recipe_diet_type\/564"},{"embeddable":true,"taxonomy":"recipe_difficulty","href":"https:\/\/www.emmentaler.ch\/fr\/wp-json\/wp\/v2\/recipe_difficulty\/575"},{"embeddable":true,"taxonomy":"recipe_categories","href":"https:\/\/www.emmentaler.ch\/fr\/wp-json\/wp\/v2\/recipe_categories\/617"},{"embeddable":true,"taxonomy":"recipe_preparation_time","href":"https:\/\/www.emmentaler.ch\/fr\/wp-json\/wp\/v2\/recipe_preparation_time\/272"}],"acf:post":[{"embeddable":true,"href":"https:\/\/www.emmentaler.ch\/fr\/wp-json\/wp\/v2\/pages\/63911"}],"wp:featuredmedia":[{"embeddable":true,"href":"https:\/\/www.emmentaler.ch\/fr\/wp-json\/wp\/v2\/media\/51253"}],"wp:attachment":[{"href":"https:\/\/www.emmentaler.ch\/fr\/wp-json\/wp\/v2\/media?parent=32204"}],"wp:term":[{"taxonomy":"post_tag","embeddable":true,"href":"https:\/\/www.emmentaler.ch\/fr\/wp-json\/wp\/v2\/tags?post=32204"},{"taxonomy":"recipe_categories","embeddable":true,"href":"https:\/\/www.emmentaler.ch\/fr\/wp-json\/wp\/v2\/recipe_categories?post=32204"},{"taxonomy":"et_countries","embeddable":true,"href":"https:\/\/www.emmentaler.ch\/fr\/wp-json\/wp\/v2\/et_countries?post=32204"},{"taxonomy":"recipe_main_ingredient","embeddable":true,"href":"https:\/\/www.emmentaler.ch\/fr\/wp-json\/wp\/v2\/recipe_main_ingredient?post=32204"},{"taxonomy":"recipe_difficulty","embeddable":true,"href":"https:\/\/www.emmentaler.ch\/fr\/wp-json\/wp\/v2\/recipe_difficulty?post=32204"},{"taxonomy":"recipe_preparation_time","embeddable":true,"href":"https:\/\/www.emmentaler.ch\/fr\/wp-json\/wp\/v2\/recipe_preparation_time?post=32204"},{"taxonomy":"recipe_diet_type","embeddable":true,"href":"https:\/\/www.emmentaler.ch\/fr\/wp-json\/wp\/v2\/recipe_diet_type?post=32204"},{"taxonomy":"recipe_saison","embeddable":true,"href":"https:\/\/www.emmentaler.ch\/fr\/wp-json\/wp\/v2\/recipe_saison?post=32204"}],"curies":[{"name":"wp","href":"https:\/\/api.w.org\/{rel}","templated":true}]}}