{"id":32250,"date":"2022-04-27T13:41:56","date_gmt":"2022-04-27T11:41:56","guid":{"rendered":"https:\/\/www.emmentaler.ch\/rezept\/oeufs-cocotte-en-petits-pains"},"modified":"2024-07-25T17:37:33","modified_gmt":"2024-07-25T15:37:33","slug":"oeufs-cocotte-en-petits-pains","status":"publish","type":"recipes","link":"https:\/\/www.emmentaler.ch\/fr\/recettes\/oeufs-cocotte-en-petits-pains","title":{"rendered":"\u0152ufs cocotte en petits pains"},"author":2,"featured_media":32291,"menu_order":0,"template":"","meta":{"inline_featured_image":false},"tags":[841,802],"recipe_categories":[609],"et_countries":[],"recipe_main_ingredient":[],"recipe_difficulty":[575],"recipe_preparation_time":[625],"recipe_diet_type":[572],"recipe_saison":[559],"acf":{"recipe_preparation_time":625,"recipe_categories":609,"recipe_time_txt":"15 minutes + 15 minutes au four","recipe_type":63916,"recipe_difficulty":575,"recipe_diet_type":[572],"recipe_main_ingredient":false,"recipe_saison":[559],"recipe_count_portions":4,"recipe_ingedients":[{"recipe_ingedients_amount":"","recipe_ingedients_unit":"g","recipe_ingedients_product":""}],"temporare_zutaten":"4 gros petits pains ou pains \u00e0 sandwich\r\n1 bouquet de ciboulette\r\n1 bouquet de persil\r\n100 g d\u2019Emmentaler AOP doux\r\n75 g de cr\u00e8me aigre demi-\u00e9cr\u00e9m\u00e9e\r\nSel, poivre\r\n4 \u0153ufs","recipe_preparation":"Couper un couvercle dans chaque petit pain. Retirer la mie \u00e0 l\u2019int\u00e9rieur (vous pouvez la conserver pour faire de la chapelure). Ciseler la ciboulette, en r\u00e9server une partie pour la garniture. Hacher le persil. R\u00e2per finement l\u2019Emmentaler AOP. M\u00e9langer les fines herbes avec 75 g d\u2019Emmentaler AOP et la cr\u00e8me aigre, saler, poivrer.\r\n\r\nTartiner la pr\u00e9paration dans les petits pains. Fouetter les \u0153ufs un par un dans une tasse et les glisser d\u00e9licatement dans les petits pains. Saupoudrer avec le reste d\u2019Emmentaler AOP.\r\n\r\nEnfourner 15 \u00e0 18 minutes dans un four pr\u00e9chauff\u00e9 \u00e0 180\u00b0C, jusqu\u2019\u00e0 ce que l\u2019\u0153uf ait pris et que la surface soit dor\u00e9e. Refermer avec le couvercle de pain et poursuivre la cuisson 3 minutes.\r\n\r\nSaupoudrer les \u0153ufs avec le reste de ciboulette, remettre le couvercle en place et servir imm\u00e9diatement.","recipe_images":[24923,24928,24913]},"_links":{"self":[{"href":"https:\/\/www.emmentaler.ch\/fr\/wp-json\/wp\/v2\/recipes\/32250"}],"collection":[{"href":"https:\/\/www.emmentaler.ch\/fr\/wp-json\/wp\/v2\/recipes"}],"about":[{"href":"https:\/\/www.emmentaler.ch\/fr\/wp-json\/wp\/v2\/types\/recipes"}],"author":[{"embeddable":true,"href":"https:\/\/www.emmentaler.ch\/fr\/wp-json\/wp\/v2\/users\/2"}],"version-history":[{"count":1,"href":"https:\/\/www.emmentaler.ch\/fr\/wp-json\/wp\/v2\/recipes\/32250\/revisions"}],"predecessor-version":[{"id":137916,"href":"https:\/\/www.emmentaler.ch\/fr\/wp-json\/wp\/v2\/recipes\/32250\/revisions\/137916"}],"acf:attachment":[{"embeddable":true,"href":"https:\/\/www.emmentaler.ch\/fr\/wp-json\/wp\/v2\/media\/24913"},{"embeddable":true,"href":"https:\/\/www.emmentaler.ch\/fr\/wp-json\/wp\/v2\/media\/24928"},{"embeddable":true,"href":"https:\/\/www.emmentaler.ch\/fr\/wp-json\/wp\/v2\/media\/24923"}],"acf:term":[{"embeddable":true,"taxonomy":"recipe_saison","href":"https:\/\/www.emmentaler.ch\/fr\/wp-json\/wp\/v2\/recipe_saison\/559"},{"embeddable":true,"taxonomy":"recipe_diet_type","href":"https:\/\/www.emmentaler.ch\/fr\/wp-json\/wp\/v2\/recipe_diet_type\/572"},{"embeddable":true,"taxonomy":"recipe_difficulty","href":"https:\/\/www.emmentaler.ch\/fr\/wp-json\/wp\/v2\/recipe_difficulty\/575"},{"embeddable":true,"taxonomy":"recipe_categories","href":"https:\/\/www.emmentaler.ch\/fr\/wp-json\/wp\/v2\/recipe_categories\/609"},{"embeddable":true,"taxonomy":"recipe_preparation_time","href":"https:\/\/www.emmentaler.ch\/fr\/wp-json\/wp\/v2\/recipe_preparation_time\/625"}],"acf:post":[{"embeddable":true,"href":"https:\/\/www.emmentaler.ch\/fr\/wp-json\/wp\/v2\/pages\/63916"}],"wp:featuredmedia":[{"embeddable":true,"href":"https:\/\/www.emmentaler.ch\/fr\/wp-json\/wp\/v2\/media\/32291"}],"wp:attachment":[{"href":"https:\/\/www.emmentaler.ch\/fr\/wp-json\/wp\/v2\/media?parent=32250"}],"wp:term":[{"taxonomy":"post_tag","embeddable":true,"href":"https:\/\/www.emmentaler.ch\/fr\/wp-json\/wp\/v2\/tags?post=32250"},{"taxonomy":"recipe_categories","embeddable":true,"href":"https:\/\/www.emmentaler.ch\/fr\/wp-json\/wp\/v2\/recipe_categories?post=32250"},{"taxonomy":"et_countries","embeddable":true,"href":"https:\/\/www.emmentaler.ch\/fr\/wp-json\/wp\/v2\/et_countries?post=32250"},{"taxonomy":"recipe_main_ingredient","embeddable":true,"href":"https:\/\/www.emmentaler.ch\/fr\/wp-json\/wp\/v2\/recipe_main_ingredient?post=32250"},{"taxonomy":"recipe_difficulty","embeddable":true,"href":"https:\/\/www.emmentaler.ch\/fr\/wp-json\/wp\/v2\/recipe_difficulty?post=32250"},{"taxonomy":"recipe_preparation_time","embeddable":true,"href":"https:\/\/www.emmentaler.ch\/fr\/wp-json\/wp\/v2\/recipe_preparation_time?post=32250"},{"taxonomy":"recipe_diet_type","embeddable":true,"href":"https:\/\/www.emmentaler.ch\/fr\/wp-json\/wp\/v2\/recipe_diet_type?post=32250"},{"taxonomy":"recipe_saison","embeddable":true,"href":"https:\/\/www.emmentaler.ch\/fr\/wp-json\/wp\/v2\/recipe_saison?post=32250"}],"curies":[{"name":"wp","href":"https:\/\/api.w.org\/{rel}","templated":true}]}}