{"id":32433,"date":"2022-04-27T13:42:37","date_gmt":"2022-04-27T11:42:37","guid":{"rendered":"https:\/\/www.emmentaler.ch\/rezept\/batonnets-de-courgette-sauce-rouge"},"modified":"2022-06-24T15:26:08","modified_gmt":"2022-06-24T13:26:08","slug":"batonnets-de-courgette-sauce-rouge","status":"publish","type":"recipes","link":"https:\/\/www.emmentaler.ch\/fr\/recettes\/batonnets-de-courgette-sauce-rouge","title":{"rendered":"B\u00e2tonnets de courgette, sauce rouge"},"author":2,"featured_media":50478,"menu_order":0,"template":"","meta":{"inline_featured_image":false},"tags":[],"recipe_categories":[606],"et_countries":[],"recipe_main_ingredient":[604],"recipe_difficulty":[575],"recipe_preparation_time":[272],"recipe_diet_type":[567,572],"recipe_saison":[535,548,527,532],"acf":{"recipe_preparation_time":272,"recipe_categories":606,"recipe_time_txt":"","recipe_type":64247,"recipe_difficulty":575,"recipe_diet_type":[567,572],"recipe_main_ingredient":[604],"recipe_saison":[527,532,535,548],"recipe_count_portions":4,"recipe_ingedients":[{"recipe_ingedients_amount":"","recipe_ingedients_unit":"g","recipe_ingedients_product":""}],"temporare_zutaten":"2 courgettes, env. 500 g\r\n2 \u0153ufs\r\n\u00bd bouquet de persil plat\r\n1 gousse d\u2019ail\r\n100 g d\u2019Emmentaler AOP r\u00e2p\u00e9\r\n25 g de chapelure\r\nUn peu de zeste de citron r\u00e2p\u00e9\r\nSel, poivre\r\n1 petit piment rouge\r\n1 poivron rouge\r\n1 tomate\r\n1 CS d\u2019huile de colza\r\n1 CS de vinaigre balsamique","recipe_preparation":"Couper les courgettes en deux dans le sens de la longueur. Puis couper chaque moiti\u00e9 en b\u00e2tonnets d\u20191 cm d\u2019\u00e9paisseur environ, toujours dans le sens de la longueur. Battre les \u0153ufs dans une assiette creuse. Hacher finement le persil. M\u00e9langer le persil, la gousse d\u2019ail press\u00e9e, l\u2019Emmentaler AOP, la chapelure, le zeste de citron, le sel et le poivre dans une autre assiette.\r\n\r\nTremper les b\u00e2tonnets de courgette dans l\u2019\u0153uf. Puis les rouler dans le m\u00e9lange \u00e0 base de fromage et de chapelure. Disposer les b\u00e2tonnets les uns \u00e0 c\u00f4t\u00e9 des autres sur deux plaques \u00e0 four garnies de papier cuisson.\r\n\r\nFaire cuire environ 20 minutes dans un four pr\u00e9chauff\u00e9 \u00e0 180 degr\u00e9s (chaleur tournante). Retourner les b\u00e2tonnets au bout de 10 minutes.\r\n\r\nPendant ce temps, pr\u00e9parer la sauce. Ep\u00e9piner le piment et le d\u00e9tailler en petits morceaux. Couper le poivron et la tomate en gros d\u00e9s. R\u00e9duire le tout en pur\u00e9e avec l\u2019huile et le vinaigre, saler et poivrer.\r\n\r\nServir les b\u00e2tonnets de courgette avec la sauce.","recipe_images":[25106,25111,25101]},"_links":{"self":[{"href":"https:\/\/www.emmentaler.ch\/fr\/wp-json\/wp\/v2\/recipes\/32433"}],"collection":[{"href":"https:\/\/www.emmentaler.ch\/fr\/wp-json\/wp\/v2\/recipes"}],"about":[{"href":"https:\/\/www.emmentaler.ch\/fr\/wp-json\/wp\/v2\/types\/recipes"}],"author":[{"embeddable":true,"href":"https:\/\/www.emmentaler.ch\/fr\/wp-json\/wp\/v2\/users\/2"}],"version-history":[{"count":0,"href":"https:\/\/www.emmentaler.ch\/fr\/wp-json\/wp\/v2\/recipes\/32433\/revisions"}],"acf:attachment":[{"embeddable":true,"href":"https:\/\/www.emmentaler.ch\/fr\/wp-json\/wp\/v2\/media\/25101"},{"embeddable":true,"href":"https:\/\/www.emmentaler.ch\/fr\/wp-json\/wp\/v2\/media\/25111"},{"embeddable":true,"href":"https:\/\/www.emmentaler.ch\/fr\/wp-json\/wp\/v2\/media\/25106"}],"acf:term":[{"embeddable":true,"taxonomy":"recipe_saison","href":"https:\/\/www.emmentaler.ch\/fr\/wp-json\/wp\/v2\/recipe_saison\/548"},{"embeddable":true,"taxonomy":"recipe_saison","href":"https:\/\/www.emmentaler.ch\/fr\/wp-json\/wp\/v2\/recipe_saison\/535"},{"embeddable":true,"taxonomy":"recipe_saison","href":"https:\/\/www.emmentaler.ch\/fr\/wp-json\/wp\/v2\/recipe_saison\/532"},{"embeddable":true,"taxonomy":"recipe_saison","href":"https:\/\/www.emmentaler.ch\/fr\/wp-json\/wp\/v2\/recipe_saison\/527"},{"embeddable":true,"taxonomy":"recipe_main_ingredient","href":"https:\/\/www.emmentaler.ch\/fr\/wp-json\/wp\/v2\/recipe_main_ingredient\/604"},{"embeddable":true,"taxonomy":"recipe_diet_type","href":"https:\/\/www.emmentaler.ch\/fr\/wp-json\/wp\/v2\/recipe_diet_type\/572"},{"embeddable":true,"taxonomy":"recipe_diet_type","href":"https:\/\/www.emmentaler.ch\/fr\/wp-json\/wp\/v2\/recipe_diet_type\/567"},{"embeddable":true,"taxonomy":"recipe_difficulty","href":"https:\/\/www.emmentaler.ch\/fr\/wp-json\/wp\/v2\/recipe_difficulty\/575"},{"embeddable":true,"taxonomy":"recipe_categories","href":"https:\/\/www.emmentaler.ch\/fr\/wp-json\/wp\/v2\/recipe_categories\/606"},{"embeddable":true,"taxonomy":"recipe_preparation_time","href":"https:\/\/www.emmentaler.ch\/fr\/wp-json\/wp\/v2\/recipe_preparation_time\/272"}],"acf:post":[{"embeddable":true,"href":"https:\/\/www.emmentaler.ch\/fr\/wp-json\/wp\/v2\/pages\/64247"}],"wp:featuredmedia":[{"embeddable":true,"href":"https:\/\/www.emmentaler.ch\/fr\/wp-json\/wp\/v2\/media\/50478"}],"wp:attachment":[{"href":"https:\/\/www.emmentaler.ch\/fr\/wp-json\/wp\/v2\/media?parent=32433"}],"wp:term":[{"taxonomy":"post_tag","embeddable":true,"href":"https:\/\/www.emmentaler.ch\/fr\/wp-json\/wp\/v2\/tags?post=32433"},{"taxonomy":"recipe_categories","embeddable":true,"href":"https:\/\/www.emmentaler.ch\/fr\/wp-json\/wp\/v2\/recipe_categories?post=32433"},{"taxonomy":"et_countries","embeddable":true,"href":"https:\/\/www.emmentaler.ch\/fr\/wp-json\/wp\/v2\/et_countries?post=32433"},{"taxonomy":"recipe_main_ingredient","embeddable":true,"href":"https:\/\/www.emmentaler.ch\/fr\/wp-json\/wp\/v2\/recipe_main_ingredient?post=32433"},{"taxonomy":"recipe_difficulty","embeddable":true,"href":"https:\/\/www.emmentaler.ch\/fr\/wp-json\/wp\/v2\/recipe_difficulty?post=32433"},{"taxonomy":"recipe_preparation_time","embeddable":true,"href":"https:\/\/www.emmentaler.ch\/fr\/wp-json\/wp\/v2\/recipe_preparation_time?post=32433"},{"taxonomy":"recipe_diet_type","embeddable":true,"href":"https:\/\/www.emmentaler.ch\/fr\/wp-json\/wp\/v2\/recipe_diet_type?post=32433"},{"taxonomy":"recipe_saison","embeddable":true,"href":"https:\/\/www.emmentaler.ch\/fr\/wp-json\/wp\/v2\/recipe_saison?post=32433"}],"curies":[{"name":"wp","href":"https:\/\/api.w.org\/{rel}","templated":true}]}}