{"id":32555,"date":"2022-04-27T13:42:37","date_gmt":"2022-04-27T11:42:37","guid":{"rendered":"https:\/\/www.emmentaler.ch\/rezept\/cake-sandwich"},"modified":"2022-06-24T15:44:00","modified_gmt":"2022-06-24T13:44:00","slug":"cake-sandwich","status":"publish","type":"recipes","link":"https:\/\/www.emmentaler.ch\/fr\/recettes\/cake-sandwich","title":{"rendered":"Cake sandwich"},"author":2,"featured_media":32596,"menu_order":0,"template":"","meta":{"inline_featured_image":false},"tags":[],"recipe_categories":[609],"et_countries":[],"recipe_main_ingredient":[604,591],"recipe_difficulty":[580],"recipe_preparation_time":[276],"recipe_diet_type":[],"recipe_saison":[527,559],"acf":{"recipe_preparation_time":276,"recipe_categories":609,"recipe_time_txt":"30 minutes + quelques heures au r\u00e9frig\u00e9rateur","recipe_type":63911,"recipe_difficulty":580,"recipe_diet_type":false,"recipe_main_ingredient":[591,604],"recipe_saison":[527,559],"recipe_count_portions":6,"recipe_ingedients":[{"recipe_ingedients_amount":"","recipe_ingedients_unit":"g","recipe_ingedients_product":""}],"temporare_zutaten":"300 g de fromage frais\r\n250 g de fromage blanc maigre\r\n150 g de jambon\r\n2 \u0153ufs durs\r\n2 bouquets de ciboulette\r\n150 g d\u2019Emmentaler AOP r\u00e2p\u00e9\r\nSel, poivre\r\nEnv. \u00bd concombre\r\n12 tranches de pain de mie\r\n125 g de tomates cerise de diff\u00e9rentes couleurs\r\nMoule \u00e0 cake de 30 cm\r\nFilm alimentaire","recipe_preparation":"M\u00e9langer le fromage frais et le fromage blanc. R\u00e9server la moiti\u00e9 de la pr\u00e9paration pour la finition du cake. R\u00e9partir le reste de la pr\u00e9paration dans trois saladiers. Hacher finement le jambon. Ecaler les \u0153ufs durs et les hacher finement. Hacher finement 1 bouquet de ciboulette. M\u00e9langer le jambon et l\u2019Emmentaler AOP r\u00e2p\u00e9 \u00e0 l\u2019une des pr\u00e9parations, les \u0153ufs \u00e0 la seconde et la ciboulette \u00e0 la troisi\u00e8me. Saler et poivrer chaque pr\u00e9paration. Tailler le concombre en fines rondelles.\r\n\r\nTapisser le moule \u00e0 cake de film alimentaire. Disposer 3 tranches de pain de mie l\u2019une \u00e0 c\u00f4t\u00e9 de l\u2019autre au fond du moule, couvrir avec la moiti\u00e9 des rondelles de concombre. R\u00e9partir la pr\u00e9paration \u00e0 base de fromage, couvrir avec le reste du concombre et disposer 3 nouvelles tranches de pain de mie. R\u00e9p\u00e9ter l\u2019op\u00e9ration avec la pr\u00e9paration \u00e0 base de jambon, du pain de mie, la pr\u00e9paration \u00e0 base d\u2019\u0153ufs et terminer par 3 tranches de pain de mie. Couvrir de film alimentaire et placer quelques heures au r\u00e9frig\u00e9rateur.\r\n\r\nD\u00e9mouler le cake et le poser d\u00e9licatement sur un plat. Tartiner le cake avec la pr\u00e9paration r\u00e9serv\u00e9e pour la finition. Couper les tomates en deux ou en quatre. Hacher finement la ciboulette. Garnir le cake avec les tomates et la ciboulette.","recipe_images":[32586,32591,32576]},"_links":{"self":[{"href":"https:\/\/www.emmentaler.ch\/fr\/wp-json\/wp\/v2\/recipes\/32555"}],"collection":[{"href":"https:\/\/www.emmentaler.ch\/fr\/wp-json\/wp\/v2\/recipes"}],"about":[{"href":"https:\/\/www.emmentaler.ch\/fr\/wp-json\/wp\/v2\/types\/recipes"}],"author":[{"embeddable":true,"href":"https:\/\/www.emmentaler.ch\/fr\/wp-json\/wp\/v2\/users\/2"}],"version-history":[{"count":0,"href":"https:\/\/www.emmentaler.ch\/fr\/wp-json\/wp\/v2\/recipes\/32555\/revisions"}],"acf:attachment":[{"embeddable":true,"href":"https:\/\/www.emmentaler.ch\/fr\/wp-json\/wp\/v2\/media\/32576"},{"embeddable":true,"href":"https:\/\/www.emmentaler.ch\/fr\/wp-json\/wp\/v2\/media\/32591"},{"embeddable":true,"href":"https:\/\/www.emmentaler.ch\/fr\/wp-json\/wp\/v2\/media\/32586"}],"acf:term":[{"embeddable":true,"taxonomy":"recipe_saison","href":"https:\/\/www.emmentaler.ch\/fr\/wp-json\/wp\/v2\/recipe_saison\/559"},{"embeddable":true,"taxonomy":"recipe_saison","href":"https:\/\/www.emmentaler.ch\/fr\/wp-json\/wp\/v2\/recipe_saison\/527"},{"embeddable":true,"taxonomy":"recipe_main_ingredient","href":"https:\/\/www.emmentaler.ch\/fr\/wp-json\/wp\/v2\/recipe_main_ingredient\/604"},{"embeddable":true,"taxonomy":"recipe_main_ingredient","href":"https:\/\/www.emmentaler.ch\/fr\/wp-json\/wp\/v2\/recipe_main_ingredient\/591"},{"embeddable":true,"taxonomy":"recipe_difficulty","href":"https:\/\/www.emmentaler.ch\/fr\/wp-json\/wp\/v2\/recipe_difficulty\/580"},{"embeddable":true,"taxonomy":"recipe_categories","href":"https:\/\/www.emmentaler.ch\/fr\/wp-json\/wp\/v2\/recipe_categories\/609"},{"embeddable":true,"taxonomy":"recipe_preparation_time","href":"https:\/\/www.emmentaler.ch\/fr\/wp-json\/wp\/v2\/recipe_preparation_time\/276"}],"acf:post":[{"embeddable":true,"href":"https:\/\/www.emmentaler.ch\/fr\/wp-json\/wp\/v2\/pages\/63911"}],"wp:featuredmedia":[{"embeddable":true,"href":"https:\/\/www.emmentaler.ch\/fr\/wp-json\/wp\/v2\/media\/32596"}],"wp:attachment":[{"href":"https:\/\/www.emmentaler.ch\/fr\/wp-json\/wp\/v2\/media?parent=32555"}],"wp:term":[{"taxonomy":"post_tag","embeddable":true,"href":"https:\/\/www.emmentaler.ch\/fr\/wp-json\/wp\/v2\/tags?post=32555"},{"taxonomy":"recipe_categories","embeddable":true,"href":"https:\/\/www.emmentaler.ch\/fr\/wp-json\/wp\/v2\/recipe_categories?post=32555"},{"taxonomy":"et_countries","embeddable":true,"href":"https:\/\/www.emmentaler.ch\/fr\/wp-json\/wp\/v2\/et_countries?post=32555"},{"taxonomy":"recipe_main_ingredient","embeddable":true,"href":"https:\/\/www.emmentaler.ch\/fr\/wp-json\/wp\/v2\/recipe_main_ingredient?post=32555"},{"taxonomy":"recipe_difficulty","embeddable":true,"href":"https:\/\/www.emmentaler.ch\/fr\/wp-json\/wp\/v2\/recipe_difficulty?post=32555"},{"taxonomy":"recipe_preparation_time","embeddable":true,"href":"https:\/\/www.emmentaler.ch\/fr\/wp-json\/wp\/v2\/recipe_preparation_time?post=32555"},{"taxonomy":"recipe_diet_type","embeddable":true,"href":"https:\/\/www.emmentaler.ch\/fr\/wp-json\/wp\/v2\/recipe_diet_type?post=32555"},{"taxonomy":"recipe_saison","embeddable":true,"href":"https:\/\/www.emmentaler.ch\/fr\/wp-json\/wp\/v2\/recipe_saison?post=32555"}],"curies":[{"name":"wp","href":"https:\/\/api.w.org\/{rel}","templated":true}]}}