{"id":32784,"date":"2022-04-27T13:42:37","date_gmt":"2022-04-27T11:42:37","guid":{"rendered":"https:\/\/www.emmentaler.ch\/rezept\/legumes-sur-un-lit-de-fromage-croustillant-servis-avec-de-la-doucette-sauce-raifort"},"modified":"2022-06-27T10:33:03","modified_gmt":"2022-06-27T08:33:03","slug":"legumes-sur-un-lit-de-fromage-croustillant-servis-avec-de-la-doucette-sauce-raifort","status":"publish","type":"recipes","link":"https:\/\/www.emmentaler.ch\/fr\/recettes\/legumes-sur-un-lit-de-fromage-croustillant-servis-avec-de-la-doucette-sauce-raifort","title":{"rendered":"L\u00e9gumes sur un lit de fromage croustillant, servis avec de la doucette sauce raifort"},"author":2,"featured_media":32825,"menu_order":0,"template":"","meta":{"inline_featured_image":false},"tags":[],"recipe_categories":[617],"et_countries":[],"recipe_main_ingredient":[604],"recipe_difficulty":[575],"recipe_preparation_time":[294],"recipe_diet_type":[564,567,572],"recipe_saison":[540,535,527,556,532],"acf":{"recipe_preparation_time":294,"recipe_categories":617,"recipe_time_txt":"20 minutes + 30 minutes de cuisson","recipe_type":64320,"recipe_difficulty":575,"recipe_diet_type":[564,567,572],"recipe_main_ingredient":[604],"recipe_saison":[527,532,535,540,556],"recipe_count_portions":4,"recipe_ingedients":[{"recipe_ingedients_amount":"","recipe_ingedients_unit":"g","recipe_ingedients_product":""}],"temporare_zutaten":"200 g d\u2019Emmentaler AOP jeune r\u00e2p\u00e9\r\n500 g de patates douces\r\n500 g de c\u00e9leri-rave\r\n500 g de betterave crue\r\nSel, poivre\r\n150 g de doucette\r\n3 CS de vinaigre balsamique\r\n5 CS d\u2019huile d\u2019olive\r\n2 CS de bouillon ou d\u2019eau\r\n1 CC de moutarde au raifort\r\nSel, poivre","recipe_preparation":"Saupoudrer l\u2019Emmentaler AOP sur deux plaques \u00e0 four garnies de papier sulfuris\u00e9. Eplucher les patates douces, le c\u00e9leri-rave et la betterave. Couper les betteraves en tranches d\u20191\u00a0cm d\u2019\u00e9paisseur environ. Couper les patates douces et le c\u00e9leri en tranches d\u20191,5 \u00e0 2\u00a0cm d\u2019\u00e9paisseur et les couper en deux ou en quatre selon la taille. Saler et poivrer les l\u00e9gumes. Les disposer sur le fromage.\r\n\r\nCuire au four environ 30\u00a0minutes \u00e0 180\u00a0degr\u00e9s (chaleur tournante). Retirer du four et laisser refroidir 5\u00a0minutes environ.\r\n\r\nBien laver la doucette. Pour la sauce, m\u00e9langer le vinaigre balsamique, l\u2019huile d\u2019olive, le bouillon, la moutarde, le sel et le poivre dans un saladier. Ajouter la doucette et bien m\u00e9langer. Couper les l\u00e9gumes en morceaux avec le fromage et servir avec la salade.","recipe_images":[25457,25462,25447]},"_links":{"self":[{"href":"https:\/\/www.emmentaler.ch\/fr\/wp-json\/wp\/v2\/recipes\/32784"}],"collection":[{"href":"https:\/\/www.emmentaler.ch\/fr\/wp-json\/wp\/v2\/recipes"}],"about":[{"href":"https:\/\/www.emmentaler.ch\/fr\/wp-json\/wp\/v2\/types\/recipes"}],"author":[{"embeddable":true,"href":"https:\/\/www.emmentaler.ch\/fr\/wp-json\/wp\/v2\/users\/2"}],"version-history":[{"count":0,"href":"https:\/\/www.emmentaler.ch\/fr\/wp-json\/wp\/v2\/recipes\/32784\/revisions"}],"acf:attachment":[{"embeddable":true,"href":"https:\/\/www.emmentaler.ch\/fr\/wp-json\/wp\/v2\/media\/25447"},{"embeddable":true,"href":"https:\/\/www.emmentaler.ch\/fr\/wp-json\/wp\/v2\/media\/25462"},{"embeddable":true,"href":"https:\/\/www.emmentaler.ch\/fr\/wp-json\/wp\/v2\/media\/25457"}],"acf:term":[{"embeddable":true,"taxonomy":"recipe_saison","href":"https:\/\/www.emmentaler.ch\/fr\/wp-json\/wp\/v2\/recipe_saison\/556"},{"embeddable":true,"taxonomy":"recipe_saison","href":"https:\/\/www.emmentaler.ch\/fr\/wp-json\/wp\/v2\/recipe_saison\/540"},{"embeddable":true,"taxonomy":"recipe_saison","href":"https:\/\/www.emmentaler.ch\/fr\/wp-json\/wp\/v2\/recipe_saison\/535"},{"embeddable":true,"taxonomy":"recipe_saison","href":"https:\/\/www.emmentaler.ch\/fr\/wp-json\/wp\/v2\/recipe_saison\/532"},{"embeddable":true,"taxonomy":"recipe_saison","href":"https:\/\/www.emmentaler.ch\/fr\/wp-json\/wp\/v2\/recipe_saison\/527"},{"embeddable":true,"taxonomy":"recipe_main_ingredient","href":"https:\/\/www.emmentaler.ch\/fr\/wp-json\/wp\/v2\/recipe_main_ingredient\/604"},{"embeddable":true,"taxonomy":"recipe_diet_type","href":"https:\/\/www.emmentaler.ch\/fr\/wp-json\/wp\/v2\/recipe_diet_type\/572"},{"embeddable":true,"taxonomy":"recipe_diet_type","href":"https:\/\/www.emmentaler.ch\/fr\/wp-json\/wp\/v2\/recipe_diet_type\/567"},{"embeddable":true,"taxonomy":"recipe_diet_type","href":"https:\/\/www.emmentaler.ch\/fr\/wp-json\/wp\/v2\/recipe_diet_type\/564"},{"embeddable":true,"taxonomy":"recipe_difficulty","href":"https:\/\/www.emmentaler.ch\/fr\/wp-json\/wp\/v2\/recipe_difficulty\/575"},{"embeddable":true,"taxonomy":"recipe_categories","href":"https:\/\/www.emmentaler.ch\/fr\/wp-json\/wp\/v2\/recipe_categories\/617"},{"embeddable":true,"taxonomy":"recipe_preparation_time","href":"https:\/\/www.emmentaler.ch\/fr\/wp-json\/wp\/v2\/recipe_preparation_time\/294"}],"acf:post":[{"embeddable":true,"href":"https:\/\/www.emmentaler.ch\/fr\/wp-json\/wp\/v2\/pages\/64320"}],"wp:featuredmedia":[{"embeddable":true,"href":"https:\/\/www.emmentaler.ch\/fr\/wp-json\/wp\/v2\/media\/32825"}],"wp:attachment":[{"href":"https:\/\/www.emmentaler.ch\/fr\/wp-json\/wp\/v2\/media?parent=32784"}],"wp:term":[{"taxonomy":"post_tag","embeddable":true,"href":"https:\/\/www.emmentaler.ch\/fr\/wp-json\/wp\/v2\/tags?post=32784"},{"taxonomy":"recipe_categories","embeddable":true,"href":"https:\/\/www.emmentaler.ch\/fr\/wp-json\/wp\/v2\/recipe_categories?post=32784"},{"taxonomy":"et_countries","embeddable":true,"href":"https:\/\/www.emmentaler.ch\/fr\/wp-json\/wp\/v2\/et_countries?post=32784"},{"taxonomy":"recipe_main_ingredient","embeddable":true,"href":"https:\/\/www.emmentaler.ch\/fr\/wp-json\/wp\/v2\/recipe_main_ingredient?post=32784"},{"taxonomy":"recipe_difficulty","embeddable":true,"href":"https:\/\/www.emmentaler.ch\/fr\/wp-json\/wp\/v2\/recipe_difficulty?post=32784"},{"taxonomy":"recipe_preparation_time","embeddable":true,"href":"https:\/\/www.emmentaler.ch\/fr\/wp-json\/wp\/v2\/recipe_preparation_time?post=32784"},{"taxonomy":"recipe_diet_type","embeddable":true,"href":"https:\/\/www.emmentaler.ch\/fr\/wp-json\/wp\/v2\/recipe_diet_type?post=32784"},{"taxonomy":"recipe_saison","embeddable":true,"href":"https:\/\/www.emmentaler.ch\/fr\/wp-json\/wp\/v2\/recipe_saison?post=32784"}],"curies":[{"name":"wp","href":"https:\/\/api.w.org\/{rel}","templated":true}]}}